{"id":86,"date":"2019-04-24T16:59:30","date_gmt":"2019-04-24T14:59:30","guid":{"rendered":"https:\/\/jkb-bremen.kunden.greenq.de\/?page_id=86"},"modified":"2024-03-12T13:58:16","modified_gmt":"2024-03-12T12:58:16","slug":"landesgeschaeftsstelle","status":"publish","type":"page","link":"https:\/\/wordpress44.gcms.verdigado.net\/alteseite\/partei\/landesgeschaeftsstelle\/","title":{"rendered":"Landesgesch\u00e4ftsstelle"},"content":{"rendered":"<p>&nbsp;<\/p>\n<div class=\"infobox\"><h3>Adresse und Kontakt:<\/h3><\/p>\n<p>B\u00dcNDNIS 90\/DIE GR\u00dcNEN<br \/>\nLandesverband Bremen<b><br \/>\n<\/b><\/p>\n<p>Altenwall 25<br \/>\n28195 Bremen<\/p>\n<p>Tel.: 0421 30 11 100<br \/>\ninfo@gruene-bremen.de<\/p>\n<p><\/div>\n<p>&nbsp;<\/p>\n<h3>Unsere \u00d6ffnungszeiten:<\/h3>\n<p><strong>In den Osterferien bleibt die Landesgesch\u00e4ftsstelle geschlossen, Termine nur nach Vereinbarung.<\/strong><\/p>\n<p>Montag: 10-16 Uhr<br \/>\nDienstag: 10-16 Uhr<br \/>\nMittwoch: 10-16 Uhr<br \/>\nDonnerstag: 10-16 Uhr (16-18 Uhr B\u00fcrger*innen-Sprechstunde &#8211; Termine siehe Kalender)<br \/>\nFreitag: nach Vereinbarung<\/p>\n<h3><\/h3>\n<h3>Team<\/h3>\n\t\r\n\t<section class=\"personen-list team-list clearfix\">\r\n\t\r\n\t\t\r\n\t\t\t\t\t\t\t\t\t\t <article id=\"post-11775\" class=\"clearfix post-11775 person type-person status-publish has-post-thumbnail hentry abteilung-kandidierende-bbue-2023 abteilung-lgs\" role=\"article\">\n\t\t\t\t\t\t\t\t    \t\t\t\t\t\t\t\t\t\t\t<img loading=\"lazy\" decoding=\"async\" width=\"500\" height=\"500\" src=\"https:\/\/wordpress44.gcms.verdigado.net\/alteseite\/wp-content\/uploads\/sites\/64\/2023\/02\/Maike-Sophie-500x500.jpg\" class=\"attachment-thumbnail size-thumbnail wp-post-image\" alt=\"\" srcset=\"https:\/\/wordpress44.gcms.verdigado.net\/alteseite\/wp-content\/uploads\/sites\/64\/2023\/02\/Maike-Sophie-500x500.jpg 500w, https:\/\/wordpress44.gcms.verdigado.net\/alteseite\/wp-content\/uploads\/sites\/64\/2023\/02\/Maike-Sophie-300x300.jpg 300w\" sizes=\"auto, (max-width: 500px) 100vw, 500px\" \/>\t\t\t\t\t\t\t\t\t\t\t\t\t\t\t\t\t \n\t\t\t\t\t\t\t\t \n\t\t\t\t\t\t\t\t\t\t\t\t\t\t\t\t\t \n\t\t\t\t\t\t\t\t\t <header class=\"article-header\">\t\t\t\t\t\t\t\n\t\t\t\t\t\t\t\t\t\t <h3>Maike-Sophie Mittelst\u00e4dt<\/h3>\n\t\t\t\t\t\t\t\t\t<\/header>\n\t\t\t\t\t\t\t\t\t\t\t\t\t\t\t\t\t\n\t\t\t\t\t\t\t\t\n\t\t\t\t\t\t\t\t\t<section class=\"entry-content\">\n\t\t\t\t\t\t\t\t\t\t\n\t\t\t\t\t\t\t\t\t\t<p class=\"funktion\">Gesch\u00e4ftsf\u00fchrung<\/p>\t\t\t\t\t\t\t\t\t\t<p><i class=\"fa fa-envelope-o\"><\/i> <a href=\"mailto:&#109;&#97;ike-so&#112;h&#105;&#101;.m&#105;&#116;t&#101;lstaed&#116;&#64;g&#114;&#117;&#101;n&#101;-b&#114;&#101;&#109;en&#46;de\" title=\"Schreibe Maike-Sophie Mittelst\u00e4dt eine E-Mail\">&#109;&#97;ike-so&#112;h&#105;&#101;.m&#105;&#116;t&#101;lstaed&#116;&#64;g&#114;&#117;&#101;n&#101;-b&#114;&#101;&#109;en&#46;de<\/a><\/p>\t\t\t\t\t\t\t\t\t\t<p><i class=\"fa fa-phone\"><\/i> +49 152 096 285 74<\/p>\t\t\t\t\t\t\t\t\t\n\t\t\t\t\t\t\t\t\t<\/section>\n\t\t\t\t\t\t\t\t\n\n\t\t\t\t\t\t\t\t<\/article> \t\t\r\n\t\t\r\n\t\t\t\t\t\t\t\t\t\t <article id=\"post-601\" class=\"clearfix post-601 person type-person status-publish has-post-thumbnail hentry abteilung-lgs\" role=\"article\">\n\t\t\t\t\t\t\t\t    \t\t\t\t\t\t\t\t\t\t\t<img loading=\"lazy\" decoding=\"async\" width=\"190\" height=\"190\" src=\"https:\/\/wordpress44.gcms.verdigado.net\/alteseite\/wp-content\/uploads\/sites\/64\/2019\/04\/Sebastian-e1556282111945.jpg\" class=\"attachment-thumbnail size-thumbnail wp-post-image\" alt=\"\" \/>\t\t\t\t\t\t\t\t\t\t\t\t\t\t\t\t\t \n\t\t\t\t\t\t\t\t \n\t\t\t\t\t\t\t\t\t\t\t\t\t\t\t\t\t \n\t\t\t\t\t\t\t\t\t <header class=\"article-header\">\t\t\t\t\t\t\t\n\t\t\t\t\t\t\t\t\t\t <h3>Sebastian Illigens<\/h3>\n\t\t\t\t\t\t\t\t\t<\/header>\n\t\t\t\t\t\t\t\t\t\t\t\t\t\t\t\t\t\n\t\t\t\t\t\t\t\t\n\t\t\t\t\t\t\t\t\t<section class=\"entry-content\">\n\t\t\t\t\t\t\t\t\t\t\n\t\t\t\t\t\t\t\t\t\t<p class=\"funktion\">Kreisverb\u00e4nde, Stadtteilgruppen, Landesarbeitsgemeinschaften, Newsletter<\/p>\t\t\t\t\t\t\t\t\t\t<p><i class=\"fa fa-envelope-o\"><\/i> <a href=\"mailto:seb&#97;&#115;&#116;&#105;&#97;&#110;&#46;&#105;&#108;l&#105;&#103;en&#115;&#64;&#103;&#114;&#117;e&#110;&#101;-b&#114;&#101;&#109;&#101;&#110;&#46;de\" title=\"Schreibe Sebastian Illigens eine E-Mail\">seb&#97;&#115;&#116;&#105;&#97;&#110;&#46;&#105;&#108;l&#105;&#103;en&#115;&#64;&#103;&#114;&#117;e&#110;&#101;-b&#114;&#101;&#109;&#101;&#110;&#46;de<\/a><\/p>\t\t\t\t\t\t\t\t\t\t<p><i class=\"fa fa-phone\"><\/i> +49 (421) 30 11 100<\/p>\t\t\t\t\t\t\t\t\t\n\t\t\t\t\t\t\t\t\t<\/section>\n\t\t\t\t\t\t\t\t\n\n\t\t\t\t\t\t\t\t<\/article> \t\t\r\n\t\t\r\n\t\t\t\t\t\t\t\t\t\t <article id=\"post-13788\" class=\"clearfix post-13788 person type-person status-publish has-post-thumbnail hentry abteilung-lgs\" role=\"article\">\n\t\t\t\t\t\t\t\t    \t\t\t\t\t\t\t\t\t\t\t<img loading=\"lazy\" decoding=\"async\" width=\"500\" height=\"500\" src=\"https:\/\/wordpress44.gcms.verdigado.net\/alteseite\/wp-content\/uploads\/sites\/64\/2020\/01\/Sonnenblume-500x500.jpg\" class=\"attachment-thumbnail size-thumbnail wp-post-image\" alt=\"\" srcset=\"https:\/\/wordpress44.gcms.verdigado.net\/alteseite\/wp-content\/uploads\/sites\/64\/2020\/01\/Sonnenblume.jpg 500w, https:\/\/wordpress44.gcms.verdigado.net\/alteseite\/wp-content\/uploads\/sites\/64\/2020\/01\/Sonnenblume-400x400.jpg 400w\" sizes=\"auto, (max-width: 500px) 100vw, 500px\" \/>\t\t\t\t\t\t\t\t\t\t\t\t\t\t\t\t\t \n\t\t\t\t\t\t\t\t \n\t\t\t\t\t\t\t\t\t\t\t\t\t\t\t\t\t \n\t\t\t\t\t\t\t\t\t <header class=\"article-header\">\t\t\t\t\t\t\t\n\t\t\t\t\t\t\t\t\t\t <h3>Ulla Tiedemann<\/h3>\n\t\t\t\t\t\t\t\t\t<\/header>\n\t\t\t\t\t\t\t\t\t\t\t\t\t\t\t\t\t\n\t\t\t\t\t\t\t\t\n\t\t\t\t\t\t\t\t\t<section class=\"entry-content\">\n\t\t\t\t\t\t\t\t\t\t\n\t\t\t\t\t\t\t\t\t\t<p class=\"funktion\">Referentin f\u00fcr Presse- und \u00d6ffentlichkeitsarbeit, Homepage, Social Media<\/p>\t\t\t\t\t\t\t\t\t\t<p><i class=\"fa fa-envelope-o\"><\/i> <a href=\"mailto:ulla.&#116;i&#101;&#100;eman&#110;&#64;gruen&#101;-&#98;r&#101;m&#101;n.d&#101;&#32;\" title=\"Schreibe Ulla Tiedemann eine E-Mail\">ulla.&#116;i&#101;&#100;eman&#110;&#64;gruen&#101;-&#98;r&#101;m&#101;n.d&#101;&#32;<\/a><\/p>\t\t\t\t\t\t\t\t\t\t<p><i class=\"fa fa-phone\"><\/i> +49 173 74 03 735<\/p>\t\t\t\t\t\t\t\t\t\n\t\t\t\t\t\t\t\t\t<\/section>\n\t\t\t\t\t\t\t\t\n\n\t\t\t\t\t\t\t\t<\/article> \t\t\r\n\t\t\r\n\t\t\t\t\t\t\t\t\t\t <article id=\"post-4016\" class=\"clearfix post-4016 person type-person status-publish has-post-thumbnail hentry abteilung-lgs\" role=\"article\">\n\t\t\t\t\t\t\t\t    \t\t\t\t\t\t\t\t\t\t\t<img loading=\"lazy\" decoding=\"async\" width=\"500\" height=\"500\" src=\"https:\/\/wordpress44.gcms.verdigado.net\/alteseite\/wp-content\/uploads\/sites\/64\/2020\/11\/CHK1474IS-500x500.jpg\" class=\"attachment-thumbnail size-thumbnail wp-post-image\" alt=\"\" \/>\t\t\t\t\t\t\t\t\t\t\t\t\t\t\t\t\t \n\t\t\t\t\t\t\t\t \n\t\t\t\t\t\t\t\t\t\t\t\t\t\t\t\t\t \n\t\t\t\t\t\t\t\t\t <header class=\"article-header\">\t\t\t\t\t\t\t\n\t\t\t\t\t\t\t\t\t\t <h3>Ina Schulze<\/h3>\n\t\t\t\t\t\t\t\t\t<\/header>\n\t\t\t\t\t\t\t\t\t\t\t\t\t\t\t\t\t\n\t\t\t\t\t\t\t\t\n\t\t\t\t\t\t\t\t\t<section class=\"entry-content\">\n\t\t\t\t\t\t\t\t\t\t\n\t\t\t\t\t\t\t\t\t\t<p class=\"funktion\">Referentin f\u00fcr Presse- und \u00d6ffentlichkeitsarbeit (in Elternzeit)<\/p>\t\t\t\t\t\t\t\t\t\t<p><i class=\"fa fa-envelope-o\"><\/i> <a href=\"mailto:i&#110;a.&#115;&#99;&#104;ul&#122;&#101;&#64;&#103;ru&#101;n&#101;&#45;b&#114;&#101;&#109;&#101;n.d&#101;\" title=\"Schreibe Ina Schulze eine E-Mail\">i&#110;a.&#115;&#99;&#104;ul&#122;&#101;&#64;&#103;ru&#101;n&#101;&#45;b&#114;&#101;&#109;&#101;n.d&#101;<\/a><\/p>\t\t\t\t\t\t\t\t\t\t\t\t\t\t\t\t\t\t\t\n\t\t\t\t\t\t\t\t\t<\/section>\n\t\t\t\t\t\t\t\t\n\n\t\t\t\t\t\t\t\t<\/article> \t\t\r\n\t\t\r\n\t\t\t\t\t\t\t\t\t\t <article id=\"post-596\" class=\"clearfix post-596 person type-person status-publish has-post-thumbnail hentry abteilung-lgs\" role=\"article\">\n\t\t\t\t\t\t\t\t    \t\t\t\t\t\t\t\t\t\t\t<img loading=\"lazy\" decoding=\"async\" width=\"500\" height=\"500\" src=\"https:\/\/wordpress44.gcms.verdigado.net\/alteseite\/wp-content\/uploads\/sites\/64\/2019\/04\/Katrin-e1556281957427-500x500.jpg\" class=\"attachment-thumbnail size-thumbnail wp-post-image\" alt=\"\" srcset=\"https:\/\/wordpress44.gcms.verdigado.net\/alteseite\/wp-content\/uploads\/sites\/64\/2019\/04\/Katrin-e1556281957427-500x500.jpg 500w, https:\/\/wordpress44.gcms.verdigado.net\/alteseite\/wp-content\/uploads\/sites\/64\/2019\/04\/Katrin-e1556281957427-400x400.jpg 400w, https:\/\/wordpress44.gcms.verdigado.net\/alteseite\/wp-content\/uploads\/sites\/64\/2019\/04\/Katrin-e1556281957427-768x769.jpg 768w, https:\/\/wordpress44.gcms.verdigado.net\/alteseite\/wp-content\/uploads\/sites\/64\/2019\/04\/Katrin-e1556281957427-899x900.jpg 899w, https:\/\/wordpress44.gcms.verdigado.net\/alteseite\/wp-content\/uploads\/sites\/64\/2019\/04\/Katrin-e1556281957427.jpg 1000w\" sizes=\"auto, (max-width: 500px) 100vw, 500px\" \/>\t\t\t\t\t\t\t\t\t\t\t\t\t\t\t\t\t \n\t\t\t\t\t\t\t\t \n\t\t\t\t\t\t\t\t\t\t\t\t\t\t\t\t\t \n\t\t\t\t\t\t\t\t\t <header class=\"article-header\">\t\t\t\t\t\t\t\n\t\t\t\t\t\t\t\t\t\t <h3>Katrin Goralczyk<\/h3>\n\t\t\t\t\t\t\t\t\t<\/header>\n\t\t\t\t\t\t\t\t\t\t\t\t\t\t\t\t\t\n\t\t\t\t\t\t\t\t\n\t\t\t\t\t\t\t\t\t<section class=\"entry-content\">\n\t\t\t\t\t\t\t\t\t\t\n\t\t\t\t\t\t\t\t\t\t<p class=\"funktion\">Mitgliederverwaltung, Finanzen und Ombudsperson<\/p>\t\t\t\t\t\t\t\t\t\t<p><i class=\"fa fa-envelope-o\"><\/i> <a href=\"mailto:&#102;&#105;n&#97;nzen&#46;&#108;v&#64;&#103;&#114;ue&#110;e&#45;b&#114;e&#109;e&#110;.&#100;e\" title=\"Schreibe Katrin Goralczyk eine E-Mail\">&#102;&#105;n&#97;nzen&#46;&#108;v&#64;&#103;&#114;ue&#110;e&#45;b&#114;e&#109;e&#110;.&#100;e<\/a><\/p>\t\t\t\t\t\t\t\t\t\t<p><i class=\"fa fa-phone\"><\/i> +49 (421) 3011-153<\/p>\t\t\t\t\t\t\t\t\t\n\t\t\t\t\t\t\t\t\t<\/section>\n\t\t\t\t\t\t\t\t\n\n\t\t\t\t\t\t\t\t<\/article> \t\t\r\n\t\t\r\n\t\t\t\t\t\t\t\t\t\t <article id=\"post-3580\" class=\"clearfix post-3580 person type-person status-publish has-post-thumbnail hentry abteilung-lgs\" role=\"article\">\n\t\t\t\t\t\t\t\t    \t\t\t\t\t\t\t\t\t\t\t<img loading=\"lazy\" decoding=\"async\" width=\"500\" height=\"500\" src=\"https:\/\/wordpress44.gcms.verdigado.net\/alteseite\/wp-content\/uploads\/sites\/64\/2020\/01\/Sonnenblume-500x500.jpg\" class=\"attachment-thumbnail size-thumbnail wp-post-image\" alt=\"\" srcset=\"https:\/\/wordpress44.gcms.verdigado.net\/alteseite\/wp-content\/uploads\/sites\/64\/2020\/01\/Sonnenblume.jpg 500w, https:\/\/wordpress44.gcms.verdigado.net\/alteseite\/wp-content\/uploads\/sites\/64\/2020\/01\/Sonnenblume-400x400.jpg 400w\" sizes=\"auto, (max-width: 500px) 100vw, 500px\" \/>\t\t\t\t\t\t\t\t\t\t\t\t\t\t\t\t\t \n\t\t\t\t\t\t\t\t \n\t\t\t\t\t\t\t\t\t\t\t\t\t\t\t\t\t \n\t\t\t\t\t\t\t\t\t <header class=\"article-header\">\t\t\t\t\t\t\t\n\t\t\t\t\t\t\t\t\t\t <h3>Petra Zajons<\/h3>\n\t\t\t\t\t\t\t\t\t<\/header>\n\t\t\t\t\t\t\t\t\t\t\t\t\t\t\t\t\t\n\t\t\t\t\t\t\t\t\n\t\t\t\t\t\t\t\t\t<section class=\"entry-content\">\n\t\t\t\t\t\t\t\t\t\t\n\t\t\t\t\t\t\t\t\t\t<p class=\"funktion\">Assistenz der Buchhaltung<\/p>\t\t\t\t\t\t\t\t\t\t<p><i class=\"fa fa-envelope-o\"><\/i> <a href=\"mailto:petra.&#122;a&#106;&#111;&#110;s&#64;&#103;&#114;&#117;&#101;&#110;&#101;-&#98;&#114;em&#101;n&#46;de\" title=\"Schreibe Petra Zajons eine E-Mail\">petra.&#122;a&#106;&#111;&#110;s&#64;&#103;&#114;&#117;&#101;&#110;&#101;-&#98;&#114;em&#101;n&#46;de<\/a><\/p>\t\t\t\t\t\t\t\t\t\t\t\t\t\t\t\t\t\t\t\n\t\t\t\t\t\t\t\t\t<\/section>\n\t\t\t\t\t\t\t\t\n\n\t\t\t\t\t\t\t\t<\/article> \t\t\r\n\t\t\r\n\t\t\t\t\t\t\t\t\t\t <article id=\"post-15188\" class=\"clearfix post-15188 person type-person status-publish has-post-thumbnail hentry abteilung-lgs\" role=\"article\">\n\t\t\t\t\t\t\t\t    \t\t\t\t\t\t\t\t\t\t\t<img loading=\"lazy\" decoding=\"async\" width=\"500\" height=\"500\" src=\"https:\/\/wordpress44.gcms.verdigado.net\/alteseite\/wp-content\/uploads\/sites\/64\/2020\/01\/Sonnenblume-500x500.jpg\" class=\"attachment-thumbnail size-thumbnail wp-post-image\" alt=\"\" srcset=\"https:\/\/wordpress44.gcms.verdigado.net\/alteseite\/wp-content\/uploads\/sites\/64\/2020\/01\/Sonnenblume.jpg 500w, https:\/\/wordpress44.gcms.verdigado.net\/alteseite\/wp-content\/uploads\/sites\/64\/2020\/01\/Sonnenblume-400x400.jpg 400w\" sizes=\"auto, (max-width: 500px) 100vw, 500px\" \/>\t\t\t\t\t\t\t\t\t\t\t\t\t\t\t\t\t \n\t\t\t\t\t\t\t\t \n\t\t\t\t\t\t\t\t\t\t\t\t\t\t\t\t\t \n\t\t\t\t\t\t\t\t\t <header class=\"article-header\">\t\t\t\t\t\t\t\n\t\t\t\t\t\t\t\t\t\t <h3>Kseniia Kostareva<\/h3>\n\t\t\t\t\t\t\t\t\t<\/header>\n\t\t\t\t\t\t\t\t\t\t\t\t\t\t\t\t\t\n\t\t\t\t\t\t\t\t\n\t\t\t\t\t\t\t\t\t<section class=\"entry-content\">\n\t\t\t\t\t\t\t\t\t\t\n\t\t\t\t\t\t\t\t\t\t<p class=\"funktion\">Praktikantin<\/p>\t\t\t\t\t\t\t\t\t\t<p><i class=\"fa fa-envelope-o\"><\/i> <a href=\"mailto:&#107;&#115;&#101;n&#105;ia&#46;k&#111;&#115;ta&#114;e&#118;&#97;&#64;&#103;&#114;&#117;&#101;&#110;e-&#98;r&#101;&#109;&#101;&#110;&#46;de\" title=\"Schreibe Kseniia Kostareva eine E-Mail\">&#107;&#115;&#101;n&#105;ia&#46;k&#111;&#115;ta&#114;e&#118;&#97;&#64;&#103;&#114;&#117;&#101;&#110;e-&#98;r&#101;&#109;&#101;&#110;&#46;de<\/a><\/p>\t\t\t\t\t\t\t\t\t\t\t\t\t\t\t\t\t\t\t\n\t\t\t\t\t\t\t\t\t<\/section>\n\t\t\t\t\t\t\t\t\n\n\t\t\t\t\t\t\t\t<\/article> \t\t\r\n\t\r\n\t<\/section>\r\n\r\n\r\n\t\n<p>&nbsp;<\/p>\n<h3>Anfahrt<\/h3>\n<p><small><a href=\"https:\/\/www.openstreetmap.org\/?mlat=53.0722&amp;mlon=8.8099#map=15\/53.0722\/8.8099\" target=\"_blank\" rel=\"noopener noreferrer\">Gr\u00f6\u00dfere Karte anzeigen<\/a><\/small><\/p>\n<p>&nbsp;<\/p>\n","protected":false},"excerpt":{"rendered":"<p>&nbsp; &nbsp; Unsere \u00d6ffnungszeiten: In den Osterferien bleibt die Landesgesch\u00e4ftsstelle geschlossen, Termine nur nach Vereinbarung. Montag: 10-16 Uhr Dienstag: 10-16 Uhr Mittwoch: 10-16 Uhr Donnerstag: 10-16 Uhr (16-18 Uhr B\u00fcrger*innen-Sprechstunde &#8211; Termine siehe Kalender) Freitag: nach Vereinbarung Team &nbsp; Anfahrt Gr\u00f6\u00dfere Karte anzeigen &nbsp;<\/p>\n","protected":false},"author":127,"featured_media":76,"parent":71,"menu_order":1,"comment_status":"closed","ping_status":"closed","template":"page-fullpage.php","meta":{"footnotes":""},"class_list":["post-86","page","type-page","status-publish","has-post-thumbnail","hentry"],"_links":{"self":[{"href":"https:\/\/wordpress44.gcms.verdigado.net\/alteseite\/wp-json\/wp\/v2\/pages\/86","targetHints":{"allow":["GET"]}}],"collection":[{"href":"https:\/\/wordpress44.gcms.verdigado.net\/alteseite\/wp-json\/wp\/v2\/pages"}],"about":[{"href":"https:\/\/wordpress44.gcms.verdigado.net\/alteseite\/wp-json\/wp\/v2\/types\/page"}],"author":[{"embeddable":true,"href":"https:\/\/wordpress44.gcms.verdigado.net\/alteseite\/wp-json\/wp\/v2\/users\/127"}],"replies":[{"embeddable":true,"href":"https:\/\/wordpress44.gcms.verdigado.net\/alteseite\/wp-json\/wp\/v2\/comments?post=86"}],"version-history":[{"count":17,"href":"https:\/\/wordpress44.gcms.verdigado.net\/alteseite\/wp-json\/wp\/v2\/pages\/86\/revisions"}],"predecessor-version":[{"id":15378,"href":"https:\/\/wordpress44.gcms.verdigado.net\/alteseite\/wp-json\/wp\/v2\/pages\/86\/revisions\/15378"}],"up":[{"embeddable":true,"href":"https:\/\/wordpress44.gcms.verdigado.net\/alteseite\/wp-json\/wp\/v2\/pages\/71"}],"wp:featuredmedia":[{"embeddable":true,"href":"https:\/\/wordpress44.gcms.verdigado.net\/alteseite\/wp-json\/wp\/v2\/media\/76"}],"wp:attachment":[{"href":"https:\/\/wordpress44.gcms.verdigado.net\/alteseite\/wp-json\/wp\/v2\/media?parent=86"}],"curies":[{"name":"wp","href":"https:\/\/api.w.org\/{rel}","templated":true}]}}