{"id":677,"date":"2019-04-26T15:43:16","date_gmt":"2019-04-26T13:43:16","guid":{"rendered":"https:\/\/jkb-bremen.kunden.greenq.de\/?page_id=677"},"modified":"2023-02-14T15:59:41","modified_gmt":"2023-02-14T14:59:41","slug":"landesarbeitsgemeinschaften","status":"publish","type":"page","link":"https:\/\/wordpress44.gcms.verdigado.net\/alteseite\/partei\/landesarbeitsgemeinschaften\/","title":{"rendered":"Landesarbeitsgemeinschaften"},"content":{"rendered":"<p>Die Landesarbeitsgemeinschaften (LAGen) sind das inhaltliche Herz unserer Partei. Hier werden Themen intensiv aufbereitet und diskutiert, Ideen eingebracht und weiterentwickelt. Sie organisieren Seminare und Fachveranstaltungen in ihren Themenbereichen und vernetzen sich mit Akteur*innen der Zivilgesellschaft.<\/p>\n<p>Die Mitarbeit in einer LAG steht jeder und jedem offen, egal ob Einsteiger*in oder Vollprofi, gr\u00fcnen Parteimitgliedern oder au\u00dferparteiliche*r Interessierte*r.<\/p>\n<p>Du hast Lust, dich in eine LAG einzubringen oder willst einfach mal reinschnuppern? Dann schreib einfach eine Mail an die entsprechenden LAG-Sprecher*innen oder komm zu einem Treffen der LAG. <a href=\"https:\/\/gruene-bremen.de\/termine\/\" target=\"_blank\" rel=\"noopener\">Die Termine findest du hier<\/a> und bei den jeweiligen LAGen, siehe unten.<\/p>\n<p>Bremen ist ein Zwei-St\u00e4dte-Staat. Daher treten neben unsere Landesarbeitsgemeinschaften, die f\u00fcr alle Mitglieder und Interessierte offen sind, auch eigene Arbeitskreise des <a href=\"https:\/\/gruene-bremerhaven.de\/arbeitskreise\/\" target=\"_blank\" rel=\"noopener\">Kreisverbands Bremerhaven<\/a>. Diese \u00fcberschneiden sich teilsweise thematisch mit den LAGen, setzen aber auch ganz eigene Akzente. Wir freuen uns, Mitglieder und Interessierte dort begr\u00fc\u00dfen zu k\u00f6nnen. Die Arbeitskreise tagen in der Regel alle zwei Monate \u2013 in Pr\u00e4senz oder digital.<\/p>\n\t\r\n\t<section class=\"gliederungen-list lagen-list clearfix\">\r\n\t\t\t\t\t\t\t\t\t\t\t <article id=\"post-3127\" class=\"clearfix post-3127 gliederung type-gliederung status-publish hentry struktur-lag\" role=\"article\">\n\t\t\t\t\t\t\t\t    \t\t\t\t\t\t\t\t \n\t\t\t\t\t\t\t\t \n\t\t\t\t\t\t\t\t\t\t\t\t\t\t\t\t\t \n\t\t\t\t\t\t\t\t\t <header class=\"article-header\">\t\t\t\t\t\t\t\n\t\t\t\t\t\t\t\t\t\t <h2><a href=\"https:\/\/wordpress44.gcms.verdigado.net\/alteseite\/gliederung\/gewerkschaftsgruen\/\">GewerkschaftsGr\u00fcn<\/a><\/h2>\n\t\t\t\t\t\t\t\t\t<\/header>\n\t\t\t\t\t\t\t\t\t\t\t\t\t\t\t\t\t\n\t\t\t\t\t\t\t\t\n\t\t\t\t\t\t\t\t\t<section class=\"entry-content\">\n\n\t\t\t\t\t\t\t\t\t\t<p class=\"contact\">\n\t\t\t\t\t\t\t\t\t\t\t\t\t\t\t\t\t\t\t\t\t\t<a href=\"mailto:b&#114;em&#101;&#110;&#64;ge&#119;e&#114;k&#115;&#99;ha&#102;&#116;&#115;&#103;&#114;u&#101;&#110;&#46;d&#101;\" title=\"Schreibe GewerkschaftsGr\u00fcn eine E-Mail\"><i class=\"fa fa-envelope-o\"><\/i><\/a>\t\t\t\t\t\t\t\t\t\t\t\t\t\t\t\t\t\t\t\t\t\t\t\t\t\t\t\t\t\t\t\t\t\t\t\t\t\t\t\t\t\t\t\t\n\t\t\t\t\t\t\t\t\t\t\t\n\t\t\t\t\t\t\t\t\t\t<\/p>\n\t\t\t\t\t\t\t\t\t\n\t\t\t\t\t\t\t\t\t<\/section>\n\t\t\t\t\t\t\t\t\n\n\t\t\t\t\t\t\t\t<\/article> \t\t\t\t\t\t\t\t\t\t\t\t <article id=\"post-649\" class=\"clearfix post-649 gliederung type-gliederung status-publish hentry struktur-lag\" role=\"article\">\n\t\t\t\t\t\t\t\t    \t\t\t\t\t\t\t\t \n\t\t\t\t\t\t\t\t \n\t\t\t\t\t\t\t\t\t\t\t\t\t\t\t\t\t \n\t\t\t\t\t\t\t\t\t <header class=\"article-header\">\t\t\t\t\t\t\t\n\t\t\t\t\t\t\t\t\t\t <h2><a href=\"https:\/\/wordpress44.gcms.verdigado.net\/alteseite\/gliederung\/lag-bildung-kinder\/\">LAG Bildung &amp; Kinder<\/a><\/h2>\n\t\t\t\t\t\t\t\t\t<\/header>\n\t\t\t\t\t\t\t\t\t\t\t\t\t\t\t\t\t\n\t\t\t\t\t\t\t\t\n\t\t\t\t\t\t\t\t\t<section class=\"entry-content\">\n\n\t\t\t\t\t\t\t\t\t\t<p class=\"contact\">\n\t\t\t\t\t\t\t\t\t\t\t\t\t\t\t\t\t\t\t\t\t\t\t\t\t\t\t\t\t\t\t\t\t\t\t\t\t\t\t\t\t\t\t\t\t\t\t\t\t\t\t\t\t\t\t\t\t\t\t\t\t\t\t\t\t\t\n\t\t\t\t\t\t\t\t\t\t\t\n\t\t\t\t\t\t\t\t\t\t<\/p>\n\t\t\t\t\t\t\t\t\t\n\t\t\t\t\t\t\t\t\t<\/section>\n\t\t\t\t\t\t\t\t\n\n\t\t\t\t\t\t\t\t<\/article> \t\t\t\t\t\t\t\t\t\t\t\t <article id=\"post-2829\" class=\"clearfix post-2829 gliederung type-gliederung status-publish hentry struktur-lag\" role=\"article\">\n\t\t\t\t\t\t\t\t    \t\t\t\t\t\t\t\t \n\t\t\t\t\t\t\t\t \n\t\t\t\t\t\t\t\t\t\t\t\t\t\t\t\t\t \n\t\t\t\t\t\t\t\t\t <header class=\"article-header\">\t\t\t\t\t\t\t\n\t\t\t\t\t\t\t\t\t\t <h2><a href=\"https:\/\/wordpress44.gcms.verdigado.net\/alteseite\/gliederung\/lag-christinnen\/\">LAG Christ*innen<\/a><\/h2>\n\t\t\t\t\t\t\t\t\t<\/header>\n\t\t\t\t\t\t\t\t\t\t\t\t\t\t\t\t\t\n\t\t\t\t\t\t\t\t\n\t\t\t\t\t\t\t\t\t<section class=\"entry-content\">\n\n\t\t\t\t\t\t\t\t\t\t<p class=\"contact\">\n\t\t\t\t\t\t\t\t\t\t\t\t\t\t\t\t\t\t\t\t\t\t\t\t\t\t\t\t\t\t\t\t\t\t\t\t\t\t\t\t\t\t\t\t\t\t\t\t\t\t\t\t\t\t\t\t\t\t\t\t\t\t\t\t\t\t\n\t\t\t\t\t\t\t\t\t\t\t\n\t\t\t\t\t\t\t\t\t\t<\/p>\n\t\t\t\t\t\t\t\t\t\n\t\t\t\t\t\t\t\t\t<\/section>\n\t\t\t\t\t\t\t\t\n\n\t\t\t\t\t\t\t\t<\/article> \t\t\t\t\t\t\t\t\t\t\t\t <article id=\"post-654\" class=\"clearfix post-654 gliederung type-gliederung status-publish hentry struktur-lag\" role=\"article\">\n\t\t\t\t\t\t\t\t    \t\t\t\t\t\t\t\t \n\t\t\t\t\t\t\t\t \n\t\t\t\t\t\t\t\t\t\t\t\t\t\t\t\t\t \n\t\t\t\t\t\t\t\t\t <header class=\"article-header\">\t\t\t\t\t\t\t\n\t\t\t\t\t\t\t\t\t\t <h2><a href=\"https:\/\/wordpress44.gcms.verdigado.net\/alteseite\/gliederung\/lag-demokratie-innen-rechtspolitik\/\">LAG Demokratie, Innen- &amp; Rechtspolitik<\/a><\/h2>\n\t\t\t\t\t\t\t\t\t<\/header>\n\t\t\t\t\t\t\t\t\t\t\t\t\t\t\t\t\t\n\t\t\t\t\t\t\t\t\n\t\t\t\t\t\t\t\t\t<section class=\"entry-content\">\n\n\t\t\t\t\t\t\t\t\t\t<p class=\"contact\">\n\t\t\t\t\t\t\t\t\t\t\t\t\t\t\t\t\t\t\t\t\t\t\t\t\t\t\t\t\t\t\t\t\t\t\t\t\t\t\t\t\t\t\t\t\t\t\t\t\t\t\t\t\t\t\t\t\t\t\t\t\t\t\t\t\t\t\n\t\t\t\t\t\t\t\t\t\t\t\n\t\t\t\t\t\t\t\t\t\t<\/p>\n\t\t\t\t\t\t\t\t\t\n\t\t\t\t\t\t\t\t\t<\/section>\n\t\t\t\t\t\t\t\t\n\n\t\t\t\t\t\t\t\t<\/article> \t\t\t\t\t\t\t\t\t\t\t\t <article id=\"post-656\" class=\"clearfix post-656 gliederung type-gliederung status-publish hentry struktur-lag\" role=\"article\">\n\t\t\t\t\t\t\t\t    \t\t\t\t\t\t\t\t \n\t\t\t\t\t\t\t\t \n\t\t\t\t\t\t\t\t\t\t\t\t\t\t\t\t\t \n\t\t\t\t\t\t\t\t\t <header class=\"article-header\">\t\t\t\t\t\t\t\n\t\t\t\t\t\t\t\t\t\t <h2><a href=\"https:\/\/wordpress44.gcms.verdigado.net\/alteseite\/gliederung\/lag-digitales-medien\/\">LAG Digitales &amp; Medien<\/a><\/h2>\n\t\t\t\t\t\t\t\t\t<\/header>\n\t\t\t\t\t\t\t\t\t\t\t\t\t\t\t\t\t\n\t\t\t\t\t\t\t\t\n\t\t\t\t\t\t\t\t\t<section class=\"entry-content\">\n\n\t\t\t\t\t\t\t\t\t\t<p class=\"contact\">\n\t\t\t\t\t\t\t\t\t\t\t\t\t\t\t\t\t\t\t\t\t\t\t\t\t\t\t\t\t\t\t\t\t\t\t\t\t\t\t\t\t\t\t\t\t\t\t\t\t\t\t\t\t\t\t\t\t\t\t\t\t\t\t\t\t\t\n\t\t\t\t\t\t\t\t\t\t\t\n\t\t\t\t\t\t\t\t\t\t<\/p>\n\t\t\t\t\t\t\t\t\t\n\t\t\t\t\t\t\t\t\t<\/section>\n\t\t\t\t\t\t\t\t\n\n\t\t\t\t\t\t\t\t<\/article> \t\t\t\t\t\t\t\t\t\t\t\t <article id=\"post-663\" class=\"clearfix post-663 gliederung type-gliederung status-publish hentry struktur-lag\" role=\"article\">\n\t\t\t\t\t\t\t\t    \t\t\t\t\t\t\t\t \n\t\t\t\t\t\t\t\t \n\t\t\t\t\t\t\t\t\t\t\t\t\t\t\t\t\t \n\t\t\t\t\t\t\t\t\t <header class=\"article-header\">\t\t\t\t\t\t\t\n\t\t\t\t\t\t\t\t\t\t <h2><a href=\"https:\/\/wordpress44.gcms.verdigado.net\/alteseite\/gliederung\/lag-europa-frieden-internationales\/\">LAG Europa, Frieden &amp; Internationales<\/a><\/h2>\n\t\t\t\t\t\t\t\t\t<\/header>\n\t\t\t\t\t\t\t\t\t\t\t\t\t\t\t\t\t\n\t\t\t\t\t\t\t\t\n\t\t\t\t\t\t\t\t\t<section class=\"entry-content\">\n\n\t\t\t\t\t\t\t\t\t\t<p class=\"contact\">\n\t\t\t\t\t\t\t\t\t\t\t\t\t\t\t\t\t\t\t\t\t\t\t\t\t\t\t\t\t\t\t\t\t\t\t\t\t\t\t\t\t\t\t\t\t\t\t\t\t\t\t\t\t\t\t\t\t\t\t\t\t\t\t\t\t\t\n\t\t\t\t\t\t\t\t\t\t\t\n\t\t\t\t\t\t\t\t\t\t<\/p>\n\t\t\t\t\t\t\t\t\t\n\t\t\t\t\t\t\t\t\t<\/section>\n\t\t\t\t\t\t\t\t\n\n\t\t\t\t\t\t\t\t<\/article> \t\t\t\t\t\t\t\t\t\t\t\t <article id=\"post-665\" class=\"clearfix post-665 gliederung type-gliederung status-publish hentry struktur-lag\" role=\"article\">\n\t\t\t\t\t\t\t\t    \t\t\t\t\t\t\t\t \n\t\t\t\t\t\t\t\t \n\t\t\t\t\t\t\t\t\t\t\t\t\t\t\t\t\t \n\t\t\t\t\t\t\t\t\t <header class=\"article-header\">\t\t\t\t\t\t\t\n\t\t\t\t\t\t\t\t\t\t <h2><a href=\"https:\/\/wordpress44.gcms.verdigado.net\/alteseite\/gliederung\/lag-frauenpolitik\/\">LAG Frauenpolitik<\/a><\/h2>\n\t\t\t\t\t\t\t\t\t<\/header>\n\t\t\t\t\t\t\t\t\t\t\t\t\t\t\t\t\t\n\t\t\t\t\t\t\t\t\n\t\t\t\t\t\t\t\t\t<section class=\"entry-content\">\n\n\t\t\t\t\t\t\t\t\t\t<p class=\"contact\">\n\t\t\t\t\t\t\t\t\t\t\t\t\t\t\t\t\t\t\t\t\t\t\t\t\t\t\t\t\t\t\t\t\t\t\t\t\t\t\t\t\t\t\t\t\t\t\t\t\t\t\t\t\t\t\t\t\t\t\t\t\t\t\t\t\t\t\n\t\t\t\t\t\t\t\t\t\t\t\n\t\t\t\t\t\t\t\t\t\t<\/p>\n\t\t\t\t\t\t\t\t\t\n\t\t\t\t\t\t\t\t\t<\/section>\n\t\t\t\t\t\t\t\t\n\n\t\t\t\t\t\t\t\t<\/article> \t\t\t\t\t\t\t\t\t\t\t\t <article id=\"post-669\" class=\"clearfix post-669 gliederung type-gliederung status-publish hentry struktur-lag\" role=\"article\">\n\t\t\t\t\t\t\t\t    \t\t\t\t\t\t\t\t \n\t\t\t\t\t\t\t\t \n\t\t\t\t\t\t\t\t\t\t\t\t\t\t\t\t\t \n\t\t\t\t\t\t\t\t\t <header class=\"article-header\">\t\t\t\t\t\t\t\n\t\t\t\t\t\t\t\t\t\t <h2><a href=\"https:\/\/wordpress44.gcms.verdigado.net\/alteseite\/gliederung\/lag-gesundheit\/\">LAG Gesundheit<\/a><\/h2>\n\t\t\t\t\t\t\t\t\t<\/header>\n\t\t\t\t\t\t\t\t\t\t\t\t\t\t\t\t\t\n\t\t\t\t\t\t\t\t\n\t\t\t\t\t\t\t\t\t<section class=\"entry-content\">\n\n\t\t\t\t\t\t\t\t\t\t<p class=\"contact\">\n\t\t\t\t\t\t\t\t\t\t\t\t\t\t\t\t\t\t\t\t\t\t\t\t\t\t\t\t\t\t\t\t\t\t\t\t\t\t\t\t\t\t\t\t\t\t\t\t\t\t\t\t\t\t\t\t\t\t\t\t\t\t\t\t\t\t\n\t\t\t\t\t\t\t\t\t\t\t\n\t\t\t\t\t\t\t\t\t\t<\/p>\n\t\t\t\t\t\t\t\t\t\n\t\t\t\t\t\t\t\t\t<\/section>\n\t\t\t\t\t\t\t\t\n\n\t\t\t\t\t\t\t\t<\/article> \t\t\t\t\t\t\t\t\t\t\t\t <article id=\"post-4590\" class=\"clearfix post-4590 gliederung type-gliederung status-publish hentry struktur-lag\" role=\"article\">\n\t\t\t\t\t\t\t\t    \t\t\t\t\t\t\t\t \n\t\t\t\t\t\t\t\t \n\t\t\t\t\t\t\t\t\t\t\t\t\t\t\t\t\t \n\t\t\t\t\t\t\t\t\t <header class=\"article-header\">\t\t\t\t\t\t\t\n\t\t\t\t\t\t\t\t\t\t <h2><a href=\"https:\/\/wordpress44.gcms.verdigado.net\/alteseite\/gliederung\/lag-haefen-schifffahrt\/\">LAG H\u00e4fen &amp; Schifffahrt<\/a><\/h2>\n\t\t\t\t\t\t\t\t\t<\/header>\n\t\t\t\t\t\t\t\t\t\t\t\t\t\t\t\t\t\n\t\t\t\t\t\t\t\t\n\t\t\t\t\t\t\t\t\t<section class=\"entry-content\">\n\n\t\t\t\t\t\t\t\t\t\t<p class=\"contact\">\n\t\t\t\t\t\t\t\t\t\t\t\t\t\t\t\t\t\t\t\t\t\t\t\t\t\t\t\t\t\t\t\t\t\t\t\t\t\t\t\t\t\t\t\t\t\t\t\t\t\t\t\t\t\t\t\t\t\t\t\t\t\t\t\t\t\t\n\t\t\t\t\t\t\t\t\t\t\t\n\t\t\t\t\t\t\t\t\t\t<\/p>\n\t\t\t\t\t\t\t\t\t\n\t\t\t\t\t\t\t\t\t<\/section>\n\t\t\t\t\t\t\t\t\n\n\t\t\t\t\t\t\t\t<\/article> \t\t\t\t\t\t\t\t\t\t\t\t <article id=\"post-9839\" class=\"clearfix post-9839 gliederung type-gliederung status-publish hentry struktur-lag\" role=\"article\">\n\t\t\t\t\t\t\t\t    \t\t\t\t\t\t\t\t \n\t\t\t\t\t\t\t\t \n\t\t\t\t\t\t\t\t\t\t\t\t\t\t\t\t\t \n\t\t\t\t\t\t\t\t\t <header class=\"article-header\">\t\t\t\t\t\t\t\n\t\t\t\t\t\t\t\t\t\t <h2><a href=\"https:\/\/wordpress44.gcms.verdigado.net\/alteseite\/gliederung\/lag-kinder-familie\/\">LAG Kinder, Jugendliche &amp; Familien (in Gr\u00fcndung)<\/a><\/h2>\n\t\t\t\t\t\t\t\t\t<\/header>\n\t\t\t\t\t\t\t\t\t\t\t\t\t\t\t\t\t\n\t\t\t\t\t\t\t\t\n\t\t\t\t\t\t\t\t\t<section class=\"entry-content\">\n\n\t\t\t\t\t\t\t\t\t\t<p class=\"contact\">\n\t\t\t\t\t\t\t\t\t\t\t\t\t\t\t\t\t\t\t\t\t\t\t\t\t\t\t\t\t\t\t\t\t\t\t\t\t\t\t\t\t\t\t\t\t\t\t\t\t\t\t\t\t\t\t\t\t\t\t\t\t\t\t\t\t\t\n\t\t\t\t\t\t\t\t\t\t\t\n\t\t\t\t\t\t\t\t\t\t<\/p>\n\t\t\t\t\t\t\t\t\t\n\t\t\t\t\t\t\t\t\t<\/section>\n\t\t\t\t\t\t\t\t\n\n\t\t\t\t\t\t\t\t<\/article> \t\t\t\t\t\t\t\t\t\t\t\t <article id=\"post-661\" class=\"clearfix post-661 gliederung type-gliederung status-publish hentry struktur-lag\" role=\"article\">\n\t\t\t\t\t\t\t\t    \t\t\t\t\t\t\t\t \n\t\t\t\t\t\t\t\t \n\t\t\t\t\t\t\t\t\t\t\t\t\t\t\t\t\t \n\t\t\t\t\t\t\t\t\t <header class=\"article-header\">\t\t\t\t\t\t\t\n\t\t\t\t\t\t\t\t\t\t <h2><a href=\"https:\/\/wordpress44.gcms.verdigado.net\/alteseite\/gliederung\/arbeitskreis-energie\/\">LAG Klima &amp; Energie<\/a><\/h2>\n\t\t\t\t\t\t\t\t\t<\/header>\n\t\t\t\t\t\t\t\t\t\t\t\t\t\t\t\t\t\n\t\t\t\t\t\t\t\t\n\t\t\t\t\t\t\t\t\t<section class=\"entry-content\">\n\n\t\t\t\t\t\t\t\t\t\t<p class=\"contact\">\n\t\t\t\t\t\t\t\t\t\t\t\t\t\t\t\t\t\t\t\t\t\t\t\t\t\t\t\t\t\t\t\t\t\t\t\t\t\t\t\t\t\t\t\t\t\t\t\t\t\t\t\t\t\t\t\t\t\t\t\t\t\t\t\t\t\t\n\t\t\t\t\t\t\t\t\t\t\t\n\t\t\t\t\t\t\t\t\t\t<\/p>\n\t\t\t\t\t\t\t\t\t\n\t\t\t\t\t\t\t\t\t<\/section>\n\t\t\t\t\t\t\t\t\n\n\t\t\t\t\t\t\t\t<\/article> \t\t\t\t\t\t\t\t\t\t\t\t <article id=\"post-675\" class=\"clearfix post-675 gliederung type-gliederung status-publish hentry struktur-lag\" role=\"article\">\n\t\t\t\t\t\t\t\t    \t\t\t\t\t\t\t\t \n\t\t\t\t\t\t\t\t \n\t\t\t\t\t\t\t\t\t\t\t\t\t\t\t\t\t \n\t\t\t\t\t\t\t\t\t <header class=\"article-header\">\t\t\t\t\t\t\t\n\t\t\t\t\t\t\t\t\t\t <h2><a href=\"https:\/\/wordpress44.gcms.verdigado.net\/alteseite\/gliederung\/lag-kultur\/\">LAG Kultur<\/a><\/h2>\n\t\t\t\t\t\t\t\t\t<\/header>\n\t\t\t\t\t\t\t\t\t\t\t\t\t\t\t\t\t\n\t\t\t\t\t\t\t\t\n\t\t\t\t\t\t\t\t\t<section class=\"entry-content\">\n\n\t\t\t\t\t\t\t\t\t\t<p class=\"contact\">\n\t\t\t\t\t\t\t\t\t\t\t\t\t\t\t\t\t\t\t\t\t\t\t\t\t\t\t\t\t\t\t\t\t\t\t\t\t\t\t\t\t\t\t\t\t\t\t\t\t\t\t\t\t\t\t\t\t\t\t\t\t\t\t\t\t\t\n\t\t\t\t\t\t\t\t\t\t\t\n\t\t\t\t\t\t\t\t\t\t<\/p>\n\t\t\t\t\t\t\t\t\t\n\t\t\t\t\t\t\t\t\t<\/section>\n\t\t\t\t\t\t\t\t\n\n\t\t\t\t\t\t\t\t<\/article> \t\t\t\t\t\t\t\t\t\t\t\t <article id=\"post-680\" class=\"clearfix post-680 gliederung type-gliederung status-publish hentry struktur-lag\" role=\"article\">\n\t\t\t\t\t\t\t\t    \t\t\t\t\t\t\t\t \n\t\t\t\t\t\t\t\t \n\t\t\t\t\t\t\t\t\t\t\t\t\t\t\t\t\t \n\t\t\t\t\t\t\t\t\t <header class=\"article-header\">\t\t\t\t\t\t\t\n\t\t\t\t\t\t\t\t\t\t <h2><a href=\"https:\/\/wordpress44.gcms.verdigado.net\/alteseite\/gliederung\/lag-migration-flucht\/\">LAG Migration &amp; Flucht<\/a><\/h2>\n\t\t\t\t\t\t\t\t\t<\/header>\n\t\t\t\t\t\t\t\t\t\t\t\t\t\t\t\t\t\n\t\t\t\t\t\t\t\t\n\t\t\t\t\t\t\t\t\t<section class=\"entry-content\">\n\n\t\t\t\t\t\t\t\t\t\t<p class=\"contact\">\n\t\t\t\t\t\t\t\t\t\t\t\t\t\t\t\t\t\t\t\t\t\t\t\t\t\t\t\t\t\t\t\t\t\t\t\t\t\t\t\t\t\t\t\t\t\t\t\t\t\t\t\t\t\t\t\t\t\t\t\t\t\t\t\t\t\t\n\t\t\t\t\t\t\t\t\t\t\t\n\t\t\t\t\t\t\t\t\t\t<\/p>\n\t\t\t\t\t\t\t\t\t\n\t\t\t\t\t\t\t\t\t<\/section>\n\t\t\t\t\t\t\t\t\n\n\t\t\t\t\t\t\t\t<\/article> \t\t\t\t\t\t\t\t\t\t\t\t <article id=\"post-686\" class=\"clearfix post-686 gliederung type-gliederung status-publish hentry struktur-lag\" role=\"article\">\n\t\t\t\t\t\t\t\t    \t\t\t\t\t\t\t\t \n\t\t\t\t\t\t\t\t \n\t\t\t\t\t\t\t\t\t\t\t\t\t\t\t\t\t \n\t\t\t\t\t\t\t\t\t <header class=\"article-header\">\t\t\t\t\t\t\t\n\t\t\t\t\t\t\t\t\t\t <h2><a href=\"https:\/\/wordpress44.gcms.verdigado.net\/alteseite\/gliederung\/lag-queer\/\">LAG Queer<\/a><\/h2>\n\t\t\t\t\t\t\t\t\t<\/header>\n\t\t\t\t\t\t\t\t\t\t\t\t\t\t\t\t\t\n\t\t\t\t\t\t\t\t\n\t\t\t\t\t\t\t\t\t<section class=\"entry-content\">\n\n\t\t\t\t\t\t\t\t\t\t<p class=\"contact\">\n\t\t\t\t\t\t\t\t\t\t\t\t\t\t\t\t\t\t\t\t\t\t\t\t\t\t\t\t\t\t\t\t\t\t\t\t\t\t\t\t\t\t\t\t\t\t\t\t\t\t\t\t\t\t\t\t\t\t\t\t\t\t\t\t\t\t\n\t\t\t\t\t\t\t\t\t\t\t\n\t\t\t\t\t\t\t\t\t\t<\/p>\n\t\t\t\t\t\t\t\t\t\n\t\t\t\t\t\t\t\t\t<\/section>\n\t\t\t\t\t\t\t\t\n\n\t\t\t\t\t\t\t\t<\/article> \t\t\t\t\t\t\t\t\t\t\t\t <article id=\"post-688\" class=\"clearfix post-688 gliederung type-gliederung status-publish hentry struktur-lag\" role=\"article\">\n\t\t\t\t\t\t\t\t    \t\t\t\t\t\t\t\t \n\t\t\t\t\t\t\t\t \n\t\t\t\t\t\t\t\t\t\t\t\t\t\t\t\t\t \n\t\t\t\t\t\t\t\t\t <header class=\"article-header\">\t\t\t\t\t\t\t\n\t\t\t\t\t\t\t\t\t\t <h2><a href=\"https:\/\/wordpress44.gcms.verdigado.net\/alteseite\/gliederung\/lag-soziales-arbeit\/\">LAG Soziales und Arbeit<\/a><\/h2>\n\t\t\t\t\t\t\t\t\t<\/header>\n\t\t\t\t\t\t\t\t\t\t\t\t\t\t\t\t\t\n\t\t\t\t\t\t\t\t\n\t\t\t\t\t\t\t\t\t<section class=\"entry-content\">\n\n\t\t\t\t\t\t\t\t\t\t<p class=\"contact\">\n\t\t\t\t\t\t\t\t\t\t\t\t\t\t\t\t\t\t\t\t\t\t\t\t\t\t\t\t\t\t\t\t\t\t\t\t\t\t\t\t\t\t\t\t\t\t\t\t\t\t\t\t\t\t\t\t\t\t\t\t\t\t\t\t\t\t\n\t\t\t\t\t\t\t\t\t\t\t\n\t\t\t\t\t\t\t\t\t\t<\/p>\n\t\t\t\t\t\t\t\t\t\n\t\t\t\t\t\t\t\t\t<\/section>\n\t\t\t\t\t\t\t\t\n\n\t\t\t\t\t\t\t\t<\/article> \t\t\t\t\t\t\t\t\t\t\t\t <article id=\"post-1332\" class=\"clearfix post-1332 gliederung type-gliederung status-publish hentry struktur-lag\" role=\"article\">\n\t\t\t\t\t\t\t\t    \t\t\t\t\t\t\t\t \n\t\t\t\t\t\t\t\t \n\t\t\t\t\t\t\t\t\t\t\t\t\t\t\t\t\t \n\t\t\t\t\t\t\t\t\t <header class=\"article-header\">\t\t\t\t\t\t\t\n\t\t\t\t\t\t\t\t\t\t <h2><a href=\"https:\/\/wordpress44.gcms.verdigado.net\/alteseite\/gliederung\/lag-sport\/\">LAG Sport<\/a><\/h2>\n\t\t\t\t\t\t\t\t\t<\/header>\n\t\t\t\t\t\t\t\t\t\t\t\t\t\t\t\t\t\n\t\t\t\t\t\t\t\t\n\t\t\t\t\t\t\t\t\t<section class=\"entry-content\">\n\n\t\t\t\t\t\t\t\t\t\t<p class=\"contact\">\n\t\t\t\t\t\t\t\t\t\t\t\t\t\t\t\t\t\t\t\t\t\t\t\t\t\t\t\t\t\t\t\t\t\t\t\t\t\t\t\t\t\t\t\t\t\t\t\t\t\t\t\t\t\t\t\t\t\t\t\t\t\t\t\t\t\t\n\t\t\t\t\t\t\t\t\t\t\t\n\t\t\t\t\t\t\t\t\t\t<\/p>\n\t\t\t\t\t\t\t\t\t\n\t\t\t\t\t\t\t\t\t<\/section>\n\t\t\t\t\t\t\t\t\n\n\t\t\t\t\t\t\t\t<\/article> \t\t\t\t\t\t\t\t\t\t\t\t <article id=\"post-690\" class=\"clearfix post-690 gliederung type-gliederung status-publish hentry struktur-lag\" role=\"article\">\n\t\t\t\t\t\t\t\t    \t\t\t\t\t\t\t\t \n\t\t\t\t\t\t\t\t \n\t\t\t\t\t\t\t\t\t\t\t\t\t\t\t\t\t \n\t\t\t\t\t\t\t\t\t <header class=\"article-header\">\t\t\t\t\t\t\t\n\t\t\t\t\t\t\t\t\t\t <h2><a href=\"https:\/\/wordpress44.gcms.verdigado.net\/alteseite\/gliederung\/lag-stadt-regionalentwicklung\/\">LAG Stadt- &amp; Regionalentwicklung<\/a><\/h2>\n\t\t\t\t\t\t\t\t\t<\/header>\n\t\t\t\t\t\t\t\t\t\t\t\t\t\t\t\t\t\n\t\t\t\t\t\t\t\t\n\t\t\t\t\t\t\t\t\t<section class=\"entry-content\">\n\n\t\t\t\t\t\t\t\t\t\t<p class=\"contact\">\n\t\t\t\t\t\t\t\t\t\t\t\t\t\t\t\t\t\t\t\t\t\t\t\t\t\t\t\t\t\t\t\t\t\t\t\t\t\t\t\t\t\t\t\t\t\t\t\t\t\t\t\t\t\t\t\t\t\t\t\t\t\t\t\t\t\t\n\t\t\t\t\t\t\t\t\t\t\t\n\t\t\t\t\t\t\t\t\t\t<\/p>\n\t\t\t\t\t\t\t\t\t\n\t\t\t\t\t\t\t\t\t<\/section>\n\t\t\t\t\t\t\t\t\n\n\t\t\t\t\t\t\t\t<\/article> \t\t\t\t\t\t\t\t\t\t\t\t <article id=\"post-694\" class=\"clearfix post-694 gliederung type-gliederung status-publish hentry struktur-lag\" role=\"article\">\n\t\t\t\t\t\t\t\t    \t\t\t\t\t\t\t\t \n\t\t\t\t\t\t\t\t \n\t\t\t\t\t\t\t\t\t\t\t\t\t\t\t\t\t \n\t\t\t\t\t\t\t\t\t <header class=\"article-header\">\t\t\t\t\t\t\t\n\t\t\t\t\t\t\t\t\t\t <h2><a href=\"https:\/\/wordpress44.gcms.verdigado.net\/alteseite\/gliederung\/lag-tierpolitik\/\">LAG Tierpolitik<\/a><\/h2>\n\t\t\t\t\t\t\t\t\t<\/header>\n\t\t\t\t\t\t\t\t\t\t\t\t\t\t\t\t\t\n\t\t\t\t\t\t\t\t\n\t\t\t\t\t\t\t\t\t<section class=\"entry-content\">\n\n\t\t\t\t\t\t\t\t\t\t<p class=\"contact\">\n\t\t\t\t\t\t\t\t\t\t\t\t\t\t\t\t\t\t\t\t\t\t\t\t\t\t\t\t\t\t\t\t\t\t\t\t\t\t\t\t\t\t\t\t\t\t\t\t\t\t\t\t\t\t\t\t\t\t\t\t\t\t\t\t\t\t\n\t\t\t\t\t\t\t\t\t\t\t\n\t\t\t\t\t\t\t\t\t\t<\/p>\n\t\t\t\t\t\t\t\t\t\n\t\t\t\t\t\t\t\t\t<\/section>\n\t\t\t\t\t\t\t\t\n\n\t\t\t\t\t\t\t\t<\/article> \t\t\t\t\t\t\t\t\t\t\t\t <article id=\"post-696\" class=\"clearfix post-696 gliederung type-gliederung status-publish hentry struktur-lag\" role=\"article\">\n\t\t\t\t\t\t\t\t    \t\t\t\t\t\t\t\t \n\t\t\t\t\t\t\t\t \n\t\t\t\t\t\t\t\t\t\t\t\t\t\t\t\t\t \n\t\t\t\t\t\t\t\t\t <header class=\"article-header\">\t\t\t\t\t\t\t\n\t\t\t\t\t\t\t\t\t\t <h2><a href=\"https:\/\/wordpress44.gcms.verdigado.net\/alteseite\/gliederung\/lag-umwelt\/\">LAG Umwelt<\/a><\/h2>\n\t\t\t\t\t\t\t\t\t<\/header>\n\t\t\t\t\t\t\t\t\t\t\t\t\t\t\t\t\t\n\t\t\t\t\t\t\t\t\n\t\t\t\t\t\t\t\t\t<section class=\"entry-content\">\n\n\t\t\t\t\t\t\t\t\t\t<p class=\"contact\">\n\t\t\t\t\t\t\t\t\t\t\t\t\t\t\t\t\t\t\t\t\t\t\t\t\t\t\t\t\t\t\t\t\t\t\t\t\t\t\t\t\t\t\t\t\t\t\t\t\t\t\t\t\t\t\t\t\t\t\t\t\t\t\t\t\t\t\n\t\t\t\t\t\t\t\t\t\t\t\n\t\t\t\t\t\t\t\t\t\t<\/p>\n\t\t\t\t\t\t\t\t\t\n\t\t\t\t\t\t\t\t\t<\/section>\n\t\t\t\t\t\t\t\t\n\n\t\t\t\t\t\t\t\t<\/article> \t\t\t\t\t\t\t\t\t\t\t\t <article id=\"post-699\" class=\"clearfix post-699 gliederung type-gliederung status-publish hentry struktur-lag\" role=\"article\">\n\t\t\t\t\t\t\t\t    \t\t\t\t\t\t\t\t \n\t\t\t\t\t\t\t\t \n\t\t\t\t\t\t\t\t\t\t\t\t\t\t\t\t\t \n\t\t\t\t\t\t\t\t\t <header class=\"article-header\">\t\t\t\t\t\t\t\n\t\t\t\t\t\t\t\t\t\t <h2><a href=\"https:\/\/wordpress44.gcms.verdigado.net\/alteseite\/gliederung\/lag-verkehr\/\">LAG Verkehr<\/a><\/h2>\n\t\t\t\t\t\t\t\t\t<\/header>\n\t\t\t\t\t\t\t\t\t\t\t\t\t\t\t\t\t\n\t\t\t\t\t\t\t\t\n\t\t\t\t\t\t\t\t\t<section class=\"entry-content\">\n\n\t\t\t\t\t\t\t\t\t\t<p class=\"contact\">\n\t\t\t\t\t\t\t\t\t\t\t\t\t\t\t\t\t\t\t\t\t\t\t\t\t\t\t\t\t\t\t\t\t\t\t\t\t\t\t\t\t\t\t\t\t\t\t\t\t\t\t\t\t\t\t\t\t\t\t\t\t\t\t\t\t\t\n\t\t\t\t\t\t\t\t\t\t\t\n\t\t\t\t\t\t\t\t\t\t<\/p>\n\t\t\t\t\t\t\t\t\t\n\t\t\t\t\t\t\t\t\t<\/section>\n\t\t\t\t\t\t\t\t\n\n\t\t\t\t\t\t\t\t<\/article> \t\t\t\t\t\t\t\t\t\t\t\t <article id=\"post-701\" class=\"clearfix post-701 gliederung type-gliederung status-publish hentry struktur-lag\" role=\"article\">\n\t\t\t\t\t\t\t\t    \t\t\t\t\t\t\t\t \n\t\t\t\t\t\t\t\t \n\t\t\t\t\t\t\t\t\t\t\t\t\t\t\t\t\t \n\t\t\t\t\t\t\t\t\t <header class=\"article-header\">\t\t\t\t\t\t\t\n\t\t\t\t\t\t\t\t\t\t <h2><a href=\"https:\/\/wordpress44.gcms.verdigado.net\/alteseite\/gliederung\/lag-wirtschafts-und-finanzpolitik\/\">LAG Wirtschafts- und Finanzpolitik<\/a><\/h2>\n\t\t\t\t\t\t\t\t\t<\/header>\n\t\t\t\t\t\t\t\t\t\t\t\t\t\t\t\t\t\n\t\t\t\t\t\t\t\t\n\t\t\t\t\t\t\t\t\t<section class=\"entry-content\">\n\n\t\t\t\t\t\t\t\t\t\t<p class=\"contact\">\n\t\t\t\t\t\t\t\t\t\t\t\t\t\t\t\t\t\t\t\t\t\t\t\t\t\t\t\t\t\t\t\t\t\t\t\t\t\t\t\t\t\t\t\t\t\t\t\t\t\t\t\t\t\t\t\t\t\t\t\t\t\t\t\t\t\t\n\t\t\t\t\t\t\t\t\t\t\t\n\t\t\t\t\t\t\t\t\t\t<\/p>\n\t\t\t\t\t\t\t\t\t\n\t\t\t\t\t\t\t\t\t<\/section>\n\t\t\t\t\t\t\t\t\n\n\t\t\t\t\t\t\t\t<\/article> \t\t\t\t\t\t\t\t\t\t\t\t <article id=\"post-705\" class=\"clearfix post-705 gliederung type-gliederung status-publish hentry struktur-lag\" role=\"article\">\n\t\t\t\t\t\t\t\t    \t\t\t\t\t\t\t\t \n\t\t\t\t\t\t\t\t \n\t\t\t\t\t\t\t\t\t\t\t\t\t\t\t\t\t \n\t\t\t\t\t\t\t\t\t <header class=\"article-header\">\t\t\t\t\t\t\t\n\t\t\t\t\t\t\t\t\t\t <h2><a href=\"https:\/\/wordpress44.gcms.verdigado.net\/alteseite\/gliederung\/lag-wissenschaft\/\">LAG Wissenschaft und Hochschulen<\/a><\/h2>\n\t\t\t\t\t\t\t\t\t<\/header>\n\t\t\t\t\t\t\t\t\t\t\t\t\t\t\t\t\t\n\t\t\t\t\t\t\t\t\n\t\t\t\t\t\t\t\t\t<section class=\"entry-content\">\n\n\t\t\t\t\t\t\t\t\t\t<p class=\"contact\">\n\t\t\t\t\t\t\t\t\t\t\t\t\t\t\t\t\t\t\t\t\t\t\t\t\t\t\t\t\t\t\t\t\t\t\t\t\t\t\t\t\t\t\t\t\t\t\t\t\t\t\t\t\t\t\t\t\t\t\t\t\t\t\t\t\t\t\n\t\t\t\t\t\t\t\t\t\t\t\n\t\t\t\t\t\t\t\t\t\t<\/p>\n\t\t\t\t\t\t\t\t\t\n\t\t\t\t\t\t\t\t\t<\/section>\n\t\t\t\t\t\t\t\t\n\n\t\t\t\t\t\t\t\t<\/article> \t\t\t<\/section>\r\n\r\n\r\n\r\n\t\n","protected":false},"excerpt":{"rendered":"<p>Die Landesarbeitsgemeinschaften (LAGen) sind das inhaltliche Herz unserer Partei. Hier werden Themen intensiv aufbereitet und diskutiert, Ideen eingebracht und weiterentwickelt. Sie organisieren Seminare und Fachveranstaltungen in ihren Themenbereichen und vernetzen sich mit Akteur*innen der Zivilgesellschaft. Die Mitarbeit in einer LAG steht jeder und jedem offen, egal ob Einsteiger*in oder Vollprofi, gr\u00fcnen Parteimitgliedern oder au\u00dferparteiliche*r Interessierte*r&#8230;.<\/p>\n","protected":false},"author":127,"featured_media":0,"parent":71,"menu_order":4,"comment_status":"closed","ping_status":"closed","template":"","meta":{"footnotes":""},"class_list":["post-677","page","type-page","status-publish","hentry"],"_links":{"self":[{"href":"https:\/\/wordpress44.gcms.verdigado.net\/alteseite\/wp-json\/wp\/v2\/pages\/677","targetHints":{"allow":["GET"]}}],"collection":[{"href":"https:\/\/wordpress44.gcms.verdigado.net\/alteseite\/wp-json\/wp\/v2\/pages"}],"about":[{"href":"https:\/\/wordpress44.gcms.verdigado.net\/alteseite\/wp-json\/wp\/v2\/types\/page"}],"author":[{"embeddable":true,"href":"https:\/\/wordpress44.gcms.verdigado.net\/alteseite\/wp-json\/wp\/v2\/users\/127"}],"replies":[{"embeddable":true,"href":"https:\/\/wordpress44.gcms.verdigado.net\/alteseite\/wp-json\/wp\/v2\/comments?post=677"}],"version-history":[{"count":7,"href":"https:\/\/wordpress44.gcms.verdigado.net\/alteseite\/wp-json\/wp\/v2\/pages\/677\/revisions"}],"predecessor-version":[{"id":11581,"href":"https:\/\/wordpress44.gcms.verdigado.net\/alteseite\/wp-json\/wp\/v2\/pages\/677\/revisions\/11581"}],"up":[{"embeddable":true,"href":"https:\/\/wordpress44.gcms.verdigado.net\/alteseite\/wp-json\/wp\/v2\/pages\/71"}],"wp:attachment":[{"href":"https:\/\/wordpress44.gcms.verdigado.net\/alteseite\/wp-json\/wp\/v2\/media?parent=677"}],"curies":[{"name":"wp","href":"https:\/\/api.w.org\/{rel}","templated":true}]}}