{"id":3980,"date":"2020-11-06T10:04:45","date_gmt":"2020-11-06T09:04:45","guid":{"rendered":"https:\/\/gruene-bremen.de\/?page_id=3980"},"modified":"2022-10-17T10:45:45","modified_gmt":"2022-10-17T08:45:45","slug":"alles-fuer-den-einstieg-infos-fuer-neumitglieder","status":"publish","type":"page","link":"https:\/\/wordpress44.gcms.verdigado.net\/alteseite\/partei\/alles-fuer-den-einstieg-infos-fuer-neumitglieder\/","title":{"rendered":"Alles f\u00fcr den Einstieg: Infos f\u00fcr Neumitglieder"},"content":{"rendered":"<h5><\/h5>\n<h5><\/h5>\n<h5><strong>Liebes Neumitglied,<\/strong><\/h5>\n<p>herzlich Willkommen in unserer Partei! Wir freuen uns, dass du Lust hast, mit uns Gr\u00fcne Politik zu gestalten. Am Anfang des politischen Engagements kann es schwierig sein, den richtigen Einstieg zu finden. Wir alle waren mal Neumitglieder und wissen, dass die vielen Strukturen und Abk\u00fcrzungen undurchsichtig wirken k\u00f6nnen. Lass dich davon nicht abschrecken und bring deine Perspektiven, Themen und \u00dcberzeugungen in unsere Partei ein \u2013 die lebt schlie\u00dflich von ihren Mitgliedern!<\/p>\n<p>Hier unsere Hilfestellung f\u00fcr dich &#8211; mit allen Kontakten, Infokan\u00e4len und M\u00f6glichkeiten, sich als Mitglied einzubringen.<\/p>\n<p>Bei Fragen wende dich gerne an die <a href=\"https:\/\/gruene-bremen.de\/partei\/landesgeschaeftsstelle\/\">Landesgesch\u00e4ftsstelle.<\/a><\/p>\n<p>&nbsp;<\/p>\n<h4><strong>Hier kannst du dich einbringen:<\/strong><\/h4>\n<h5><strong>Im Kreisverband (KV): <\/strong><\/h5>\n<p>Die Kreisverb\u00e4nde sind die erste Anlaufstelle vor Ort in den verschiedenen Stadtteilen Bremens und in Bremerhaven. Sie veranstalten regelm\u00e4\u00dfige Treffen f\u00fcr alle Mitglieder und Interessierten und arbeiten an kommunalen oder stadtteilbezogenen Themen. Eine Liste der Kreisverb\u00e4nde und ihre Kontaktdaten findest du <a href=\"https:\/\/gruene-bremen.de\/partei\/gruen-vor-ort\/\">hier<\/a>.<\/p>\n<h5><strong>In den Landesarbeitsgemeinschaften (LAGn): <\/strong><\/h5>\n<p>Die Landesarbeitsgemeinschaften sind themenbezogene Gruppen, die an politischen Positionen und den aktuellen Themen der Bremer Politik arbeiten. Es gibt LAGn zu fast allen Politikbereichen, wie Klima, Migration, Wirtschaft und vieles weitere. Alle Mitglieder k\u00f6nnen an den Sitzungen teilnehmen, die meistens alle ein bis zwei Monate stattfinden. <a href=\"https:\/\/gruene-bremen.de\/partei\/landesarbeitsgemeinschaften\/\">Hier<\/a> findest du alle Infos.<\/p>\n<h5><strong>Auf den Landesmitgliederversammlungen (LMVn):<\/strong><\/h5>\n<p>Die Landesmitgliederversammlungen sind die Parteitage der Bremer Gr\u00fcnen. Hier w\u00e4hlen wir den Landesvorstand, stimmen \u00fcber politische Antr\u00e4ge und Wahlprogramme ab, und debattieren \u00fcber die Bremer Landespolitik. LMVn finden etwa zweimal im Jahr statt. Alle Mitglieder der Bremer Gr\u00fcnen d\u00fcrfen dort teilnehmen, w\u00e4hlen und abstimmen.<\/p>\n<p><strong>\u00a0<\/strong><\/p>\n<h4><strong>Deine Ansprechpartner*innen:<\/strong><\/h4>\n<h5><strong>Der Landesvorstand:<\/strong><\/h5>\n<p>Der Landesvorstand leitet die politische Arbeit des Gr\u00fcnen Landesverbands Bremen. Alex und Sona sind im Landesvorstand f\u00fcr Neumitglieder zust\u00e4ndig. Bei Fragen zum Einstieg in Gr\u00fcne Politik und die Arbeit des Landesverbands kannst du dich gerne bei ihnen melden.<\/p>\n<p>Sona Terlohr (<a href=\"mailto:sona.terlohr@gruene-bremen.de\">sona.terlohr@gruene-bremen.de<\/a>)<\/p>\n<p>Alexandra Werwath (<a href=\"mailto:alexandra.werwath@gruene-bremen.de\">alexandra.werwath@gruene-bremen.de<\/a>)<\/p>\n<p>&nbsp;<\/p>\n<p><strong>Die Landesgesch\u00e4ftsstelle:<\/strong><\/p>\n<p>Die Landesgesch\u00e4ftsstelle ist das B\u00fcro des Gr\u00fcnen Landesverbands. Bei allen m\u00f6glichen Fragen kannst du dich hier gerne melden. <a href=\"https:\/\/gruene-bremen.de\/partei\/landesgeschaeftsstelle\/\">Hier<\/a> findest du mehr Infos zur LGS.<\/p>\n<p>Altenwall 25<br \/>\n28195 Bremen<\/p>\n<p>Telefon:\u00a0 0421 301 1100<br \/>\nE-Mail: <u><\/u><u><a href=\"mailto:info@gruene-bremen.de\">info@gruene-bremen.de<\/a><\/u><\/p>\n<p>&nbsp;<\/p>\n<h4><strong>Dein Draht zu unseren Abgeordneten in Bremen, Berlin und Br\u00fcssel: <\/strong><\/h4>\n<h5>\u00a0<strong>Die B\u00fcrgerschaftsfraktion:<\/strong><\/h5>\n<p>Wir Gr\u00fcne sind mit 16 Abgeordneten in der Bremischen B\u00fcrgerschaft (Landtag) vertreten. 13 von ihnen sitzen f\u00fcr uns Gr\u00fcne zudem in der Stadtb\u00fcrgerschaft. Infos zu den einzelnen Abgeordneten und ihren Zust\u00e4ndigkeiten findest Du <a href=\"https:\/\/www.gruene-fraktion-bremen.de\/personen\/abgeordnete\/\">hier<\/a>. Aktuelle Pressemitteilungen der Fraktion und die Berichte aus der B\u00fcrgerschaft kannst Du <a href=\"https:\/\/www.gruene-fraktion-bremen.de\/newsletter\/\">hier<\/a> abonnieren. Das drei- bis viermal im Jahr digital erscheinende Gr\u00fcnjournal kannst Du per E-Mail an fraktion@gruene-bremen.de abonnieren.<\/p>\n<p>So erreichst Du die Fraktion:<\/p>\n<p>Altenwall 25<br \/>\n28195 Bremen<\/p>\n<p>Telefon: 0421 \/ 30 11-0<br \/>\nTelefax: 0421 \/ 30 11-250<br \/>\nE-Mail: fraktion@gruene-bremen.de<\/p>\n<p style=\"text-align: left\">Web: <a href=\"https:\/\/www.gruene-fraktion-bremen.de\/start\/\">www.gruene-fraktion-bremen.de<\/a><\/p>\n<p>&nbsp;<\/p>\n<h5><strong>In der Bremerhavener Stadtverordnetenversammlung:<\/strong><\/h5>\n<p>Im Kommunalparlament Bremerhavens, der Stadtverordnetenversammlung, sind wir Gr\u00fcne mit 8 Stadtverordneten vertreten. Wir haben in dieser Legislatur mit PIRATEN und DIE PARTEI eine gemeinsame Fraktion gegr\u00fcndet, die DIE GR\u00dcNEN PP hei\u00dft. Informationen \u00fcber die Fraktion und B\u00dcNDNIS 90\/DIE GR\u00dcNEN in Bremerhaven findest du <a href=\"http:\/\/www.gruene-bremerhaven.de\">hier<\/a>.<\/p>\n<p>Oder du meldest dich direkt bei uns:<\/p>\n<p>Stadtverordnetenfraktion DIE GR\u00dcNEN PP<br \/>\nBgm.-Smidt-Str. 137, 27568 Bremerhaven<\/p>\n<p>Telefon: 0471|30 87-240<br \/>\nMail: Stadtverordnete@gruene-bremerhaven.de<\/p>\n<p>&nbsp;<\/p>\n<h5><strong>Im Bundestag:<\/strong><\/h5>\n<p>Unsere Bremer Bundestagsabgeordnete Kirsten Kappert-Gonther ist Obfrau im Gesundheitsausschuss, Sprecherin f\u00fcr Gesundheitsf\u00f6rderung sowie Sprecherin f\u00fcr Drogenpolitik. Kirsten setzt sich im Bundestag unter anderem f\u00fcr den Ansatz Health in All Policies ein, verkn\u00fcpft Klima- und Gesundheitsschutz und engagiert sich f\u00fcr gute, gerechte Gesundheitsversorgung, Frauengesundheit und eine vernunftgeleitete Drogenpolitik, wie die kontrollierte Abgabe von Cannabis. Neben ihrem gesundheitspolitischen Schwerpunkt ist Kirsten als stellvertretendes Mitglied im Ausschuss f\u00fcr Kultur und Medien verantwortlich f\u00fcr die Themenfelder Aufarbeitung des deutschen Kolonialismus und Kolonialit\u00e4ten, sowie Kulturelle Bildung, was auch den Bereich Bibliotheken umfasst.<\/p>\n<p>Du erreichst Kirsten \u00fcber ihr Bremer Wahlkreisb\u00fcro oder online <a href=\"https:\/\/kappertgonther.de\/kontakt\/\">hier, <\/a>sowie auf <a href=\"https:\/\/www.facebook.com\/KappertGonther\/\">Facebook<\/a>, <a href=\"https:\/\/www.instagram.com\/kirstenkappertgonther\/?hl=de\">Instagram<\/a> oder <a href=\"https:\/\/twitter.com\/KirstenKappert?ref_src=twsrc%5Egoogle%7Ctwcamp%5Eserp%7Ctwgr%5Eauthor\">Twitter.\u00a0<\/a><\/p>\n<p>&nbsp;<\/p>\n<h5><strong>Im Europ\u00e4ischen Parlament:<\/strong><\/h5>\n<p>Katrin Langensiepen ist im Europ\u00e4ischen Parlament zust\u00e4ndig f\u00fcr die Bremer Gr\u00fcnen. <a href=\"https:\/\/www.katrin-langensiepen.eu\/\">Hier<\/a> findest du mehr Infos \u00fcber Katrin.<\/p>\n<p>&nbsp;<\/p>\n<h4><strong>So bleibst du auf dem Laufenden:<\/strong><\/h4>\n<p>Unseren Telegram-Kanal findest du <a href=\"https:\/\/t.me\/joinchat\/AAAAAFLa9ijo2luBZ4weCg\">hier<\/a>.<\/p>\n<p>Unseren w\u00f6chentlichen E-Mail-Newsletter kannst du <a href=\"https:\/\/gruene-bremen.de\/partei\/newsletter\/\">hier<\/a> abonnieren.<\/p>\n<p>&nbsp;<\/p>\n","protected":false},"excerpt":{"rendered":"<p>Liebes Neumitglied, herzlich Willkommen in unserer Partei! Wir freuen uns, dass du Lust hast, mit uns Gr\u00fcne Politik zu gestalten. Am Anfang des politischen Engagements kann es schwierig sein, den richtigen Einstieg zu finden. Wir alle waren mal Neumitglieder und wissen, dass die vielen Strukturen und Abk\u00fcrzungen undurchsichtig wirken k\u00f6nnen. Lass dich davon nicht abschrecken&#8230;<\/p>\n","protected":false},"author":127,"featured_media":0,"parent":71,"menu_order":0,"comment_status":"closed","ping_status":"closed","template":"","meta":{"footnotes":""},"class_list":["post-3980","page","type-page","status-publish","hentry"],"_links":{"self":[{"href":"https:\/\/wordpress44.gcms.verdigado.net\/alteseite\/wp-json\/wp\/v2\/pages\/3980","targetHints":{"allow":["GET"]}}],"collection":[{"href":"https:\/\/wordpress44.gcms.verdigado.net\/alteseite\/wp-json\/wp\/v2\/pages"}],"about":[{"href":"https:\/\/wordpress44.gcms.verdigado.net\/alteseite\/wp-json\/wp\/v2\/types\/page"}],"author":[{"embeddable":true,"href":"https:\/\/wordpress44.gcms.verdigado.net\/alteseite\/wp-json\/wp\/v2\/users\/127"}],"replies":[{"embeddable":true,"href":"https:\/\/wordpress44.gcms.verdigado.net\/alteseite\/wp-json\/wp\/v2\/comments?post=3980"}],"version-history":[{"count":3,"href":"https:\/\/wordpress44.gcms.verdigado.net\/alteseite\/wp-json\/wp\/v2\/pages\/3980\/revisions"}],"predecessor-version":[{"id":10181,"href":"https:\/\/wordpress44.gcms.verdigado.net\/alteseite\/wp-json\/wp\/v2\/pages\/3980\/revisions\/10181"}],"up":[{"embeddable":true,"href":"https:\/\/wordpress44.gcms.verdigado.net\/alteseite\/wp-json\/wp\/v2\/pages\/71"}],"wp:attachment":[{"href":"https:\/\/wordpress44.gcms.verdigado.net\/alteseite\/wp-json\/wp\/v2\/media?parent=3980"}],"curies":[{"name":"wp","href":"https:\/\/api.w.org\/{rel}","templated":true}]}}