{"id":1882,"date":"2019-10-17T14:03:42","date_gmt":"2019-10-17T12:03:42","guid":{"rendered":"https:\/\/gruene-bremen.de\/?page_id=1882"},"modified":"2023-08-15T15:53:15","modified_gmt":"2023-08-15T13:53:15","slug":"gruene-koepfe","status":"publish","type":"page","link":"https:\/\/wordpress44.gcms.verdigado.net\/alteseite\/partei\/gruene-koepfe\/","title":{"rendered":"Gr\u00fcne K\u00f6pfe"},"content":{"rendered":"<div class=\"responsive-tabs content-tabs\">\n<h2>Landesvorstand<\/h2><div>\n<p>\t\r\n\t<section class=\"personen-list mandate-list clearfix\">\r\n\t\t<\/section>\r\n\r\n\r\n\r\n\t<\/p>\n<p>\t\r\n\t<section class=\"personen-list mandate-list clearfix\">\r\n\t\t\t\t\t\t\t\t\t\t\t <article id=\"post-15322\" class=\"clearfix post-15322 person type-person status-publish has-post-thumbnail hentry abteilung-lavo\" role=\"article\">\n\t\t\t\t\t\t\t\t    \t\t\t\t\t\t\t\t\t\t\t<img loading=\"lazy\" decoding=\"async\" width=\"500\" height=\"500\" src=\"https:\/\/wordpress44.gcms.verdigado.net\/alteseite\/wp-content\/uploads\/sites\/64\/2024\/03\/Christian-Neuhaeuser-500x500.jpg\" class=\"attachment-thumbnail size-thumbnail wp-post-image\" alt=\"\" srcset=\"https:\/\/wordpress44.gcms.verdigado.net\/alteseite\/wp-content\/uploads\/sites\/64\/2024\/03\/Christian-Neuhaeuser-500x500.jpg 500w, https:\/\/wordpress44.gcms.verdigado.net\/alteseite\/wp-content\/uploads\/sites\/64\/2024\/03\/Christian-Neuhaeuser-300x300.jpg 300w\" sizes=\"auto, (max-width: 500px) 100vw, 500px\" \/>\t\t\t\t\t\t\t\t\t\t\t\t\t\t\t\t\t \n\t\t\t\t\t\t\t\t \n\t\t\t\t\t\t\t\t\t\t\t\t\t\t\t\t\t \n\t\t\t\t\t\t\t\t\t <header class=\"article-header\">\t\t\t\t\t\t\t\n\t\t\t\t\t\t\t\t\t\t <h3>Christian Neuh\u00e4user<\/h3>\n\t\t\t\t\t\t\t\t\t<\/header>\n\t\t\t\t\t\t\t\t\t\t\t\t\t\t\t\t\t\n\t\t\t\t\t\t\t\t\n\t\t\t\t\t\t\t\t\t<section class=\"entry-content\">\n\t\t\t\t\t\t\t\t\t\t\n\t\t\t\t\t\t\t\t\t\t\n\t\t\t\t\t\t\t\t\t\t\t\t\t\t\t\t\t\t\t\t<p class=\"contact\">\n\t\t\t\t\t\t\t\t\t\t\t\t\t\t\t\t\t\t\t\t\t\t\t\t\t\t\t\t\t\t\t\t\t\t\t\t\t\t\t\t\t\t\t\t\t\t\t\t\t\t\t\t\t\t\t<a href=\"mailto:&#99;hris&#116;ia&#110;.&#110;e&#117;&#104;&#97;eus&#101;r&#64;&#103;&#114;u&#101;n&#101;&#45;&#98;r&#101;me&#114;ha&#118;&#101;&#110;&#46;&#100;&#101;\" title=\"Schreibe Christian Neuh\u00e4user eine E-Mail\"><i class=\"fa fa-envelope-o\"><\/i><\/a>\t\t\t\t\t\t\t\t\t\t\t\n\t\t\t\t\t\t\t\t\t\t<\/p>\n\t\t\t\t\t\t\t\t\t\t\n\t\t\t\t\t\t\t\t\t\t\t\t\t\t\t\t\t\t\t\n\t\t\t\t\t\t\t\t\t<\/section>\n\t\t\t\t\t\t\t\t\n\n\t\t\t\t\t\t\t\t<\/article> \t\t\t\t\t\t\t\t\t\t\t\t <article id=\"post-14119\" class=\"clearfix post-14119 person type-person status-publish has-post-thumbnail hentry abteilung-lavo\" role=\"article\">\n\t\t\t\t\t\t\t\t    \t\t\t\t\t\t\t\t\t\t\t<img loading=\"lazy\" decoding=\"async\" width=\"500\" height=\"500\" src=\"https:\/\/wordpress44.gcms.verdigado.net\/alteseite\/wp-content\/uploads\/sites\/64\/2023\/10\/Franziska-Tell-Portraet-Portraet-1000x1000-1-500x500.jpg\" class=\"attachment-thumbnail size-thumbnail wp-post-image\" alt=\"\" srcset=\"https:\/\/wordpress44.gcms.verdigado.net\/alteseite\/wp-content\/uploads\/sites\/64\/2023\/10\/Franziska-Tell-Portraet-Portraet-1000x1000-1-500x500.jpg 500w, https:\/\/wordpress44.gcms.verdigado.net\/alteseite\/wp-content\/uploads\/sites\/64\/2023\/10\/Franziska-Tell-Portraet-Portraet-1000x1000-1-400x400.jpg 400w, https:\/\/wordpress44.gcms.verdigado.net\/alteseite\/wp-content\/uploads\/sites\/64\/2023\/10\/Franziska-Tell-Portraet-Portraet-1000x1000-1-768x768.jpg 768w, https:\/\/wordpress44.gcms.verdigado.net\/alteseite\/wp-content\/uploads\/sites\/64\/2023\/10\/Franziska-Tell-Portraet-Portraet-1000x1000-1-300x300.jpg 300w, https:\/\/wordpress44.gcms.verdigado.net\/alteseite\/wp-content\/uploads\/sites\/64\/2023\/10\/Franziska-Tell-Portraet-Portraet-1000x1000-1-900x900.jpg 900w, https:\/\/wordpress44.gcms.verdigado.net\/alteseite\/wp-content\/uploads\/sites\/64\/2023\/10\/Franziska-Tell-Portraet-Portraet-1000x1000-1.jpg 1000w\" sizes=\"auto, (max-width: 500px) 100vw, 500px\" \/>\t\t\t\t\t\t\t\t\t\t\t\t\t\t\t\t\t \n\t\t\t\t\t\t\t\t \n\t\t\t\t\t\t\t\t\t\t\t\t\t\t\t\t\t \n\t\t\t\t\t\t\t\t\t <header class=\"article-header\">\t\t\t\t\t\t\t\n\t\t\t\t\t\t\t\t\t\t <h3>Franziska Tell<\/h3>\n\t\t\t\t\t\t\t\t\t<\/header>\n\t\t\t\t\t\t\t\t\t\t\t\t\t\t\t\t\t\n\t\t\t\t\t\t\t\t\n\t\t\t\t\t\t\t\t\t<section class=\"entry-content\">\n\t\t\t\t\t\t\t\t\t\t\n\t\t\t\t\t\t\t\t\t\t\n\t\t\t\t\t\t\t\t\t\t<p class=\"short\">Landesvorstandssprecherin<\/p>\t\t\t\t\t\t\t\t\t\t<p class=\"contact\">\n\t\t\t\t\t\t\t\t\t\t\t\t\t\t\t\t\t\t\t\t\t\t\t\t\t\t\t\t\t\t\t\t\t\t\t\t\t\t\t\t\t\t\t\t<a href=\"https:\/\/www.instagram.com\/franziska_tell\/\" title=\"Zum Instagram-Profil von Franziska Tell\"><i class=\"fa fa-instagram\"><\/i><\/a>\t\t\t\t\t\t\t\t\t\t\t<a href=\"mailto:f&#114;a&#110;zi&#115;&#107;a&#46;&#116;&#101;&#108;l&#64;gruen&#101;-b&#114;&#101;&#109;en.&#100;e\" title=\"Schreibe Franziska Tell eine E-Mail\"><i class=\"fa fa-envelope-o\"><\/i><\/a>\t\t\t\t\t\t\t\t\t\t\t\n\t\t\t\t\t\t\t\t\t\t<\/p>\n\t\t\t\t\t\t\t\t\t\t\n\t\t\t\t\t\t\t\t\t\t\t\t\t\t\t\t\t\t\t\n\t\t\t\t\t\t\t\t\t<\/section>\n\t\t\t\t\t\t\t\t\n\n\t\t\t\t\t\t\t\t<\/article> \t\t\t\t\t\t\t\t\t\t\t\t <article id=\"post-14121\" class=\"clearfix post-14121 person type-person status-publish has-post-thumbnail hentry abteilung-lavo\" role=\"article\">\n\t\t\t\t\t\t\t\t    \t\t\t\t\t\t\t\t\t\t\t<img loading=\"lazy\" decoding=\"async\" width=\"500\" height=\"500\" src=\"https:\/\/wordpress44.gcms.verdigado.net\/alteseite\/wp-content\/uploads\/sites\/64\/2023\/10\/Marek-Helsner-Portraet-1000x1000-1-500x500.jpg\" class=\"attachment-thumbnail size-thumbnail wp-post-image\" alt=\"\" srcset=\"https:\/\/wordpress44.gcms.verdigado.net\/alteseite\/wp-content\/uploads\/sites\/64\/2023\/10\/Marek-Helsner-Portraet-1000x1000-1-500x500.jpg 500w, https:\/\/wordpress44.gcms.verdigado.net\/alteseite\/wp-content\/uploads\/sites\/64\/2023\/10\/Marek-Helsner-Portraet-1000x1000-1-400x400.jpg 400w, https:\/\/wordpress44.gcms.verdigado.net\/alteseite\/wp-content\/uploads\/sites\/64\/2023\/10\/Marek-Helsner-Portraet-1000x1000-1-768x768.jpg 768w, https:\/\/wordpress44.gcms.verdigado.net\/alteseite\/wp-content\/uploads\/sites\/64\/2023\/10\/Marek-Helsner-Portraet-1000x1000-1-300x300.jpg 300w, https:\/\/wordpress44.gcms.verdigado.net\/alteseite\/wp-content\/uploads\/sites\/64\/2023\/10\/Marek-Helsner-Portraet-1000x1000-1-900x900.jpg 900w, https:\/\/wordpress44.gcms.verdigado.net\/alteseite\/wp-content\/uploads\/sites\/64\/2023\/10\/Marek-Helsner-Portraet-1000x1000-1.jpg 1000w\" sizes=\"auto, (max-width: 500px) 100vw, 500px\" \/>\t\t\t\t\t\t\t\t\t\t\t\t\t\t\t\t\t \n\t\t\t\t\t\t\t\t \n\t\t\t\t\t\t\t\t\t\t\t\t\t\t\t\t\t \n\t\t\t\t\t\t\t\t\t <header class=\"article-header\">\t\t\t\t\t\t\t\n\t\t\t\t\t\t\t\t\t\t <h3>Marek Helsner<\/h3>\n\t\t\t\t\t\t\t\t\t<\/header>\n\t\t\t\t\t\t\t\t\t\t\t\t\t\t\t\t\t\n\t\t\t\t\t\t\t\t\n\t\t\t\t\t\t\t\t\t<section class=\"entry-content\">\n\t\t\t\t\t\t\t\t\t\t\n\t\t\t\t\t\t\t\t\t\t\n\t\t\t\t\t\t\t\t\t\t<p class=\"short\">Landesvorstandssprecher<\/p>\t\t\t\t\t\t\t\t\t\t<p class=\"contact\">\n\t\t\t\t\t\t\t\t\t\t\t\t\t\t\t\t\t\t\t\t\t\t\t\t\t\t\t\t\t\t\t\t\t\t\t\t\t\t\t\t\t\t\t\t\t\t\t\t\t\t\t\t\t\t\t<a href=\"mailto:&#109;a&#114;e&#107;.&#104;&#101;ls&#110;&#101;&#114;&#64;&#103;&#114;&#117;e&#110;&#101;&#45;b&#114;&#101;&#109;e&#110;.&#100;e\" title=\"Schreibe Marek Helsner eine E-Mail\"><i class=\"fa fa-envelope-o\"><\/i><\/a>\t\t\t\t\t\t\t\t\t\t\t\n\t\t\t\t\t\t\t\t\t\t<\/p>\n\t\t\t\t\t\t\t\t\t\t\n\t\t\t\t\t\t\t\t\t\t\t\t\t\t\t\t\t\t\t\n\t\t\t\t\t\t\t\t\t<\/section>\n\t\t\t\t\t\t\t\t\n\n\t\t\t\t\t\t\t\t<\/article> \t\t\t\t\t\t\t\t\t\t\t\t <article id=\"post-14123\" class=\"clearfix post-14123 person type-person status-publish has-post-thumbnail hentry abteilung-lavo\" role=\"article\">\n\t\t\t\t\t\t\t\t    \t\t\t\t\t\t\t\t\t\t\t<img loading=\"lazy\" decoding=\"async\" width=\"500\" height=\"500\" src=\"https:\/\/wordpress44.gcms.verdigado.net\/alteseite\/wp-content\/uploads\/sites\/64\/2023\/10\/Marlin-Meier-Portraet-1000x1000-1-500x500.jpg\" class=\"attachment-thumbnail size-thumbnail wp-post-image\" alt=\"\" srcset=\"https:\/\/wordpress44.gcms.verdigado.net\/alteseite\/wp-content\/uploads\/sites\/64\/2023\/10\/Marlin-Meier-Portraet-1000x1000-1-500x500.jpg 500w, https:\/\/wordpress44.gcms.verdigado.net\/alteseite\/wp-content\/uploads\/sites\/64\/2023\/10\/Marlin-Meier-Portraet-1000x1000-1-400x400.jpg 400w, https:\/\/wordpress44.gcms.verdigado.net\/alteseite\/wp-content\/uploads\/sites\/64\/2023\/10\/Marlin-Meier-Portraet-1000x1000-1-768x768.jpg 768w, https:\/\/wordpress44.gcms.verdigado.net\/alteseite\/wp-content\/uploads\/sites\/64\/2023\/10\/Marlin-Meier-Portraet-1000x1000-1-300x300.jpg 300w, https:\/\/wordpress44.gcms.verdigado.net\/alteseite\/wp-content\/uploads\/sites\/64\/2023\/10\/Marlin-Meier-Portraet-1000x1000-1-900x900.jpg 900w, https:\/\/wordpress44.gcms.verdigado.net\/alteseite\/wp-content\/uploads\/sites\/64\/2023\/10\/Marlin-Meier-Portraet-1000x1000-1.jpg 1000w\" sizes=\"auto, (max-width: 500px) 100vw, 500px\" \/>\t\t\t\t\t\t\t\t\t\t\t\t\t\t\t\t\t \n\t\t\t\t\t\t\t\t \n\t\t\t\t\t\t\t\t\t\t\t\t\t\t\t\t\t \n\t\t\t\t\t\t\t\t\t <header class=\"article-header\">\t\t\t\t\t\t\t\n\t\t\t\t\t\t\t\t\t\t <h3>Marlin Meier<\/h3>\n\t\t\t\t\t\t\t\t\t<\/header>\n\t\t\t\t\t\t\t\t\t\t\t\t\t\t\t\t\t\n\t\t\t\t\t\t\t\t\n\t\t\t\t\t\t\t\t\t<section class=\"entry-content\">\n\t\t\t\t\t\t\t\t\t\t\n\t\t\t\t\t\t\t\t\t\t\n\t\t\t\t\t\t\t\t\t\t<p class=\"short\">Landesschatzmeister<\/p>\t\t\t\t\t\t\t\t\t\t<p class=\"contact\">\n\t\t\t\t\t\t\t\t\t\t\t\t\t\t\t\t\t\t\t\t\t\t\t\t\t\t\t\t\t\t\t\t\t\t\t\t\t\t\t\t\t\t\t\t\t\t\t\t\t\t\t\t\t\t\t<a href=\"mailto:m&#97;&#114;li&#110;.m&#101;ier&#64;&#103;r&#117;&#101;&#110;&#101;-br&#101;me&#110;&#46;d&#101;\" title=\"Schreibe Marlin Meier eine E-Mail\"><i class=\"fa fa-envelope-o\"><\/i><\/a>\t\t\t\t\t\t\t\t\t\t\t\n\t\t\t\t\t\t\t\t\t\t<\/p>\n\t\t\t\t\t\t\t\t\t\t\n\t\t\t\t\t\t\t\t\t\t\t\t\t\t\t\t\t\t\t\n\t\t\t\t\t\t\t\t\t<\/section>\n\t\t\t\t\t\t\t\t\n\n\t\t\t\t\t\t\t\t<\/article> \t\t\t\t\t\t\t\t\t\t\t\t <article id=\"post-14125\" class=\"clearfix post-14125 person type-person status-publish has-post-thumbnail hentry abteilung-lavo\" role=\"article\">\n\t\t\t\t\t\t\t\t    \t\t\t\t\t\t\t\t\t\t\t<img loading=\"lazy\" decoding=\"async\" width=\"500\" height=\"500\" src=\"https:\/\/wordpress44.gcms.verdigado.net\/alteseite\/wp-content\/uploads\/sites\/64\/2023\/10\/Josephine-Assmus-Portraet-1000x1000-1-500x500.jpg\" class=\"attachment-thumbnail size-thumbnail wp-post-image\" alt=\"\" srcset=\"https:\/\/wordpress44.gcms.verdigado.net\/alteseite\/wp-content\/uploads\/sites\/64\/2023\/10\/Josephine-Assmus-Portraet-1000x1000-1-500x500.jpg 500w, https:\/\/wordpress44.gcms.verdigado.net\/alteseite\/wp-content\/uploads\/sites\/64\/2023\/10\/Josephine-Assmus-Portraet-1000x1000-1-400x400.jpg 400w, https:\/\/wordpress44.gcms.verdigado.net\/alteseite\/wp-content\/uploads\/sites\/64\/2023\/10\/Josephine-Assmus-Portraet-1000x1000-1-768x768.jpg 768w, https:\/\/wordpress44.gcms.verdigado.net\/alteseite\/wp-content\/uploads\/sites\/64\/2023\/10\/Josephine-Assmus-Portraet-1000x1000-1-300x300.jpg 300w, https:\/\/wordpress44.gcms.verdigado.net\/alteseite\/wp-content\/uploads\/sites\/64\/2023\/10\/Josephine-Assmus-Portraet-1000x1000-1-900x900.jpg 900w, https:\/\/wordpress44.gcms.verdigado.net\/alteseite\/wp-content\/uploads\/sites\/64\/2023\/10\/Josephine-Assmus-Portraet-1000x1000-1.jpg 1000w\" sizes=\"auto, (max-width: 500px) 100vw, 500px\" \/>\t\t\t\t\t\t\t\t\t\t\t\t\t\t\t\t\t \n\t\t\t\t\t\t\t\t \n\t\t\t\t\t\t\t\t\t\t\t\t\t\t\t\t\t \n\t\t\t\t\t\t\t\t\t <header class=\"article-header\">\t\t\t\t\t\t\t\n\t\t\t\t\t\t\t\t\t\t <h3>Josephine Assmus<\/h3>\n\t\t\t\t\t\t\t\t\t<\/header>\n\t\t\t\t\t\t\t\t\t\t\t\t\t\t\t\t\t\n\t\t\t\t\t\t\t\t\n\t\t\t\t\t\t\t\t\t<section class=\"entry-content\">\n\t\t\t\t\t\t\t\t\t\t\n\t\t\t\t\t\t\t\t\t\t\n\t\t\t\t\t\t\t\t\t\t\t\t\t\t\t\t\t\t\t\t<p class=\"contact\">\n\t\t\t\t\t\t\t\t\t\t\t\t\t\t\t\t\t\t\t\t\t\t\t\t\t\t\t\t\t\t\t\t\t\t\t\t\t\t\t\t\t\t\t\t\t\t\t\t\t\t\t\t\t\t\t<a href=\"mailto:j&#111;&#115;&#101;ph&#105;n&#101;&#46;&#97;&#115;s&#109;us&#64;&#103;r&#117;&#101;&#110;e&#45;&#98;r&#101;me&#110;&#46;&#100;e\" title=\"Schreibe Josephine Assmus eine E-Mail\"><i class=\"fa fa-envelope-o\"><\/i><\/a>\t\t\t\t\t\t\t\t\t\t\t\n\t\t\t\t\t\t\t\t\t\t<\/p>\n\t\t\t\t\t\t\t\t\t\t\n\t\t\t\t\t\t\t\t\t\t\t\t\t\t\t\t\t\t\t\n\t\t\t\t\t\t\t\t\t<\/section>\n\t\t\t\t\t\t\t\t\n\n\t\t\t\t\t\t\t\t<\/article> \t\t\t\t\t\t\t\t\t\t\t\t <article id=\"post-14127\" class=\"clearfix post-14127 person type-person status-publish has-post-thumbnail hentry abteilung-lavo\" role=\"article\">\n\t\t\t\t\t\t\t\t    \t\t\t\t\t\t\t\t\t\t\t<img loading=\"lazy\" decoding=\"async\" width=\"500\" height=\"500\" src=\"https:\/\/wordpress44.gcms.verdigado.net\/alteseite\/wp-content\/uploads\/sites\/64\/2023\/10\/Sarah-Dilbat-Portraet-Portraet-1000x1000-1-500x500.jpg\" class=\"attachment-thumbnail size-thumbnail wp-post-image\" alt=\"\" srcset=\"https:\/\/wordpress44.gcms.verdigado.net\/alteseite\/wp-content\/uploads\/sites\/64\/2023\/10\/Sarah-Dilbat-Portraet-Portraet-1000x1000-1-500x500.jpg 500w, https:\/\/wordpress44.gcms.verdigado.net\/alteseite\/wp-content\/uploads\/sites\/64\/2023\/10\/Sarah-Dilbat-Portraet-Portraet-1000x1000-1-400x400.jpg 400w, https:\/\/wordpress44.gcms.verdigado.net\/alteseite\/wp-content\/uploads\/sites\/64\/2023\/10\/Sarah-Dilbat-Portraet-Portraet-1000x1000-1-768x768.jpg 768w, https:\/\/wordpress44.gcms.verdigado.net\/alteseite\/wp-content\/uploads\/sites\/64\/2023\/10\/Sarah-Dilbat-Portraet-Portraet-1000x1000-1-300x300.jpg 300w, https:\/\/wordpress44.gcms.verdigado.net\/alteseite\/wp-content\/uploads\/sites\/64\/2023\/10\/Sarah-Dilbat-Portraet-Portraet-1000x1000-1-900x900.jpg 900w, https:\/\/wordpress44.gcms.verdigado.net\/alteseite\/wp-content\/uploads\/sites\/64\/2023\/10\/Sarah-Dilbat-Portraet-Portraet-1000x1000-1.jpg 1000w\" sizes=\"auto, (max-width: 500px) 100vw, 500px\" \/>\t\t\t\t\t\t\t\t\t\t\t\t\t\t\t\t\t \n\t\t\t\t\t\t\t\t \n\t\t\t\t\t\t\t\t\t\t\t\t\t\t\t\t\t \n\t\t\t\t\t\t\t\t\t <header class=\"article-header\">\t\t\t\t\t\t\t\n\t\t\t\t\t\t\t\t\t\t <h3>Sarah Dilbat<\/h3>\n\t\t\t\t\t\t\t\t\t<\/header>\n\t\t\t\t\t\t\t\t\t\t\t\t\t\t\t\t\t\n\t\t\t\t\t\t\t\t\n\t\t\t\t\t\t\t\t\t<section class=\"entry-content\">\n\t\t\t\t\t\t\t\t\t\t\n\t\t\t\t\t\t\t\t\t\t\n\t\t\t\t\t\t\t\t\t\t\t\t\t\t\t\t\t\t\t\t<p class=\"contact\">\n\t\t\t\t\t\t\t\t\t\t\t\t\t\t\t\t\t\t\t\t\t\t\t\t\t\t\t\t\t\t\t\t\t\t\t\t\t\t\t\t\t\t\t\t\t\t\t\t\t\t\t\t\t\t\t<a href=\"mailto:&#115;a&#114;ah.dil&#98;at&#64;grue&#110;e-&#98;re&#109;&#101;&#110;.d&#101;\" title=\"Schreibe Sarah Dilbat eine E-Mail\"><i class=\"fa fa-envelope-o\"><\/i><\/a>\t\t\t\t\t\t\t\t\t\t\t\n\t\t\t\t\t\t\t\t\t\t<\/p>\n\t\t\t\t\t\t\t\t\t\t\n\t\t\t\t\t\t\t\t\t\t\t\t\t\t\t\t\t\t\t\n\t\t\t\t\t\t\t\t\t<\/section>\n\t\t\t\t\t\t\t\t\n\n\t\t\t\t\t\t\t\t<\/article> \t\t\t\t\t\t\t\t\t\t\t\t <article id=\"post-14129\" class=\"clearfix post-14129 person type-person status-publish has-post-thumbnail hentry abteilung-lavo\" role=\"article\">\n\t\t\t\t\t\t\t\t    \t\t\t\t\t\t\t\t\t\t\t<img loading=\"lazy\" decoding=\"async\" width=\"500\" height=\"500\" src=\"https:\/\/wordpress44.gcms.verdigado.net\/alteseite\/wp-content\/uploads\/sites\/64\/2023\/10\/Lena-Kramer-Portraet-1000x1000-1-500x500.jpg\" class=\"attachment-thumbnail size-thumbnail wp-post-image\" alt=\"\" srcset=\"https:\/\/wordpress44.gcms.verdigado.net\/alteseite\/wp-content\/uploads\/sites\/64\/2023\/10\/Lena-Kramer-Portraet-1000x1000-1-500x500.jpg 500w, https:\/\/wordpress44.gcms.verdigado.net\/alteseite\/wp-content\/uploads\/sites\/64\/2023\/10\/Lena-Kramer-Portraet-1000x1000-1-400x400.jpg 400w, https:\/\/wordpress44.gcms.verdigado.net\/alteseite\/wp-content\/uploads\/sites\/64\/2023\/10\/Lena-Kramer-Portraet-1000x1000-1-768x768.jpg 768w, https:\/\/wordpress44.gcms.verdigado.net\/alteseite\/wp-content\/uploads\/sites\/64\/2023\/10\/Lena-Kramer-Portraet-1000x1000-1-300x300.jpg 300w, https:\/\/wordpress44.gcms.verdigado.net\/alteseite\/wp-content\/uploads\/sites\/64\/2023\/10\/Lena-Kramer-Portraet-1000x1000-1-900x900.jpg 900w, https:\/\/wordpress44.gcms.verdigado.net\/alteseite\/wp-content\/uploads\/sites\/64\/2023\/10\/Lena-Kramer-Portraet-1000x1000-1.jpg 1000w\" sizes=\"auto, (max-width: 500px) 100vw, 500px\" \/>\t\t\t\t\t\t\t\t\t\t\t\t\t\t\t\t\t \n\t\t\t\t\t\t\t\t \n\t\t\t\t\t\t\t\t\t\t\t\t\t\t\t\t\t \n\t\t\t\t\t\t\t\t\t <header class=\"article-header\">\t\t\t\t\t\t\t\n\t\t\t\t\t\t\t\t\t\t <h3>Lena Kramer<\/h3>\n\t\t\t\t\t\t\t\t\t<\/header>\n\t\t\t\t\t\t\t\t\t\t\t\t\t\t\t\t\t\n\t\t\t\t\t\t\t\t\n\t\t\t\t\t\t\t\t\t<section class=\"entry-content\">\n\t\t\t\t\t\t\t\t\t\t\n\t\t\t\t\t\t\t\t\t\t\n\t\t\t\t\t\t\t\t\t\t\t\t\t\t\t\t\t\t\t\t<p class=\"contact\">\n\t\t\t\t\t\t\t\t\t\t\t\t\t\t\t\t\t\t\t\t\t\t\t\t\t\t\t\t\t\t\t\t\t\t\t\t\t\t\t\t\t\t\t\t\t\t\t\t\t\t\t\t\t\t\t<a href=\"mailto:&#108;ena&#46;&#107;ra&#109;er&#64;g&#114;&#117;e&#110;&#101;&#45;br&#101;&#109;en.d&#101;\" title=\"Schreibe Lena Kramer eine E-Mail\"><i class=\"fa fa-envelope-o\"><\/i><\/a>\t\t\t\t\t\t\t\t\t\t\t\n\t\t\t\t\t\t\t\t\t\t<\/p>\n\t\t\t\t\t\t\t\t\t\t\n\t\t\t\t\t\t\t\t\t\t\t\t\t\t\t\t\t\t\t\n\t\t\t\t\t\t\t\t\t<\/section>\n\t\t\t\t\t\t\t\t\n\n\t\t\t\t\t\t\t\t<\/article> \t\t\t\t\t\t\t\t\t\t\t\t <article id=\"post-14131\" class=\"clearfix post-14131 person type-person status-publish has-post-thumbnail hentry abteilung-lavo\" role=\"article\">\n\t\t\t\t\t\t\t\t    \t\t\t\t\t\t\t\t\t\t\t<img loading=\"lazy\" decoding=\"async\" width=\"500\" height=\"500\" src=\"https:\/\/wordpress44.gcms.verdigado.net\/alteseite\/wp-content\/uploads\/sites\/64\/2023\/10\/Joris-Immenhauser-Portraet-1000x1000-1-500x500.jpg\" class=\"attachment-thumbnail size-thumbnail wp-post-image\" alt=\"\" srcset=\"https:\/\/wordpress44.gcms.verdigado.net\/alteseite\/wp-content\/uploads\/sites\/64\/2023\/10\/Joris-Immenhauser-Portraet-1000x1000-1-500x500.jpg 500w, https:\/\/wordpress44.gcms.verdigado.net\/alteseite\/wp-content\/uploads\/sites\/64\/2023\/10\/Joris-Immenhauser-Portraet-1000x1000-1-400x400.jpg 400w, https:\/\/wordpress44.gcms.verdigado.net\/alteseite\/wp-content\/uploads\/sites\/64\/2023\/10\/Joris-Immenhauser-Portraet-1000x1000-1-768x768.jpg 768w, https:\/\/wordpress44.gcms.verdigado.net\/alteseite\/wp-content\/uploads\/sites\/64\/2023\/10\/Joris-Immenhauser-Portraet-1000x1000-1-300x300.jpg 300w, https:\/\/wordpress44.gcms.verdigado.net\/alteseite\/wp-content\/uploads\/sites\/64\/2023\/10\/Joris-Immenhauser-Portraet-1000x1000-1-900x900.jpg 900w, https:\/\/wordpress44.gcms.verdigado.net\/alteseite\/wp-content\/uploads\/sites\/64\/2023\/10\/Joris-Immenhauser-Portraet-1000x1000-1.jpg 1000w\" sizes=\"auto, (max-width: 500px) 100vw, 500px\" \/>\t\t\t\t\t\t\t\t\t\t\t\t\t\t\t\t\t \n\t\t\t\t\t\t\t\t \n\t\t\t\t\t\t\t\t\t\t\t\t\t\t\t\t\t \n\t\t\t\t\t\t\t\t\t <header class=\"article-header\">\t\t\t\t\t\t\t\n\t\t\t\t\t\t\t\t\t\t <h3>Joris Immenhauser<\/h3>\n\t\t\t\t\t\t\t\t\t<\/header>\n\t\t\t\t\t\t\t\t\t\t\t\t\t\t\t\t\t\n\t\t\t\t\t\t\t\t\n\t\t\t\t\t\t\t\t\t<section class=\"entry-content\">\n\t\t\t\t\t\t\t\t\t\t\n\t\t\t\t\t\t\t\t\t\t\n\t\t\t\t\t\t\t\t\t\t\t\t\t\t\t\t\t\t\t\t<p class=\"contact\">\n\t\t\t\t\t\t\t\t\t\t\t\t\t\t\t\t\t\t\t\t\t\t\t\t\t\t\t\t\t\t\t\t\t\t\t\t\t\t\t\t\t\t\t\t\t\t\t\t\t\t\t\t\t\t\t<a href=\"mailto:j&#111;&#114;&#105;s&#46;im&#109;&#101;nh&#97;us&#101;r&#64;g&#114;ue&#110;e-bremen&#46;d&#101;\" title=\"Schreibe Joris Immenhauser eine E-Mail\"><i class=\"fa fa-envelope-o\"><\/i><\/a>\t\t\t\t\t\t\t\t\t\t\t\n\t\t\t\t\t\t\t\t\t\t<\/p>\n\t\t\t\t\t\t\t\t\t\t\n\t\t\t\t\t\t\t\t\t\t\t\t\t\t\t\t\t\t\t\n\t\t\t\t\t\t\t\t\t<\/section>\n\t\t\t\t\t\t\t\t\n\n\t\t\t\t\t\t\t\t<\/article> \t\t\t<\/section>\r\n\r\n\r\n\r\n\t<\/p>\n<\/div>\n<h2>B\u00fcrgerschaftsfraktion<\/h2><div>\n<p>\t\r\n\t<section class=\"personen-list mandate-list clearfix\">\r\n\t\t\t\t\t\t\t\t\t\t\t <article id=\"post-457\" class=\"clearfix post-457 person type-person status-publish has-post-thumbnail hentry abteilung-fraktion abteilung-kandi abteilung-kandidierende-bbue-2023\" role=\"article\">\n\t\t\t\t\t\t\t\t    \t\t\t\t\t\t\t\t\t\t\t<img loading=\"lazy\" decoding=\"async\" width=\"500\" height=\"500\" src=\"https:\/\/wordpress44.gcms.verdigado.net\/alteseite\/wp-content\/uploads\/sites\/64\/2023\/02\/Henrike-500x500.jpg\" class=\"attachment-thumbnail size-thumbnail wp-post-image\" alt=\"\" srcset=\"https:\/\/wordpress44.gcms.verdigado.net\/alteseite\/wp-content\/uploads\/sites\/64\/2023\/02\/Henrike-500x500.jpg 500w, https:\/\/wordpress44.gcms.verdigado.net\/alteseite\/wp-content\/uploads\/sites\/64\/2023\/02\/Henrike-300x300.jpg 300w\" sizes=\"auto, (max-width: 500px) 100vw, 500px\" \/>\t\t\t\t\t\t\t\t\t\t\t\t\t\t\t\t\t \n\t\t\t\t\t\t\t\t \n\t\t\t\t\t\t\t\t\t\t\t\t\t\t\t\t\t \n\t\t\t\t\t\t\t\t\t <header class=\"article-header\">\t\t\t\t\t\t\t\n\t\t\t\t\t\t\t\t\t\t <h3>Henrike M\u00fcller<\/h3>\n\t\t\t\t\t\t\t\t\t<\/header>\n\t\t\t\t\t\t\t\t\t\t\t\t\t\t\t\t\t\n\t\t\t\t\t\t\t\t\n\t\t\t\t\t\t\t\t\t<section class=\"entry-content\">\n\t\t\t\t\t\t\t\t\t\t\n\t\t\t\t\t\t\t\t\t\t<p class=\"funktion\">Fraktionsvorsitzende, Arbeitsmarktpolitik, Geschlechterpolitik, \u00d6ffentlicher Dienst, Religionspolitik<\/p>\t\t\t\t\t\t\t\t\t\t\t\t\t\t\t\t\t\t\t\t\n\t\t\t\t\t\t\t\t\t\t<p class=\"contact\">\n\t\t\t\t\t\t\t\t\t\t\t<a href=\"http:\/\/www.henrikemueller.de \" title=\"Zur Website von Henrike M\u00fcller\"><i class=\"fa fa-globe\"><\/i><\/a>\t\t\t\t\t\t\t\t\t\t\t<a href=\"http:\/\/facebook.com\/henrike.muller.7 \" title=\"Zum Facebook-Profil von Henrike M\u00fcller\"><i class=\"fa fa-thumbs-o-up\"><\/i><\/a>\t\t\t\t\t\t\t\t\t\t\t<a href=\"https:\/\/twitter.com\/MullerHenrike \" title=\"Zum Twitter-Acccount von Henrike M\u00fcller\"><i class=\"fa fa-twitter\"><\/i><\/a>\t\t\t\t\t\t\t\t\t\t\t<a href=\"http:\/\/instagram.de\/henrikemuellerhb \" title=\"Zum Instagram-Profil von Henrike M\u00fcller\"><i class=\"fa fa-instagram\"><\/i><\/a>\t\t\t\t\t\t\t\t\t\t\t<a href=\"mailto:h&#101;nri&#107;e&#46;&#109;uel&#108;&#101;&#114;&#64;g&#114;&#117;&#101;ne-&#98;r&#101;men&#46;d&#101;\" title=\"Schreibe Henrike M\u00fcller eine E-Mail\"><i class=\"fa fa-envelope-o\"><\/i><\/a>\t\t\t\t\t\t\t\t\t\t\t\n\t\t\t\t\t\t\t\t\t\t<\/p>\n\t\t\t\t\t\t\t\t\t\t<p class=\"details\"><a href=\"https:\/\/wordpress44.gcms.verdigado.net\/alteseite\/person\/henrike-mueller\/\" title=\"Mehr Details \u00fcber Henrike M\u00fcller\">Details \u00bb<\/a><\/p>\t\t\t\t\t\t\t\t\t\n\t\t\t\t\t\t\t\t\t<\/section>\n\t\t\t\t\t\t\t\t\n\n\t\t\t\t\t\t\t\t<\/article> \t\t\t\t\t\t\t\t\t\t\t\t <article id=\"post-439\" class=\"clearfix post-439 person type-person status-publish has-post-thumbnail hentry abteilung-fraktion abteilung-kandi abteilung-kandidierende-bbue-2023\" role=\"article\">\n\t\t\t\t\t\t\t\t    \t\t\t\t\t\t\t\t\t\t\t<img loading=\"lazy\" decoding=\"async\" width=\"500\" height=\"500\" src=\"https:\/\/wordpress44.gcms.verdigado.net\/alteseite\/wp-content\/uploads\/sites\/64\/2023\/02\/Philipp-500x500.jpg\" class=\"attachment-thumbnail size-thumbnail wp-post-image\" alt=\"\" srcset=\"https:\/\/wordpress44.gcms.verdigado.net\/alteseite\/wp-content\/uploads\/sites\/64\/2023\/02\/Philipp-500x500.jpg 500w, https:\/\/wordpress44.gcms.verdigado.net\/alteseite\/wp-content\/uploads\/sites\/64\/2023\/02\/Philipp-300x300.jpg 300w\" sizes=\"auto, (max-width: 500px) 100vw, 500px\" \/>\t\t\t\t\t\t\t\t\t\t\t\t\t\t\t\t\t \n\t\t\t\t\t\t\t\t \n\t\t\t\t\t\t\t\t\t\t\t\t\t\t\t\t\t \n\t\t\t\t\t\t\t\t\t <header class=\"article-header\">\t\t\t\t\t\t\t\n\t\t\t\t\t\t\t\t\t\t <h3>Philipp Bruck<\/h3>\n\t\t\t\t\t\t\t\t\t<\/header>\n\t\t\t\t\t\t\t\t\t\t\t\t\t\t\t\t\t\n\t\t\t\t\t\t\t\t\n\t\t\t\t\t\t\t\t\t<section class=\"entry-content\">\n\t\t\t\t\t\t\t\t\t\t\n\t\t\t\t\t\t\t\t\t\t<p class=\"funktion\">Stv. Fraktionsvorsitzender, Haushalt und Finanzen, Klima- und Energiepolitik, Tierpolitik<\/p>\t\t\t\t\t\t\t\t\t\t\t\t\t\t\t\t\t\t\t\t\n\t\t\t\t\t\t\t\t\t\t<p class=\"contact\">\n\t\t\t\t\t\t\t\t\t\t\t<a href=\"http:\/\/www.philipp-bruck.de\" title=\"Zur Website von Philipp Bruck\"><i class=\"fa fa-globe\"><\/i><\/a>\t\t\t\t\t\t\t\t\t\t\t<a href=\"http:\/\/facebook.com\/philipp.bruck\" title=\"Zum Facebook-Profil von Philipp Bruck\"><i class=\"fa fa-thumbs-o-up\"><\/i><\/a>\t\t\t\t\t\t\t\t\t\t\t<a href=\"https:\/\/twitter.com\/@PhBruck\" title=\"Zum Twitter-Acccount von Philipp Bruck\"><i class=\"fa fa-twitter\"><\/i><\/a>\t\t\t\t\t\t\t\t\t\t\t<a href=\"https:\/\/www.instagram.com\/philipp.bruck\/\" title=\"Zum Instagram-Profil von Philipp Bruck\"><i class=\"fa fa-instagram\"><\/i><\/a>\t\t\t\t\t\t\t\t\t\t\t<a href=\"mailto:p&#104;i&#108;&#105;&#112;&#112;&#46;&#98;ru&#99;&#107;&#64;&#103;&#114;&#117;&#101;ne-&#98;re&#109;e&#110;.&#100;&#101;\" title=\"Schreibe Philipp Bruck eine E-Mail\"><i class=\"fa fa-envelope-o\"><\/i><\/a>\t\t\t\t\t\t\t\t\t\t\t\n\t\t\t\t\t\t\t\t\t\t<\/p>\n\t\t\t\t\t\t\t\t\t\t<p class=\"details\"><a href=\"https:\/\/wordpress44.gcms.verdigado.net\/alteseite\/person\/philipp-bruck\/\" title=\"Mehr Details \u00fcber Philipp Bruck\">Details \u00bb<\/a><\/p>\t\t\t\t\t\t\t\t\t\n\t\t\t\t\t\t\t\t\t<\/section>\n\t\t\t\t\t\t\t\t\n\n\t\t\t\t\t\t\t\t<\/article> \t\t\t\t\t\t\t\t\t\t\t\t <article id=\"post-182\" class=\"clearfix post-182 person type-person status-publish has-post-thumbnail hentry abteilung-fraktion abteilung-kandi abteilung-kandidierende-bbue-2023\" role=\"article\">\n\t\t\t\t\t\t\t\t    \t\t\t\t\t\t\t\t\t\t\t<img loading=\"lazy\" decoding=\"async\" width=\"500\" height=\"500\" src=\"https:\/\/wordpress44.gcms.verdigado.net\/alteseite\/wp-content\/uploads\/sites\/64\/2023\/02\/Maike-500x500.jpg\" class=\"attachment-thumbnail size-thumbnail wp-post-image\" alt=\"\" srcset=\"https:\/\/wordpress44.gcms.verdigado.net\/alteseite\/wp-content\/uploads\/sites\/64\/2023\/02\/Maike-500x500.jpg 500w, https:\/\/wordpress44.gcms.verdigado.net\/alteseite\/wp-content\/uploads\/sites\/64\/2023\/02\/Maike-300x300.jpg 300w\" sizes=\"auto, (max-width: 500px) 100vw, 500px\" \/>\t\t\t\t\t\t\t\t\t\t\t\t\t\t\t\t\t \n\t\t\t\t\t\t\t\t \n\t\t\t\t\t\t\t\t\t\t\t\t\t\t\t\t\t \n\t\t\t\t\t\t\t\t\t <header class=\"article-header\">\t\t\t\t\t\t\t\n\t\t\t\t\t\t\t\t\t\t <h3>Maike Schaefer<\/h3>\n\t\t\t\t\t\t\t\t\t<\/header>\n\t\t\t\t\t\t\t\t\t\t\t\t\t\t\t\t\t\n\t\t\t\t\t\t\t\t\n\t\t\t\t\t\t\t\t\t<section class=\"entry-content\">\n\t\t\t\t\t\t\t\t\t\t\n\t\t\t\t\t\t\t\t\t\t<p class=\"funktion\">Bremen-Nord, Verbraucherschutz, Entwicklungszusammenarbeit<\/p>\t\t\t\t\t\t\t\t\t\t\t\t\t\t\t\t\t\t\t\t\n\t\t\t\t\t\t\t\t\t\t<p class=\"contact\">\n\t\t\t\t\t\t\t\t\t\t\t\t\t\t\t\t\t\t\t\t\t\t\t\t\t\t\t\t\t\t\t\t\t\t\t\t\t\t\t\t\t\t\t\t\t\t\t\t\t\t\t\t\t\t\t<a href=\"mailto:&#109;&#97;&#105;k&#101;.&#115;ch&#97;&#101;&#102;er&#64;&#103;rue&#110;e-bre&#109;&#101;&#110;&#46;&#100;&#101;\" title=\"Schreibe Maike Schaefer eine E-Mail\"><i class=\"fa fa-envelope-o\"><\/i><\/a>\t\t\t\t\t\t\t\t\t\t\t\n\t\t\t\t\t\t\t\t\t\t<\/p>\n\t\t\t\t\t\t\t\t\t\t\t\t\t\t\t\t\t\t\t\n\t\t\t\t\t\t\t\t\t<\/section>\n\t\t\t\t\t\t\t\t\n\n\t\t\t\t\t\t\t\t<\/article> \t\t\t\t\t\t\t\t\t\t\t\t <article id=\"post-510\" class=\"clearfix post-510 person type-person status-publish has-post-thumbnail hentry abteilung-fraktion abteilung-kandi abteilung-kandidierende-bbue-2023\" role=\"article\">\n\t\t\t\t\t\t\t\t    \t\t\t\t\t\t\t\t\t\t\t<img loading=\"lazy\" decoding=\"async\" width=\"500\" height=\"500\" src=\"https:\/\/wordpress44.gcms.verdigado.net\/alteseite\/wp-content\/uploads\/sites\/64\/2023\/02\/Kai-500x500.jpg\" class=\"attachment-thumbnail size-thumbnail wp-post-image\" alt=\"\" srcset=\"https:\/\/wordpress44.gcms.verdigado.net\/alteseite\/wp-content\/uploads\/sites\/64\/2023\/02\/Kai-500x500.jpg 500w, https:\/\/wordpress44.gcms.verdigado.net\/alteseite\/wp-content\/uploads\/sites\/64\/2023\/02\/Kai-300x300.jpg 300w\" sizes=\"auto, (max-width: 500px) 100vw, 500px\" \/>\t\t\t\t\t\t\t\t\t\t\t\t\t\t\t\t\t \n\t\t\t\t\t\t\t\t \n\t\t\t\t\t\t\t\t\t\t\t\t\t\t\t\t\t \n\t\t\t\t\t\t\t\t\t <header class=\"article-header\">\t\t\t\t\t\t\t\n\t\t\t\t\t\t\t\t\t\t <h3>Kai Wargalla<\/h3>\n\t\t\t\t\t\t\t\t\t<\/header>\n\t\t\t\t\t\t\t\t\t\t\t\t\t\t\t\t\t\n\t\t\t\t\t\t\t\t\n\t\t\t\t\t\t\t\t\t<section class=\"entry-content\">\n\t\t\t\t\t\t\t\t\t\t\n\t\t\t\t\t\t\t\t\t\t<p class=\"funktion\">Kulturpolitik und Erinnerungsarbeit, Antifaschismus und Strategien gegen Rechtsextremismus, Queer, Sport<\/p>\t\t\t\t\t\t\t\t\t\t\t\t\t\t\t\t\t\t\t\t\n\t\t\t\t\t\t\t\t\t\t<p class=\"contact\">\n\t\t\t\t\t\t\t\t\t\t\t\t\t\t\t\t\t\t\t\t\t\t<a href=\"https:\/\/www.facebook.com\/KaiWargalla\/\" title=\"Zum Facebook-Profil von Kai Wargalla\"><i class=\"fa fa-thumbs-o-up\"><\/i><\/a>\t\t\t\t\t\t\t\t\t\t\t<a href=\"https:\/\/twitter.com\/KaiWargalla\" title=\"Zum Twitter-Acccount von Kai Wargalla\"><i class=\"fa fa-twitter\"><\/i><\/a>\t\t\t\t\t\t\t\t\t\t\t\t\t\t\t\t\t\t\t\t\t\t<a href=\"mailto:&#107;a&#105;.w&#97;rga&#108;&#108;&#97;&#64;gruene&#45;br&#101;&#109;&#101;&#110;&#46;&#100;&#101;\" title=\"Schreibe Kai Wargalla eine E-Mail\"><i class=\"fa fa-envelope-o\"><\/i><\/a>\t\t\t\t\t\t\t\t\t\t\t\n\t\t\t\t\t\t\t\t\t\t<\/p>\n\t\t\t\t\t\t\t\t\t\t<p class=\"details\"><a href=\"https:\/\/wordpress44.gcms.verdigado.net\/alteseite\/person\/kai-wargalla\/\" title=\"Mehr Details \u00fcber Kai Wargalla\">Details \u00bb<\/a><\/p>\t\t\t\t\t\t\t\t\t\n\t\t\t\t\t\t\t\t\t<\/section>\n\t\t\t\t\t\t\t\t\n\n\t\t\t\t\t\t\t\t<\/article> \t\t\t\t\t\t\t\t\t\t\t\t <article id=\"post-10552\" class=\"clearfix post-10552 person type-person status-publish has-post-thumbnail hentry abteilung-fraktion\" role=\"article\">\n\t\t\t\t\t\t\t\t    \t\t\t\t\t\t\t\t\t\t\t<img loading=\"lazy\" decoding=\"async\" width=\"500\" height=\"500\" src=\"https:\/\/wordpress44.gcms.verdigado.net\/alteseite\/wp-content\/uploads\/sites\/64\/2023\/02\/Franziska-500x500.jpg\" class=\"attachment-thumbnail size-thumbnail wp-post-image\" alt=\"\" srcset=\"https:\/\/wordpress44.gcms.verdigado.net\/alteseite\/wp-content\/uploads\/sites\/64\/2023\/02\/Franziska-500x500.jpg 500w, https:\/\/wordpress44.gcms.verdigado.net\/alteseite\/wp-content\/uploads\/sites\/64\/2023\/02\/Franziska-300x300.jpg 300w\" sizes=\"auto, (max-width: 500px) 100vw, 500px\" \/>\t\t\t\t\t\t\t\t\t\t\t\t\t\t\t\t\t \n\t\t\t\t\t\t\t\t \n\t\t\t\t\t\t\t\t\t\t\t\t\t\t\t\t\t \n\t\t\t\t\t\t\t\t\t <header class=\"article-header\">\t\t\t\t\t\t\t\n\t\t\t\t\t\t\t\t\t\t <h3>Franziska Tell<\/h3>\n\t\t\t\t\t\t\t\t\t<\/header>\n\t\t\t\t\t\t\t\t\t\t\t\t\t\t\t\t\t\n\t\t\t\t\t\t\t\t\n\t\t\t\t\t\t\t\t\t<section class=\"entry-content\">\n\t\t\t\t\t\t\t\t\t\t\n\t\t\t\t\t\t\t\t\t\t<p class=\"funktion\">Bildungspolitik, Wissenschaft, Kinderpolitik, Datenschutz, Digitales, Medienpolitik<\/p>\t\t\t\t\t\t\t\t\t\t\t\t\t\t\t\t\t\t\t\t\n\t\t\t\t\t\t\t\t\t\t<p class=\"contact\">\n\t\t\t\t\t\t\t\t\t\t\t<a href=\"http:\/\/abergerecht.de\/\" title=\"Zur Website von Franziska Tell\"><i class=\"fa fa-globe\"><\/i><\/a>\t\t\t\t\t\t\t\t\t\t\t\t\t\t\t\t\t\t\t\t\t\t<a href=\"https:\/\/twitter.com\/franziska_tell\" title=\"Zum Twitter-Acccount von Franziska Tell\"><i class=\"fa fa-twitter\"><\/i><\/a>\t\t\t\t\t\t\t\t\t\t\t<a href=\"https:\/\/www.instagram.com\/franziska_tell\/\" title=\"Zum Instagram-Profil von Franziska Tell\"><i class=\"fa fa-instagram\"><\/i><\/a>\t\t\t\t\t\t\t\t\t\t\t<a href=\"mailto:f&#114;&#97;n&#122;i&#115;&#107;a.&#116;&#101;l&#108;&#64;&#103;&#114;ue&#110;e-&#98;&#114;e&#109;en.&#100;e\" title=\"Schreibe Franziska Tell eine E-Mail\"><i class=\"fa fa-envelope-o\"><\/i><\/a>\t\t\t\t\t\t\t\t\t\t\t\n\t\t\t\t\t\t\t\t\t\t<\/p>\n\t\t\t\t\t\t\t\t\t\t\t\t\t\t\t\t\t\t\t\n\t\t\t\t\t\t\t\t\t<\/section>\n\t\t\t\t\t\t\t\t\n\n\t\t\t\t\t\t\t\t<\/article> \t\t\t\t\t\t\t\t\t\t\t\t <article id=\"post-462\" class=\"clearfix post-462 person type-person status-publish has-post-thumbnail hentry abteilung-fraktion abteilung-kandi abteilung-kandidierende-bbue-2023\" role=\"article\">\n\t\t\t\t\t\t\t\t    \t\t\t\t\t\t\t\t\t\t\t<img loading=\"lazy\" decoding=\"async\" width=\"500\" height=\"500\" src=\"https:\/\/wordpress44.gcms.verdigado.net\/alteseite\/wp-content\/uploads\/sites\/64\/2021\/06\/Sahhanim-500x500.jpg\" class=\"attachment-thumbnail size-thumbnail wp-post-image\" alt=\"\" \/>\t\t\t\t\t\t\t\t\t\t\t\t\t\t\t\t\t \n\t\t\t\t\t\t\t\t \n\t\t\t\t\t\t\t\t\t\t\t\t\t\t\t\t\t \n\t\t\t\t\t\t\t\t\t <header class=\"article-header\">\t\t\t\t\t\t\t\n\t\t\t\t\t\t\t\t\t\t <h3>Sahhanim G\u00f6rg\u00fc-Philipp<\/h3>\n\t\t\t\t\t\t\t\t\t<\/header>\n\t\t\t\t\t\t\t\t\t\t\t\t\t\t\t\t\t\n\t\t\t\t\t\t\t\t\n\t\t\t\t\t\t\t\t\t<section class=\"entry-content\">\n\t\t\t\t\t\t\t\t\t\t\n\t\t\t\t\t\t\t\t\t\t<p class=\"funktion\">Soziales, Integration, Jugendpolitik, Senior*innen<\/p>\t\t\t\t\t\t\t\t\t\t\t\t\t\t\t\t\t\t\t\t\n\t\t\t\t\t\t\t\t\t\t<p class=\"contact\">\n\t\t\t\t\t\t\t\t\t\t\t\t\t\t\t\t\t\t\t\t\t\t<a href=\"https:\/\/www.facebook.com\/sahhanim.g\u00f6rg\u00fc-philipp\" title=\"Zum Facebook-Profil von Sahhanim G\u00f6rg\u00fc-Philipp\"><i class=\"fa fa-thumbs-o-up\"><\/i><\/a>\t\t\t\t\t\t\t\t\t\t\t\t\t\t\t\t\t\t\t\t\t\t\t\t\t\t\t\t\t\t\t\t\t<a href=\"mailto:sah&#104;a&#110;&#105;m.g&#111;&#101;rgue-&#112;hi&#108;ip&#112;&#64;g&#114;&#117;&#101;&#110;&#101;&#45;brem&#101;&#110;.&#100;&#101;\" title=\"Schreibe Sahhanim G\u00f6rg\u00fc-Philipp eine E-Mail\"><i class=\"fa fa-envelope-o\"><\/i><\/a>\t\t\t\t\t\t\t\t\t\t\t\n\t\t\t\t\t\t\t\t\t\t<\/p>\n\t\t\t\t\t\t\t\t\t\t<p class=\"details\"><a href=\"https:\/\/wordpress44.gcms.verdigado.net\/alteseite\/person\/sahhanim-goergue-philipp\/\" title=\"Mehr Details \u00fcber Sahhanim G\u00f6rg\u00fc-Philipp\">Details \u00bb<\/a><\/p>\t\t\t\t\t\t\t\t\t\n\t\t\t\t\t\t\t\t\t<\/section>\n\t\t\t\t\t\t\t\t\n\n\t\t\t\t\t\t\t\t<\/article> \t\t\t\t\t\t\t\t\t\t\t\t <article id=\"post-437\" class=\"clearfix post-437 person type-person status-publish has-post-thumbnail hentry abteilung-fraktion abteilung-kandi abteilung-kandidierende-bbue-2023\" role=\"article\">\n\t\t\t\t\t\t\t\t    \t\t\t\t\t\t\t\t\t\t\t<img loading=\"lazy\" decoding=\"async\" width=\"500\" height=\"500\" src=\"https:\/\/wordpress44.gcms.verdigado.net\/alteseite\/wp-content\/uploads\/sites\/64\/2023\/02\/Ralph-500x500.jpg\" class=\"attachment-thumbnail size-thumbnail wp-post-image\" alt=\"\" srcset=\"https:\/\/wordpress44.gcms.verdigado.net\/alteseite\/wp-content\/uploads\/sites\/64\/2023\/02\/Ralph-500x500.jpg 500w, https:\/\/wordpress44.gcms.verdigado.net\/alteseite\/wp-content\/uploads\/sites\/64\/2023\/02\/Ralph-400x399.jpg 400w, https:\/\/wordpress44.gcms.verdigado.net\/alteseite\/wp-content\/uploads\/sites\/64\/2023\/02\/Ralph-300x300.jpg 300w\" sizes=\"auto, (max-width: 500px) 100vw, 500px\" \/>\t\t\t\t\t\t\t\t\t\t\t\t\t\t\t\t\t \n\t\t\t\t\t\t\t\t \n\t\t\t\t\t\t\t\t\t\t\t\t\t\t\t\t\t \n\t\t\t\t\t\t\t\t\t <header class=\"article-header\">\t\t\t\t\t\t\t\n\t\t\t\t\t\t\t\t\t\t <h3>Ralph Saxe<\/h3>\n\t\t\t\t\t\t\t\t\t<\/header>\n\t\t\t\t\t\t\t\t\t\t\t\t\t\t\t\t\t\n\t\t\t\t\t\t\t\t\n\t\t\t\t\t\t\t\t\t<section class=\"entry-content\">\n\t\t\t\t\t\t\t\t\t\t\n\t\t\t\t\t\t\t\t\t\t<p class=\"funktion\">Umwelt, Verkehr, Gesundheitspolitik, Pflege, Beir\u00e4te (gemeinsam mit Bithja Menzel), Demokratie<\/p>\t\t\t\t\t\t\t\t\t\t\t\t\t\t\t\t\t\t\t\t\n\t\t\t\t\t\t\t\t\t\t<p class=\"contact\">\n\t\t\t\t\t\t\t\t\t\t\t<a href=\"http:\/\/www.ralph-saxe.de\" title=\"Zur Website von Ralph Saxe\"><i class=\"fa fa-globe\"><\/i><\/a>\t\t\t\t\t\t\t\t\t\t\t<a href=\"https:\/\/www.facebook.com\/ralph.saxe\" title=\"Zum Facebook-Profil von Ralph Saxe\"><i class=\"fa fa-thumbs-o-up\"><\/i><\/a>\t\t\t\t\t\t\t\t\t\t\t<a href=\"https:\/\/twitter.com\/saxeralph\" title=\"Zum Twitter-Acccount von Ralph Saxe\"><i class=\"fa fa-twitter\"><\/i><\/a>\t\t\t\t\t\t\t\t\t\t\t<a href=\"https:\/\/www.instagram.com\/ralphsaxe\/\" title=\"Zum Instagram-Profil von Ralph Saxe\"><i class=\"fa fa-instagram\"><\/i><\/a>\t\t\t\t\t\t\t\t\t\t\t<a href=\"mailto:&#114;alph.&#115;a&#120;&#101;&#64;gr&#117;ene-b&#114;&#101;m&#101;n.de\" title=\"Schreibe Ralph Saxe eine E-Mail\"><i class=\"fa fa-envelope-o\"><\/i><\/a>\t\t\t\t\t\t\t\t\t\t\t\n\t\t\t\t\t\t\t\t\t\t<\/p>\n\t\t\t\t\t\t\t\t\t\t<p class=\"details\"><a href=\"https:\/\/wordpress44.gcms.verdigado.net\/alteseite\/person\/ralph-saxe\/\" title=\"Mehr Details \u00fcber Ralph Saxe\">Details \u00bb<\/a><\/p>\t\t\t\t\t\t\t\t\t\n\t\t\t\t\t\t\t\t\t<\/section>\n\t\t\t\t\t\t\t\t\n\n\t\t\t\t\t\t\t\t<\/article> \t\t\t\t\t\t\t\t\t\t\t\t <article id=\"post-10554\" class=\"clearfix post-10554 person type-person status-publish has-post-thumbnail hentry abteilung-fraktion abteilung-kandidierende-bbue-2023\" role=\"article\">\n\t\t\t\t\t\t\t\t    \t\t\t\t\t\t\t\t\t\t\t<img loading=\"lazy\" decoding=\"async\" width=\"500\" height=\"500\" src=\"https:\/\/wordpress44.gcms.verdigado.net\/alteseite\/wp-content\/uploads\/sites\/64\/2023\/02\/Bithja-500x500.jpg\" class=\"attachment-thumbnail size-thumbnail wp-post-image\" alt=\"\" srcset=\"https:\/\/wordpress44.gcms.verdigado.net\/alteseite\/wp-content\/uploads\/sites\/64\/2023\/02\/Bithja-500x500.jpg 500w, https:\/\/wordpress44.gcms.verdigado.net\/alteseite\/wp-content\/uploads\/sites\/64\/2023\/02\/Bithja-300x300.jpg 300w\" sizes=\"auto, (max-width: 500px) 100vw, 500px\" \/>\t\t\t\t\t\t\t\t\t\t\t\t\t\t\t\t\t \n\t\t\t\t\t\t\t\t \n\t\t\t\t\t\t\t\t\t\t\t\t\t\t\t\t\t \n\t\t\t\t\t\t\t\t\t <header class=\"article-header\">\t\t\t\t\t\t\t\n\t\t\t\t\t\t\t\t\t\t <h3>Bithja Menzel<\/h3>\n\t\t\t\t\t\t\t\t\t<\/header>\n\t\t\t\t\t\t\t\t\t\t\t\t\t\t\t\t\t\n\t\t\t\t\t\t\t\t\n\t\t\t\t\t\t\t\t\t<section class=\"entry-content\">\n\t\t\t\t\t\t\t\t\t\t\n\t\t\t\t\t\t\t\t\t\t<p class=\"funktion\">Bau und Stadtentwicklung, Ern\u00e4hrung, Landwirtschaft, Beir\u00e4te (gemeinsam mit Ralph Saxe), B\u00fcrgerbeteiligung, Petitionen<\/p>\t\t\t\t\t\t\t\t\t\t\t\t\t\t\t\t\t\t\t\t\n\t\t\t\t\t\t\t\t\t\t<p class=\"contact\">\n\t\t\t\t\t\t\t\t\t\t\t\t\t\t\t\t\t\t\t\t\t\t\t\t\t\t\t\t\t\t\t\t\t\t\t\t\t\t\t\t\t\t\t\t\t\t\t\t\t\t\t\t\t\t\t<a href=\"mailto:b&#105;thja.&#109;e&#110;&#122;&#101;&#108;&#64;grue&#110;e-&#98;&#114;eme&#110;&#46;&#100;e\" title=\"Schreibe Bithja Menzel eine E-Mail\"><i class=\"fa fa-envelope-o\"><\/i><\/a>\t\t\t\t\t\t\t\t\t\t\t\n\t\t\t\t\t\t\t\t\t\t<\/p>\n\t\t\t\t\t\t\t\t\t\t\t\t\t\t\t\t\t\t\t\n\t\t\t\t\t\t\t\t\t<\/section>\n\t\t\t\t\t\t\t\t\n\n\t\t\t\t\t\t\t\t<\/article> \t\t\t\t\t\t\t\t\t\t\t\t <article id=\"post-10556\" class=\"clearfix post-10556 person type-person status-publish has-post-thumbnail hentry abteilung-fraktion abteilung-kandidierende-bbue-2023\" role=\"article\">\n\t\t\t\t\t\t\t\t    \t\t\t\t\t\t\t\t\t\t\t<img loading=\"lazy\" decoding=\"async\" width=\"500\" height=\"500\" src=\"https:\/\/wordpress44.gcms.verdigado.net\/alteseite\/wp-content\/uploads\/sites\/64\/2023\/02\/Emanuel-500x500.jpg\" class=\"attachment-thumbnail size-thumbnail wp-post-image\" alt=\"\" srcset=\"https:\/\/wordpress44.gcms.verdigado.net\/alteseite\/wp-content\/uploads\/sites\/64\/2023\/02\/Emanuel-500x500.jpg 500w, https:\/\/wordpress44.gcms.verdigado.net\/alteseite\/wp-content\/uploads\/sites\/64\/2023\/02\/Emanuel-300x300.jpg 300w\" sizes=\"auto, (max-width: 500px) 100vw, 500px\" \/>\t\t\t\t\t\t\t\t\t\t\t\t\t\t\t\t\t \n\t\t\t\t\t\t\t\t \n\t\t\t\t\t\t\t\t\t\t\t\t\t\t\t\t\t \n\t\t\t\t\t\t\t\t\t <header class=\"article-header\">\t\t\t\t\t\t\t\n\t\t\t\t\t\t\t\t\t\t <h3>Emanuel Herold<\/h3>\n\t\t\t\t\t\t\t\t\t<\/header>\n\t\t\t\t\t\t\t\t\t\t\t\t\t\t\t\t\t\n\t\t\t\t\t\t\t\t\n\t\t\t\t\t\t\t\t\t<section class=\"entry-content\">\n\t\t\t\t\t\t\t\t\t\t\n\t\t\t\t\t\t\t\t\t\t<p class=\"funktion\">Wirtschaft, H\u00e4fen\/Fischerei\/Schifffahrt, Europapolitik<\/p>\t\t\t\t\t\t\t\t\t\t\t\t\t\t\t\t\t\t\t\t\n\t\t\t\t\t\t\t\t\t\t<p class=\"contact\">\n\t\t\t\t\t\t\t\t\t\t\t\t\t\t\t\t\t\t\t\t\t\t\t\t\t\t\t\t\t\t\t\t\t\t\t\t\t\t\t\t\t\t\t\t\t\t\t\t\t\t\t\t\t\t\t<a href=\"mailto:&#101;m&#97;&#110;&#117;e&#108;&#46;&#104;e&#114;&#111;&#108;&#100;&#64;&#103;&#114;&#117;ene-brem&#101;&#110;.de\" title=\"Schreibe Emanuel Herold eine E-Mail\"><i class=\"fa fa-envelope-o\"><\/i><\/a>\t\t\t\t\t\t\t\t\t\t\t\n\t\t\t\t\t\t\t\t\t\t<\/p>\n\t\t\t\t\t\t\t\t\t\t<p class=\"details\"><a href=\"https:\/\/wordpress44.gcms.verdigado.net\/alteseite\/person\/emanuel-herold-2\/\" title=\"Mehr Details \u00fcber Emanuel Herold\">Details \u00bb<\/a><\/p>\t\t\t\t\t\t\t\t\t\n\t\t\t\t\t\t\t\t\t<\/section>\n\t\t\t\t\t\t\t\t\n\n\t\t\t\t\t\t\t\t<\/article> \t\t\t\t\t\t\t\t\t\t\t\t <article id=\"post-567\" class=\"clearfix post-567 person type-person status-publish has-post-thumbnail hentry abteilung-fraktion abteilung-kandidierende-bbue-2023-bremerhaven abteilung-kandisb\" role=\"article\">\n\t\t\t\t\t\t\t\t    \t\t\t\t\t\t\t\t\t\t\t<img loading=\"lazy\" decoding=\"async\" width=\"500\" height=\"500\" src=\"https:\/\/wordpress44.gcms.verdigado.net\/alteseite\/wp-content\/uploads\/sites\/64\/2019\/04\/22091_0579-500x500.jpg\" class=\"attachment-thumbnail size-thumbnail wp-post-image\" alt=\"\" srcset=\"https:\/\/wordpress44.gcms.verdigado.net\/alteseite\/wp-content\/uploads\/sites\/64\/2019\/04\/22091_0579-500x500.jpg 500w, https:\/\/wordpress44.gcms.verdigado.net\/alteseite\/wp-content\/uploads\/sites\/64\/2019\/04\/22091_0579-300x300.jpg 300w\" sizes=\"auto, (max-width: 500px) 100vw, 500px\" \/>\t\t\t\t\t\t\t\t\t\t\t\t\t\t\t\t\t \n\t\t\t\t\t\t\t\t \n\t\t\t\t\t\t\t\t\t\t\t\t\t\t\t\t\t \n\t\t\t\t\t\t\t\t\t <header class=\"article-header\">\t\t\t\t\t\t\t\n\t\t\t\t\t\t\t\t\t\t <h3>Michael Labetzke<\/h3>\n\t\t\t\t\t\t\t\t\t<\/header>\n\t\t\t\t\t\t\t\t\t\t\t\t\t\t\t\t\t\n\t\t\t\t\t\t\t\t\n\t\t\t\t\t\t\t\t\t<section class=\"entry-content\">\n\t\t\t\t\t\t\t\t\t\t\n\t\t\t\t\t\t\t\t\t\t<p class=\"funktion\">Bremerhavenpolitik, Innenpolitik, Rechtspolitik<\/p>\t\t\t\t\t\t\t\t\t\t\t\t\t\t\t\t\t\t\t\t\n\t\t\t\t\t\t\t\t\t\t<p class=\"contact\">\n\t\t\t\t\t\t\t\t\t\t\t<a href=\"http:\/\/michaellabetzke.de\/\" title=\"Zur Website von Michael Labetzke\"><i class=\"fa fa-globe\"><\/i><\/a>\t\t\t\t\t\t\t\t\t\t\t\t\t\t\t\t\t\t\t\t\t\t\t\t\t\t\t\t\t\t\t\t\t\t\t\t\t\t\t\t\t\t\t\t<a href=\"mailto:&#109;&#105;cha&#101;l&#46;&#108;&#97;b&#101;t&#122;&#107;e&#64;g&#114;ue&#110;e-&#98;re&#109;&#101;r&#104;a&#118;&#101;n.&#100;&#101; \" title=\"Schreibe Michael Labetzke eine E-Mail\"><i class=\"fa fa-envelope-o\"><\/i><\/a>\t\t\t\t\t\t\t\t\t\t\t\n\t\t\t\t\t\t\t\t\t\t<\/p>\n\t\t\t\t\t\t\t\t\t\t<p class=\"details\"><a href=\"https:\/\/wordpress44.gcms.verdigado.net\/alteseite\/person\/michael-labetzke\/\" title=\"Mehr Details \u00fcber Michael Labetzke\">Details \u00bb<\/a><\/p>\t\t\t\t\t\t\t\t\t\n\t\t\t\t\t\t\t\t\t<\/section>\n\t\t\t\t\t\t\t\t\n\n\t\t\t\t\t\t\t\t<\/article> \t\t\t<\/section>\r\n\r\n\r\n\r\n\t<\/p>\n<\/div>\n<h2>Senat<\/h2><div>\n<p>\t\r\n\t<section class=\"personen-list mandate-list clearfix\">\r\n\t\t\t\t\t\t\t\t\t\t\t <article id=\"post-431\" class=\"clearfix post-431 person type-person status-publish has-post-thumbnail hentry abteilung-kandi abteilung-kandidierende-bbue-2023 abteilung-senat\" role=\"article\">\n\t\t\t\t\t\t\t\t    \t\t\t\t\t\t\t\t\t\t\t<img loading=\"lazy\" decoding=\"async\" width=\"500\" height=\"500\" src=\"https:\/\/wordpress44.gcms.verdigado.net\/alteseite\/wp-content\/uploads\/sites\/64\/2019\/04\/22091_0040-fuer-Homepage-500x500.jpg\" class=\"attachment-thumbnail size-thumbnail wp-post-image\" alt=\"\" srcset=\"https:\/\/wordpress44.gcms.verdigado.net\/alteseite\/wp-content\/uploads\/sites\/64\/2019\/04\/22091_0040-fuer-Homepage-500x500.jpg 500w, https:\/\/wordpress44.gcms.verdigado.net\/alteseite\/wp-content\/uploads\/sites\/64\/2019\/04\/22091_0040-fuer-Homepage-300x300.jpg 300w\" sizes=\"auto, (max-width: 500px) 100vw, 500px\" \/>\t\t\t\t\t\t\t\t\t\t\t\t\t\t\t\t\t \n\t\t\t\t\t\t\t\t \n\t\t\t\t\t\t\t\t\t\t\t\t\t\t\t\t\t \n\t\t\t\t\t\t\t\t\t <header class=\"article-header\">\t\t\t\t\t\t\t\n\t\t\t\t\t\t\t\t\t\t <h3>Bj\u00f6rn Fecker<\/h3>\n\t\t\t\t\t\t\t\t\t<\/header>\n\t\t\t\t\t\t\t\t\t\t\t\t\t\t\t\t\t\n\t\t\t\t\t\t\t\t\n\t\t\t\t\t\t\t\t\t<section class=\"entry-content\">\n\t\t\t\t\t\t\t\t\t\t\n\t\t\t\t\t\t\t\t\t\t<p class=\"funktion\">B\u00fcrgermeister, Senator f\u00fcr Finanzen<\/p>\t\t\t\t\t\t\t\t\t\t\t\t\t\t\t\t\t\t\t\t\n\t\t\t\t\t\t\t\t\t\t<p class=\"contact\">\n\t\t\t\t\t\t\t\t\t\t\t<a href=\"http:\/\/www.bjoern-fecker.de\" title=\"Zur Website von Bj\u00f6rn Fecker\"><i class=\"fa fa-globe\"><\/i><\/a>\t\t\t\t\t\t\t\t\t\t\t<a href=\"http:\/\/facebook.com\/bjoernfecker\" title=\"Zum Facebook-Profil von Bj\u00f6rn Fecker\"><i class=\"fa fa-thumbs-o-up\"><\/i><\/a>\t\t\t\t\t\t\t\t\t\t\t<a href=\"https:\/\/twitter.com\/bjoernfecker\" title=\"Zum Twitter-Acccount von Bj\u00f6rn Fecker\"><i class=\"fa fa-twitter\"><\/i><\/a>\t\t\t\t\t\t\t\t\t\t\t<a href=\"http:\/\/instagram.com\/bjoernfecker\/ \" title=\"Zum Instagram-Profil von Bj\u00f6rn Fecker\"><i class=\"fa fa-instagram\"><\/i><\/a>\t\t\t\t\t\t\t\t\t\t\t<a href=\"mailto:&#98;j&#111;&#101;rn&#46;f&#101;&#99;ker&#64;&#103;ru&#101;&#110;&#101;&#45;bre&#109;en.d&#101;\" title=\"Schreibe Bj\u00f6rn Fecker eine E-Mail\"><i class=\"fa fa-envelope-o\"><\/i><\/a>\t\t\t\t\t\t\t\t\t\t\t\n\t\t\t\t\t\t\t\t\t\t<\/p>\n\t\t\t\t\t\t\t\t\t\t<p class=\"details\"><a href=\"https:\/\/wordpress44.gcms.verdigado.net\/alteseite\/person\/bjoern-fecker\/\" title=\"Mehr Details \u00fcber Bj\u00f6rn Fecker\">Details \u00bb<\/a><\/p>\t\t\t\t\t\t\t\t\t\n\t\t\t\t\t\t\t\t\t<\/section>\n\t\t\t\t\t\t\t\t\n\n\t\t\t\t\t\t\t\t<\/article> \t\t\t\t\t\t\t\t\t\t\t\t <article id=\"post-13674\" class=\"clearfix post-13674 person type-person status-publish has-post-thumbnail hentry abteilung-senat\" role=\"article\">\n\t\t\t\t\t\t\t\t    \t\t\t\t\t\t\t\t\t\t\t<img loading=\"lazy\" decoding=\"async\" width=\"500\" height=\"500\" src=\"https:\/\/wordpress44.gcms.verdigado.net\/alteseite\/wp-content\/uploads\/sites\/64\/2023\/06\/L1060633-klein-Homepage-500x500.png\" class=\"attachment-thumbnail size-thumbnail wp-post-image\" alt=\"\" srcset=\"https:\/\/wordpress44.gcms.verdigado.net\/alteseite\/wp-content\/uploads\/sites\/64\/2023\/06\/L1060633-klein-Homepage-500x500.png 500w, https:\/\/wordpress44.gcms.verdigado.net\/alteseite\/wp-content\/uploads\/sites\/64\/2023\/06\/L1060633-klein-Homepage-300x300.png 300w\" sizes=\"auto, (max-width: 500px) 100vw, 500px\" \/>\t\t\t\t\t\t\t\t\t\t\t\t\t\t\t\t\t \n\t\t\t\t\t\t\t\t \n\t\t\t\t\t\t\t\t\t\t\t\t\t\t\t\t\t \n\t\t\t\t\t\t\t\t\t <header class=\"article-header\">\t\t\t\t\t\t\t\n\t\t\t\t\t\t\t\t\t\t <h3>Kathrin Moosdorf<\/h3>\n\t\t\t\t\t\t\t\t\t<\/header>\n\t\t\t\t\t\t\t\t\t\t\t\t\t\t\t\t\t\n\t\t\t\t\t\t\t\t\n\t\t\t\t\t\t\t\t\t<section class=\"entry-content\">\n\t\t\t\t\t\t\t\t\t\t\n\t\t\t\t\t\t\t\t\t\t<p class=\"funktion\">Senatorin f\u00fcr Umwelt, Klima, Wissenschaft<\/p>\t\t\t\t\t\t\t\t\t\t\t\t\t\t\t\t\t\t\t\t\n\t\t\t\t\t\t\t\t\t\t<p class=\"contact\">\n\t\t\t\t\t\t\t\t\t\t\t\t\t\t\t\t\t\t\t\t\t\t\t\t\t\t\t\t\t\t\t\t\t\t\t\t\t\t\t\t\t\t\t\t\t\t\t\t\t\t\t\t\t\t\t\t\t\t\t\t\t\t\t\t\t\t\n\t\t\t\t\t\t\t\t\t\t<\/p>\n\t\t\t\t\t\t\t\t\t\t\t\t\t\t\t\t\t\t\t\n\t\t\t\t\t\t\t\t\t<\/section>\n\t\t\t\t\t\t\t\t\n\n\t\t\t\t\t\t\t\t<\/article> \t\t\t<\/section>\r\n\r\n\r\n\r\n\t<\/p>\n<\/div>\n<h2>Bundestag<\/h2><div>\n<p>\t\r\n\t<section class=\"personen-list mandate-list clearfix\">\r\n\t\t\t\t\t\t\t\t\t\t\t <article id=\"post-1893\" class=\"clearfix post-1893 person type-person status-publish has-post-thumbnail hentry abteilung-bund\" role=\"article\">\n\t\t\t\t\t\t\t\t    \t\t\t\t\t\t\t\t\t\t\t<img loading=\"lazy\" decoding=\"async\" width=\"500\" height=\"500\" src=\"https:\/\/wordpress44.gcms.verdigado.net\/alteseite\/wp-content\/uploads\/sites\/64\/2019\/10\/Kirsten-Kappert-Gonther-500x500.png\" class=\"attachment-thumbnail size-thumbnail wp-post-image\" alt=\"\" srcset=\"https:\/\/wordpress44.gcms.verdigado.net\/alteseite\/wp-content\/uploads\/sites\/64\/2019\/10\/Kirsten-Kappert-Gonther-500x500.png 500w, https:\/\/wordpress44.gcms.verdigado.net\/alteseite\/wp-content\/uploads\/sites\/64\/2019\/10\/Kirsten-Kappert-Gonther-400x400.png 400w, https:\/\/wordpress44.gcms.verdigado.net\/alteseite\/wp-content\/uploads\/sites\/64\/2019\/10\/Kirsten-Kappert-Gonther-768x768.png 768w, https:\/\/wordpress44.gcms.verdigado.net\/alteseite\/wp-content\/uploads\/sites\/64\/2019\/10\/Kirsten-Kappert-Gonther-900x900.png 900w, https:\/\/wordpress44.gcms.verdigado.net\/alteseite\/wp-content\/uploads\/sites\/64\/2019\/10\/Kirsten-Kappert-Gonther.png 1124w\" sizes=\"auto, (max-width: 500px) 100vw, 500px\" \/>\t\t\t\t\t\t\t\t\t\t\t\t\t\t\t\t\t \n\t\t\t\t\t\t\t\t \n\t\t\t\t\t\t\t\t\t\t\t\t\t\t\t\t\t \n\t\t\t\t\t\t\t\t\t <header class=\"article-header\">\t\t\t\t\t\t\t\n\t\t\t\t\t\t\t\t\t\t <h3>Kirsten Kappert-Gonther<\/h3>\n\t\t\t\t\t\t\t\t\t<\/header>\n\t\t\t\t\t\t\t\t\t\t\t\t\t\t\t\t\t\n\t\t\t\t\t\t\t\t\n\t\t\t\t\t\t\t\t\t<section class=\"entry-content\">\n\t\t\t\t\t\t\t\t\t\t\n\t\t\t\t\t\t\t\t\t\t<p class=\"funktion\">Bundestagsabgeordnete<\/p>\t\t\t\t\t\t\t\t\t\t<p class=\"short\">Sprecherin f\u00fcr Drogenpolitik und Gesundheitsf\u00f6rderung<\/p>\t\t\t\t\t\t\t\t\t\t\n\t\t\t\t\t\t\t\t\t\t<p class=\"contact\">\n\t\t\t\t\t\t\t\t\t\t\t<a href=\"https:\/\/kappertgonther.de\/\" title=\"Zur Website von Kirsten Kappert-Gonther\"><i class=\"fa fa-globe\"><\/i><\/a>\t\t\t\t\t\t\t\t\t\t\t<a href=\"https:\/\/www.facebook.com\/KappertGonther\/\" title=\"Zum Facebook-Profil von Kirsten Kappert-Gonther\"><i class=\"fa fa-thumbs-o-up\"><\/i><\/a>\t\t\t\t\t\t\t\t\t\t\t<a href=\"https:\/\/twitter.com\/KirstenKappert\" title=\"Zum Twitter-Acccount von Kirsten Kappert-Gonther\"><i class=\"fa fa-twitter\"><\/i><\/a>\t\t\t\t\t\t\t\t\t\t\t\t\t\t\t\t\t\t\t\t\t\t<a href=\"mailto:k&#105;rsten.kapp&#101;r&#116;-g&#111;&#110;&#116;her&#64;b&#117;&#110;&#100;e&#115;&#116;&#97;&#103;.&#100;e\" title=\"Schreibe Kirsten Kappert-Gonther eine E-Mail\"><i class=\"fa fa-envelope-o\"><\/i><\/a>\t\t\t\t\t\t\t\t\t\t\t\n\t\t\t\t\t\t\t\t\t\t<\/p>\n\t\t\t\t\t\t\t\t\t\t\t\t\t\t\t\t\t\t\t\n\t\t\t\t\t\t\t\t\t<\/section>\n\t\t\t\t\t\t\t\t\n\n\t\t\t\t\t\t\t\t<\/article> \t\t\t<\/section>\r\n\r\n\r\n\r\n\t<\/p>\n<\/div>\n<\/div><script>jQuery(document).ready(function() { RESPONSIVEUI.responsiveTabs(); }) <\/script>\n","protected":false},"excerpt":{"rendered":"","protected":false},"author":127,"featured_media":0,"parent":71,"menu_order":0,"comment_status":"closed","ping_status":"closed","template":"","meta":{"footnotes":""},"class_list":["post-1882","page","type-page","status-publish","hentry"],"_links":{"self":[{"href":"https:\/\/wordpress44.gcms.verdigado.net\/alteseite\/wp-json\/wp\/v2\/pages\/1882","targetHints":{"allow":["GET"]}}],"collection":[{"href":"https:\/\/wordpress44.gcms.verdigado.net\/alteseite\/wp-json\/wp\/v2\/pages"}],"about":[{"href":"https:\/\/wordpress44.gcms.verdigado.net\/alteseite\/wp-json\/wp\/v2\/types\/page"}],"author":[{"embeddable":true,"href":"https:\/\/wordpress44.gcms.verdigado.net\/alteseite\/wp-json\/wp\/v2\/users\/127"}],"replies":[{"embeddable":true,"href":"https:\/\/wordpress44.gcms.verdigado.net\/alteseite\/wp-json\/wp\/v2\/comments?post=1882"}],"version-history":[{"count":5,"href":"https:\/\/wordpress44.gcms.verdigado.net\/alteseite\/wp-json\/wp\/v2\/pages\/1882\/revisions"}],"predecessor-version":[{"id":13874,"href":"https:\/\/wordpress44.gcms.verdigado.net\/alteseite\/wp-json\/wp\/v2\/pages\/1882\/revisions\/13874"}],"up":[{"embeddable":true,"href":"https:\/\/wordpress44.gcms.verdigado.net\/alteseite\/wp-json\/wp\/v2\/pages\/71"}],"wp:attachment":[{"href":"https:\/\/wordpress44.gcms.verdigado.net\/alteseite\/wp-json\/wp\/v2\/media?parent=1882"}],"curies":[{"name":"wp","href":"https:\/\/api.w.org\/{rel}","templated":true}]}}