{"id":14580,"date":"2023-12-07T14:10:56","date_gmt":"2023-12-07T13:10:56","guid":{"rendered":"https:\/\/gruene-bremen.de\/?page_id=14580"},"modified":"2024-01-16T12:49:46","modified_gmt":"2024-01-16T11:49:46","slug":"gruenes-vielfalts-mentoring-2024","status":"publish","type":"page","link":"https:\/\/wordpress44.gcms.verdigado.net\/alteseite\/partei\/gruenes-vielfalts-mentoring-2024\/","title":{"rendered":"Gr\u00fcnes Vielfalts-Mentoring 2024"},"content":{"rendered":"<p>Wir GR\u00dcNEN verstehen uns als eine offene und bunte Partei. Mit der Annahme unseres Vielfaltsstatuts haben wir uns verpflichtet, Vielfalt in der Partei zu f\u00f6rdern. Wir m\u00f6chten allen die M\u00f6glichkeit geben, bei den GR\u00dcNEN aktiv zu werden, sich einzubringen und Verantwortung f\u00fcr politische Ver\u00e4nderung zu \u00fcbernehmen. Aus diesem Grund steht unser Mentoring-Programm 2024 unter dem Motto:<\/p>\n<p align=\"center\"><span style=\"font-family: GrueneType Black Cond Italic, serif\"><span style=\"font-size: x-large\">Gr\u00fcn, bunt, vielf\u00e4ltig \u2013 mach Politik!<\/span><\/span><\/p>\n<p>Das Mentoring-Programm wendet sich an alle Gr\u00fcne und Interessierte, unabh\u00e4ngig davon, ob sie bereits in der Partei engagiert sind, und ist offen f\u00fcr:<\/p>\n<ul>\n<li>Frauen,<\/li>\n<li>LGBTIAAQ* &#8211; Lesbische, schwule und bisexuelle Personen, intergeschlechtliche, nichtbin\u00e4re, trans, asexuelle und agender Personen sowie alle diversen Geschlechtsidentit\u00e4ten,<\/li>\n<li>BIPoC (Black, Indigenous, People of Color) bzw. Menschen mit Migrationsgeschichte,<\/li>\n<li>Menschen mit Beeintr\u00e4chtigungen,<\/li>\n<li>von Klassismus betroffene Personen<\/li>\n<\/ul>\n<p>Das Programm findet im Jahr 2024 statt. Im Rahmen des Mentoring-Programms haben alle Teilnehmenden die M\u00f6glichkeit, in Kleingruppen mit eine*r politisch erfahrenen Mentor*in pers\u00f6nliche und politische Ziele abzustecken und an deren Verwirklichung zu arbeiten. Im Rahmen des Mentoring-Programms wird es Fortbildungen geben sowie die M\u00f6glichkeit, den politischen Arbeitsalltag kennen zu lernen, tiefer in die Partei einzusteigen und dich selber einzubringen.<\/p>\n<p>Du hast Zeit und Motivation, dich \u00fcber das Jahr 2024 hinweg etwa 2-3x im Monat kontinuierlich mit Mentor*innen und anderen Mentees auszutauschen, an Fortbildungen und Bildungsfahrten teilzunehmen? Du m\u00f6chtest Verantwortung \u00fcbernehmen? <b>Dann bewirb dich bis zum 21. Januar<\/b> unter <span style=\"color: #0563c1\"><u><a href=\"mailto:info@gruene-bremen.de\">info@gruene-bremen.de<\/a><\/u><\/span>. Wir ben\u00f6tigen von dir den ausgef\u00fcllten Fragebogen, in dem du darlegst, warum du dich bewirbst und was du erreichen m\u00f6chtest:<\/p>\n<p><a href=\"https:\/\/gruene-bremen.de\/wp-content\/uploads\/sites\/64\/2023\/12\/Fragebogen-Mentoring-2023.pdf\">Fragebogen als PDF-Datei<\/a> | <a href=\"https:\/\/gruene-bremen.de\/wp-content\/uploads\/sites\/64\/2023\/12\/Fragebogen-Mentoring-2023.docx\">Fragebogen als Word-Datei<\/a><\/p>\n<p>Wir streben an, bis Ende Januar die teilnehmenden Personen auszuw\u00e4hlen. Es steht eine begrenzte Anzahl an Pl\u00e4tzen zur Verf\u00fcgung. Auch wenn du nicht ausgew\u00e4hlt werden solltest, m\u00f6chten wir aber gerne mit dir gemeinsam M\u00f6glichkeiten suchen, dich st\u00e4rker in der Partei einzubringen.<br \/>\nWir freuen uns auf dich!<\/p>\n<p><b>Fragen?<\/b> Wende dich gerne an Sarah Dilbat (Landesvorstand, <span style=\"color: #0563c1\"><u><a href=\"mailto:sarah.dilbat@gruene-bremen.de\">sarah.dilbat[at]gruene-bremen.de<\/a><\/u><\/span>) und\/oder Sebastian Illigens (Landesgesch\u00e4ftsstelle, <span style=\"color: #0563c1\"><u><a href=\"mailto:sebastian.illigens@gruene-bremen.de\">sebastian.illigens[at]gruene-bremen.de<\/a><\/u><\/span>).<\/p>\n","protected":false},"excerpt":{"rendered":"<p>Wir GR\u00dcNEN verstehen uns als eine offene und bunte Partei. Mit der Annahme unseres Vielfaltsstatuts haben wir uns verpflichtet, Vielfalt in der Partei zu f\u00f6rdern. Wir m\u00f6chten allen die M\u00f6glichkeit geben, bei den GR\u00dcNEN aktiv zu werden, sich einzubringen und Verantwortung f\u00fcr politische Ver\u00e4nderung zu \u00fcbernehmen. Aus diesem Grund steht unser Mentoring-Programm 2024 unter dem&#8230;<\/p>\n","protected":false},"author":139,"featured_media":0,"parent":71,"menu_order":0,"comment_status":"closed","ping_status":"closed","template":"","meta":{"footnotes":""},"class_list":["post-14580","page","type-page","status-publish","hentry"],"_links":{"self":[{"href":"https:\/\/wordpress44.gcms.verdigado.net\/alteseite\/wp-json\/wp\/v2\/pages\/14580","targetHints":{"allow":["GET"]}}],"collection":[{"href":"https:\/\/wordpress44.gcms.verdigado.net\/alteseite\/wp-json\/wp\/v2\/pages"}],"about":[{"href":"https:\/\/wordpress44.gcms.verdigado.net\/alteseite\/wp-json\/wp\/v2\/types\/page"}],"author":[{"embeddable":true,"href":"https:\/\/wordpress44.gcms.verdigado.net\/alteseite\/wp-json\/wp\/v2\/users\/139"}],"replies":[{"embeddable":true,"href":"https:\/\/wordpress44.gcms.verdigado.net\/alteseite\/wp-json\/wp\/v2\/comments?post=14580"}],"version-history":[{"count":5,"href":"https:\/\/wordpress44.gcms.verdigado.net\/alteseite\/wp-json\/wp\/v2\/pages\/14580\/revisions"}],"predecessor-version":[{"id":14839,"href":"https:\/\/wordpress44.gcms.verdigado.net\/alteseite\/wp-json\/wp\/v2\/pages\/14580\/revisions\/14839"}],"up":[{"embeddable":true,"href":"https:\/\/wordpress44.gcms.verdigado.net\/alteseite\/wp-json\/wp\/v2\/pages\/71"}],"wp:attachment":[{"href":"https:\/\/wordpress44.gcms.verdigado.net\/alteseite\/wp-json\/wp\/v2\/media?parent=14580"}],"curies":[{"name":"wp","href":"https:\/\/api.w.org\/{rel}","templated":true}]}}