{"id":13850,"date":"2023-08-15T15:07:38","date_gmt":"2023-08-15T13:07:38","guid":{"rendered":"https:\/\/gruene-bremen.de\/?page_id=13850"},"modified":"2023-08-15T15:23:03","modified_gmt":"2023-08-15T13:23:03","slug":"parlament-und-regierung","status":"publish","type":"page","link":"https:\/\/wordpress44.gcms.verdigado.net\/alteseite\/parlament-und-regierung\/","title":{"rendered":"Parlament und Regierung"},"content":{"rendered":"<div class=\"responsive-tabs content-tabs\">\n<h2>B\u00fcrgerschaftsfraktion<\/h2><div>\n<p>\t\r\n\t<section class=\"personen-list mandate-list clearfix\">\r\n\t\t\t\t\t\t\t\t\t\t\t <article id=\"post-457\" class=\"clearfix post-457 person type-person status-publish has-post-thumbnail hentry abteilung-fraktion abteilung-kandi abteilung-kandidierende-bbue-2023\" role=\"article\">\n\t\t\t\t\t\t\t\t    \t\t\t\t\t\t\t\t\t\t\t<img loading=\"lazy\" decoding=\"async\" width=\"500\" height=\"500\" src=\"https:\/\/wordpress44.gcms.verdigado.net\/alteseite\/wp-content\/uploads\/sites\/64\/2023\/02\/Henrike-500x500.jpg\" class=\"attachment-thumbnail size-thumbnail wp-post-image\" alt=\"\" srcset=\"https:\/\/wordpress44.gcms.verdigado.net\/alteseite\/wp-content\/uploads\/sites\/64\/2023\/02\/Henrike-500x500.jpg 500w, https:\/\/wordpress44.gcms.verdigado.net\/alteseite\/wp-content\/uploads\/sites\/64\/2023\/02\/Henrike-300x300.jpg 300w\" sizes=\"auto, (max-width: 500px) 100vw, 500px\" \/>\t\t\t\t\t\t\t\t\t\t\t\t\t\t\t\t\t \n\t\t\t\t\t\t\t\t \n\t\t\t\t\t\t\t\t\t\t\t\t\t\t\t\t\t \n\t\t\t\t\t\t\t\t\t <header class=\"article-header\">\t\t\t\t\t\t\t\n\t\t\t\t\t\t\t\t\t\t <h3>Henrike M\u00fcller<\/h3>\n\t\t\t\t\t\t\t\t\t<\/header>\n\t\t\t\t\t\t\t\t\t\t\t\t\t\t\t\t\t\n\t\t\t\t\t\t\t\t\n\t\t\t\t\t\t\t\t\t<section class=\"entry-content\">\n\t\t\t\t\t\t\t\t\t\t\n\t\t\t\t\t\t\t\t\t\t<p class=\"funktion\">Fraktionsvorsitzende, Arbeitsmarktpolitik, Geschlechterpolitik, \u00d6ffentlicher Dienst, Religionspolitik<\/p>\t\t\t\t\t\t\t\t\t\t\t\t\t\t\t\t\t\t\t\t\n\t\t\t\t\t\t\t\t\t\t<p class=\"contact\">\n\t\t\t\t\t\t\t\t\t\t\t<a href=\"http:\/\/www.henrikemueller.de \" title=\"Zur Website von Henrike M\u00fcller\"><i class=\"fa fa-globe\"><\/i><\/a>\t\t\t\t\t\t\t\t\t\t\t<a href=\"http:\/\/facebook.com\/henrike.muller.7 \" title=\"Zum Facebook-Profil von Henrike M\u00fcller\"><i class=\"fa fa-thumbs-o-up\"><\/i><\/a>\t\t\t\t\t\t\t\t\t\t\t<a href=\"https:\/\/twitter.com\/MullerHenrike \" title=\"Zum Twitter-Acccount von Henrike M\u00fcller\"><i class=\"fa fa-twitter\"><\/i><\/a>\t\t\t\t\t\t\t\t\t\t\t<a href=\"http:\/\/instagram.de\/henrikemuellerhb \" title=\"Zum Instagram-Profil von Henrike M\u00fcller\"><i class=\"fa fa-instagram\"><\/i><\/a>\t\t\t\t\t\t\t\t\t\t\t<a href=\"mailto:h&#101;&#110;&#114;i&#107;&#101;.&#109;ue&#108;&#108;&#101;r&#64;&#103;ru&#101;n&#101;-&#98;&#114;&#101;m&#101;&#110;.&#100;&#101;\" title=\"Schreibe Henrike M\u00fcller eine E-Mail\"><i class=\"fa fa-envelope-o\"><\/i><\/a>\t\t\t\t\t\t\t\t\t\t\t\n\t\t\t\t\t\t\t\t\t\t<\/p>\n\t\t\t\t\t\t\t\t\t\t<p class=\"details\"><a href=\"https:\/\/wordpress44.gcms.verdigado.net\/alteseite\/person\/henrike-mueller\/\" title=\"Mehr Details \u00fcber Henrike M\u00fcller\">Details \u00bb<\/a><\/p>\t\t\t\t\t\t\t\t\t\n\t\t\t\t\t\t\t\t\t<\/section>\n\t\t\t\t\t\t\t\t\n\n\t\t\t\t\t\t\t\t<\/article> \t\t\t\t\t\t\t\t\t\t\t\t <article id=\"post-439\" class=\"clearfix post-439 person type-person status-publish has-post-thumbnail hentry abteilung-fraktion abteilung-kandi abteilung-kandidierende-bbue-2023\" role=\"article\">\n\t\t\t\t\t\t\t\t    \t\t\t\t\t\t\t\t\t\t\t<img loading=\"lazy\" decoding=\"async\" width=\"500\" height=\"500\" src=\"https:\/\/wordpress44.gcms.verdigado.net\/alteseite\/wp-content\/uploads\/sites\/64\/2023\/02\/Philipp-500x500.jpg\" class=\"attachment-thumbnail size-thumbnail wp-post-image\" alt=\"\" srcset=\"https:\/\/wordpress44.gcms.verdigado.net\/alteseite\/wp-content\/uploads\/sites\/64\/2023\/02\/Philipp-500x500.jpg 500w, https:\/\/wordpress44.gcms.verdigado.net\/alteseite\/wp-content\/uploads\/sites\/64\/2023\/02\/Philipp-300x300.jpg 300w\" sizes=\"auto, (max-width: 500px) 100vw, 500px\" \/>\t\t\t\t\t\t\t\t\t\t\t\t\t\t\t\t\t \n\t\t\t\t\t\t\t\t \n\t\t\t\t\t\t\t\t\t\t\t\t\t\t\t\t\t \n\t\t\t\t\t\t\t\t\t <header class=\"article-header\">\t\t\t\t\t\t\t\n\t\t\t\t\t\t\t\t\t\t <h3>Philipp Bruck<\/h3>\n\t\t\t\t\t\t\t\t\t<\/header>\n\t\t\t\t\t\t\t\t\t\t\t\t\t\t\t\t\t\n\t\t\t\t\t\t\t\t\n\t\t\t\t\t\t\t\t\t<section class=\"entry-content\">\n\t\t\t\t\t\t\t\t\t\t\n\t\t\t\t\t\t\t\t\t\t<p class=\"funktion\">Stv. Fraktionsvorsitzender, Haushalt und Finanzen, Klima- und Energiepolitik, Tierpolitik<\/p>\t\t\t\t\t\t\t\t\t\t\t\t\t\t\t\t\t\t\t\t\n\t\t\t\t\t\t\t\t\t\t<p class=\"contact\">\n\t\t\t\t\t\t\t\t\t\t\t<a href=\"http:\/\/www.philipp-bruck.de\" title=\"Zur Website von Philipp Bruck\"><i class=\"fa fa-globe\"><\/i><\/a>\t\t\t\t\t\t\t\t\t\t\t<a href=\"http:\/\/facebook.com\/philipp.bruck\" title=\"Zum Facebook-Profil von Philipp Bruck\"><i class=\"fa fa-thumbs-o-up\"><\/i><\/a>\t\t\t\t\t\t\t\t\t\t\t<a href=\"https:\/\/twitter.com\/@PhBruck\" title=\"Zum Twitter-Acccount von Philipp Bruck\"><i class=\"fa fa-twitter\"><\/i><\/a>\t\t\t\t\t\t\t\t\t\t\t<a href=\"https:\/\/www.instagram.com\/philipp.bruck\/\" title=\"Zum Instagram-Profil von Philipp Bruck\"><i class=\"fa fa-instagram\"><\/i><\/a>\t\t\t\t\t\t\t\t\t\t\t<a href=\"mailto:&#112;&#104;&#105;&#108;&#105;p&#112;.bru&#99;&#107;&#64;g&#114;u&#101;n&#101;-b&#114;&#101;&#109;en.&#100;e\" title=\"Schreibe Philipp Bruck eine E-Mail\"><i class=\"fa fa-envelope-o\"><\/i><\/a>\t\t\t\t\t\t\t\t\t\t\t\n\t\t\t\t\t\t\t\t\t\t<\/p>\n\t\t\t\t\t\t\t\t\t\t<p class=\"details\"><a href=\"https:\/\/wordpress44.gcms.verdigado.net\/alteseite\/person\/philipp-bruck\/\" title=\"Mehr Details \u00fcber Philipp Bruck\">Details \u00bb<\/a><\/p>\t\t\t\t\t\t\t\t\t\n\t\t\t\t\t\t\t\t\t<\/section>\n\t\t\t\t\t\t\t\t\n\n\t\t\t\t\t\t\t\t<\/article> \t\t\t\t\t\t\t\t\t\t\t\t <article id=\"post-182\" class=\"clearfix post-182 person type-person status-publish has-post-thumbnail hentry abteilung-fraktion abteilung-kandi abteilung-kandidierende-bbue-2023\" role=\"article\">\n\t\t\t\t\t\t\t\t    \t\t\t\t\t\t\t\t\t\t\t<img loading=\"lazy\" decoding=\"async\" width=\"500\" height=\"500\" src=\"https:\/\/wordpress44.gcms.verdigado.net\/alteseite\/wp-content\/uploads\/sites\/64\/2023\/02\/Maike-500x500.jpg\" class=\"attachment-thumbnail size-thumbnail wp-post-image\" alt=\"\" srcset=\"https:\/\/wordpress44.gcms.verdigado.net\/alteseite\/wp-content\/uploads\/sites\/64\/2023\/02\/Maike-500x500.jpg 500w, https:\/\/wordpress44.gcms.verdigado.net\/alteseite\/wp-content\/uploads\/sites\/64\/2023\/02\/Maike-300x300.jpg 300w\" sizes=\"auto, (max-width: 500px) 100vw, 500px\" \/>\t\t\t\t\t\t\t\t\t\t\t\t\t\t\t\t\t \n\t\t\t\t\t\t\t\t \n\t\t\t\t\t\t\t\t\t\t\t\t\t\t\t\t\t \n\t\t\t\t\t\t\t\t\t <header class=\"article-header\">\t\t\t\t\t\t\t\n\t\t\t\t\t\t\t\t\t\t <h3>Maike Schaefer<\/h3>\n\t\t\t\t\t\t\t\t\t<\/header>\n\t\t\t\t\t\t\t\t\t\t\t\t\t\t\t\t\t\n\t\t\t\t\t\t\t\t\n\t\t\t\t\t\t\t\t\t<section class=\"entry-content\">\n\t\t\t\t\t\t\t\t\t\t\n\t\t\t\t\t\t\t\t\t\t<p class=\"funktion\">Bremen-Nord, Verbraucherschutz, Entwicklungszusammenarbeit<\/p>\t\t\t\t\t\t\t\t\t\t\t\t\t\t\t\t\t\t\t\t\n\t\t\t\t\t\t\t\t\t\t<p class=\"contact\">\n\t\t\t\t\t\t\t\t\t\t\t\t\t\t\t\t\t\t\t\t\t\t\t\t\t\t\t\t\t\t\t\t\t\t\t\t\t\t\t\t\t\t\t\t\t\t\t\t\t\t\t\t\t\t\t<a href=\"mailto:ma&#105;&#107;e.sc&#104;&#97;&#101;&#102;&#101;&#114;&#64;gruene&#45;&#98;r&#101;men&#46;&#100;&#101;\" title=\"Schreibe Maike Schaefer eine E-Mail\"><i class=\"fa fa-envelope-o\"><\/i><\/a>\t\t\t\t\t\t\t\t\t\t\t\n\t\t\t\t\t\t\t\t\t\t<\/p>\n\t\t\t\t\t\t\t\t\t\t\t\t\t\t\t\t\t\t\t\n\t\t\t\t\t\t\t\t\t<\/section>\n\t\t\t\t\t\t\t\t\n\n\t\t\t\t\t\t\t\t<\/article> \t\t\t\t\t\t\t\t\t\t\t\t <article id=\"post-510\" class=\"clearfix post-510 person type-person status-publish has-post-thumbnail hentry abteilung-fraktion abteilung-kandi abteilung-kandidierende-bbue-2023\" role=\"article\">\n\t\t\t\t\t\t\t\t    \t\t\t\t\t\t\t\t\t\t\t<img loading=\"lazy\" decoding=\"async\" width=\"500\" height=\"500\" src=\"https:\/\/wordpress44.gcms.verdigado.net\/alteseite\/wp-content\/uploads\/sites\/64\/2023\/02\/Kai-500x500.jpg\" class=\"attachment-thumbnail size-thumbnail wp-post-image\" alt=\"\" srcset=\"https:\/\/wordpress44.gcms.verdigado.net\/alteseite\/wp-content\/uploads\/sites\/64\/2023\/02\/Kai-500x500.jpg 500w, https:\/\/wordpress44.gcms.verdigado.net\/alteseite\/wp-content\/uploads\/sites\/64\/2023\/02\/Kai-300x300.jpg 300w\" sizes=\"auto, (max-width: 500px) 100vw, 500px\" \/>\t\t\t\t\t\t\t\t\t\t\t\t\t\t\t\t\t \n\t\t\t\t\t\t\t\t \n\t\t\t\t\t\t\t\t\t\t\t\t\t\t\t\t\t \n\t\t\t\t\t\t\t\t\t <header class=\"article-header\">\t\t\t\t\t\t\t\n\t\t\t\t\t\t\t\t\t\t <h3>Kai Wargalla<\/h3>\n\t\t\t\t\t\t\t\t\t<\/header>\n\t\t\t\t\t\t\t\t\t\t\t\t\t\t\t\t\t\n\t\t\t\t\t\t\t\t\n\t\t\t\t\t\t\t\t\t<section class=\"entry-content\">\n\t\t\t\t\t\t\t\t\t\t\n\t\t\t\t\t\t\t\t\t\t<p class=\"funktion\">Kulturpolitik und Erinnerungsarbeit, Antifaschismus und Strategien gegen Rechtsextremismus, Queer, Sport<\/p>\t\t\t\t\t\t\t\t\t\t\t\t\t\t\t\t\t\t\t\t\n\t\t\t\t\t\t\t\t\t\t<p class=\"contact\">\n\t\t\t\t\t\t\t\t\t\t\t\t\t\t\t\t\t\t\t\t\t\t<a href=\"https:\/\/www.facebook.com\/KaiWargalla\/\" title=\"Zum Facebook-Profil von Kai Wargalla\"><i class=\"fa fa-thumbs-o-up\"><\/i><\/a>\t\t\t\t\t\t\t\t\t\t\t<a href=\"https:\/\/twitter.com\/KaiWargalla\" title=\"Zum Twitter-Acccount von Kai Wargalla\"><i class=\"fa fa-twitter\"><\/i><\/a>\t\t\t\t\t\t\t\t\t\t\t\t\t\t\t\t\t\t\t\t\t\t<a href=\"mailto:&#107;&#97;i.w&#97;rg&#97;&#108;&#108;a&#64;gr&#117;&#101;&#110;e&#45;&#98;reme&#110;&#46;&#100;e\" title=\"Schreibe Kai Wargalla eine E-Mail\"><i class=\"fa fa-envelope-o\"><\/i><\/a>\t\t\t\t\t\t\t\t\t\t\t\n\t\t\t\t\t\t\t\t\t\t<\/p>\n\t\t\t\t\t\t\t\t\t\t<p class=\"details\"><a href=\"https:\/\/wordpress44.gcms.verdigado.net\/alteseite\/person\/kai-wargalla\/\" title=\"Mehr Details \u00fcber Kai Wargalla\">Details \u00bb<\/a><\/p>\t\t\t\t\t\t\t\t\t\n\t\t\t\t\t\t\t\t\t<\/section>\n\t\t\t\t\t\t\t\t\n\n\t\t\t\t\t\t\t\t<\/article> \t\t\t\t\t\t\t\t\t\t\t\t <article id=\"post-10552\" class=\"clearfix post-10552 person type-person status-publish has-post-thumbnail hentry abteilung-fraktion\" role=\"article\">\n\t\t\t\t\t\t\t\t    \t\t\t\t\t\t\t\t\t\t\t<img loading=\"lazy\" decoding=\"async\" width=\"500\" height=\"500\" src=\"https:\/\/wordpress44.gcms.verdigado.net\/alteseite\/wp-content\/uploads\/sites\/64\/2023\/02\/Franziska-500x500.jpg\" class=\"attachment-thumbnail size-thumbnail wp-post-image\" alt=\"\" srcset=\"https:\/\/wordpress44.gcms.verdigado.net\/alteseite\/wp-content\/uploads\/sites\/64\/2023\/02\/Franziska-500x500.jpg 500w, https:\/\/wordpress44.gcms.verdigado.net\/alteseite\/wp-content\/uploads\/sites\/64\/2023\/02\/Franziska-300x300.jpg 300w\" sizes=\"auto, (max-width: 500px) 100vw, 500px\" \/>\t\t\t\t\t\t\t\t\t\t\t\t\t\t\t\t\t \n\t\t\t\t\t\t\t\t \n\t\t\t\t\t\t\t\t\t\t\t\t\t\t\t\t\t \n\t\t\t\t\t\t\t\t\t <header class=\"article-header\">\t\t\t\t\t\t\t\n\t\t\t\t\t\t\t\t\t\t <h3>Franziska Tell<\/h3>\n\t\t\t\t\t\t\t\t\t<\/header>\n\t\t\t\t\t\t\t\t\t\t\t\t\t\t\t\t\t\n\t\t\t\t\t\t\t\t\n\t\t\t\t\t\t\t\t\t<section class=\"entry-content\">\n\t\t\t\t\t\t\t\t\t\t\n\t\t\t\t\t\t\t\t\t\t<p class=\"funktion\">Bildungspolitik, Wissenschaft, Kinderpolitik, Datenschutz, Digitales, Medienpolitik<\/p>\t\t\t\t\t\t\t\t\t\t\t\t\t\t\t\t\t\t\t\t\n\t\t\t\t\t\t\t\t\t\t<p class=\"contact\">\n\t\t\t\t\t\t\t\t\t\t\t<a href=\"http:\/\/abergerecht.de\/\" title=\"Zur Website von Franziska Tell\"><i class=\"fa fa-globe\"><\/i><\/a>\t\t\t\t\t\t\t\t\t\t\t\t\t\t\t\t\t\t\t\t\t\t<a href=\"https:\/\/twitter.com\/franziska_tell\" title=\"Zum Twitter-Acccount von Franziska Tell\"><i class=\"fa fa-twitter\"><\/i><\/a>\t\t\t\t\t\t\t\t\t\t\t<a href=\"https:\/\/www.instagram.com\/franziska_tell\/\" title=\"Zum Instagram-Profil von Franziska Tell\"><i class=\"fa fa-instagram\"><\/i><\/a>\t\t\t\t\t\t\t\t\t\t\t<a href=\"mailto:fr&#97;n&#122;&#105;&#115;k&#97;&#46;&#116;&#101;&#108;l&#64;gr&#117;en&#101;&#45;b&#114;e&#109;&#101;n&#46;&#100;e\" title=\"Schreibe Franziska Tell eine E-Mail\"><i class=\"fa fa-envelope-o\"><\/i><\/a>\t\t\t\t\t\t\t\t\t\t\t\n\t\t\t\t\t\t\t\t\t\t<\/p>\n\t\t\t\t\t\t\t\t\t\t\t\t\t\t\t\t\t\t\t\n\t\t\t\t\t\t\t\t\t<\/section>\n\t\t\t\t\t\t\t\t\n\n\t\t\t\t\t\t\t\t<\/article> \t\t\t\t\t\t\t\t\t\t\t\t <article id=\"post-462\" class=\"clearfix post-462 person type-person status-publish has-post-thumbnail hentry abteilung-fraktion abteilung-kandi abteilung-kandidierende-bbue-2023\" role=\"article\">\n\t\t\t\t\t\t\t\t    \t\t\t\t\t\t\t\t\t\t\t<img loading=\"lazy\" decoding=\"async\" width=\"500\" height=\"500\" src=\"https:\/\/wordpress44.gcms.verdigado.net\/alteseite\/wp-content\/uploads\/sites\/64\/2021\/06\/Sahhanim-500x500.jpg\" class=\"attachment-thumbnail size-thumbnail wp-post-image\" alt=\"\" \/>\t\t\t\t\t\t\t\t\t\t\t\t\t\t\t\t\t \n\t\t\t\t\t\t\t\t \n\t\t\t\t\t\t\t\t\t\t\t\t\t\t\t\t\t \n\t\t\t\t\t\t\t\t\t <header class=\"article-header\">\t\t\t\t\t\t\t\n\t\t\t\t\t\t\t\t\t\t <h3>Sahhanim G\u00f6rg\u00fc-Philipp<\/h3>\n\t\t\t\t\t\t\t\t\t<\/header>\n\t\t\t\t\t\t\t\t\t\t\t\t\t\t\t\t\t\n\t\t\t\t\t\t\t\t\n\t\t\t\t\t\t\t\t\t<section class=\"entry-content\">\n\t\t\t\t\t\t\t\t\t\t\n\t\t\t\t\t\t\t\t\t\t<p class=\"funktion\">Soziales, Integration, Jugendpolitik, Senior*innen<\/p>\t\t\t\t\t\t\t\t\t\t\t\t\t\t\t\t\t\t\t\t\n\t\t\t\t\t\t\t\t\t\t<p class=\"contact\">\n\t\t\t\t\t\t\t\t\t\t\t\t\t\t\t\t\t\t\t\t\t\t<a href=\"https:\/\/www.facebook.com\/sahhanim.g\u00f6rg\u00fc-philipp\" title=\"Zum Facebook-Profil von Sahhanim G\u00f6rg\u00fc-Philipp\"><i class=\"fa fa-thumbs-o-up\"><\/i><\/a>\t\t\t\t\t\t\t\t\t\t\t\t\t\t\t\t\t\t\t\t\t\t\t\t\t\t\t\t\t\t\t\t\t<a href=\"mailto:sah&#104;a&#110;i&#109;.go&#101;rg&#117;e&#45;p&#104;&#105;li&#112;&#112;&#64;&#103;&#114;&#117;&#101;&#110;&#101;-br&#101;men&#46;&#100;e\" title=\"Schreibe Sahhanim G\u00f6rg\u00fc-Philipp eine E-Mail\"><i class=\"fa fa-envelope-o\"><\/i><\/a>\t\t\t\t\t\t\t\t\t\t\t\n\t\t\t\t\t\t\t\t\t\t<\/p>\n\t\t\t\t\t\t\t\t\t\t<p class=\"details\"><a href=\"https:\/\/wordpress44.gcms.verdigado.net\/alteseite\/person\/sahhanim-goergue-philipp\/\" title=\"Mehr Details \u00fcber Sahhanim G\u00f6rg\u00fc-Philipp\">Details \u00bb<\/a><\/p>\t\t\t\t\t\t\t\t\t\n\t\t\t\t\t\t\t\t\t<\/section>\n\t\t\t\t\t\t\t\t\n\n\t\t\t\t\t\t\t\t<\/article> \t\t\t\t\t\t\t\t\t\t\t\t <article id=\"post-437\" class=\"clearfix post-437 person type-person status-publish has-post-thumbnail hentry abteilung-fraktion abteilung-kandi abteilung-kandidierende-bbue-2023\" role=\"article\">\n\t\t\t\t\t\t\t\t    \t\t\t\t\t\t\t\t\t\t\t<img loading=\"lazy\" decoding=\"async\" width=\"500\" height=\"500\" src=\"https:\/\/wordpress44.gcms.verdigado.net\/alteseite\/wp-content\/uploads\/sites\/64\/2023\/02\/Ralph-500x500.jpg\" class=\"attachment-thumbnail size-thumbnail wp-post-image\" alt=\"\" srcset=\"https:\/\/wordpress44.gcms.verdigado.net\/alteseite\/wp-content\/uploads\/sites\/64\/2023\/02\/Ralph-500x500.jpg 500w, https:\/\/wordpress44.gcms.verdigado.net\/alteseite\/wp-content\/uploads\/sites\/64\/2023\/02\/Ralph-400x399.jpg 400w, https:\/\/wordpress44.gcms.verdigado.net\/alteseite\/wp-content\/uploads\/sites\/64\/2023\/02\/Ralph-300x300.jpg 300w\" sizes=\"auto, (max-width: 500px) 100vw, 500px\" \/>\t\t\t\t\t\t\t\t\t\t\t\t\t\t\t\t\t \n\t\t\t\t\t\t\t\t \n\t\t\t\t\t\t\t\t\t\t\t\t\t\t\t\t\t \n\t\t\t\t\t\t\t\t\t <header class=\"article-header\">\t\t\t\t\t\t\t\n\t\t\t\t\t\t\t\t\t\t <h3>Ralph Saxe<\/h3>\n\t\t\t\t\t\t\t\t\t<\/header>\n\t\t\t\t\t\t\t\t\t\t\t\t\t\t\t\t\t\n\t\t\t\t\t\t\t\t\n\t\t\t\t\t\t\t\t\t<section class=\"entry-content\">\n\t\t\t\t\t\t\t\t\t\t\n\t\t\t\t\t\t\t\t\t\t<p class=\"funktion\">Umwelt, Verkehr, Gesundheitspolitik, Pflege, Beir\u00e4te (gemeinsam mit Bithja Menzel), Demokratie<\/p>\t\t\t\t\t\t\t\t\t\t\t\t\t\t\t\t\t\t\t\t\n\t\t\t\t\t\t\t\t\t\t<p class=\"contact\">\n\t\t\t\t\t\t\t\t\t\t\t<a href=\"http:\/\/www.ralph-saxe.de\" title=\"Zur Website von Ralph Saxe\"><i class=\"fa fa-globe\"><\/i><\/a>\t\t\t\t\t\t\t\t\t\t\t<a href=\"https:\/\/www.facebook.com\/ralph.saxe\" title=\"Zum Facebook-Profil von Ralph Saxe\"><i class=\"fa fa-thumbs-o-up\"><\/i><\/a>\t\t\t\t\t\t\t\t\t\t\t<a href=\"https:\/\/twitter.com\/saxeralph\" title=\"Zum Twitter-Acccount von Ralph Saxe\"><i class=\"fa fa-twitter\"><\/i><\/a>\t\t\t\t\t\t\t\t\t\t\t<a href=\"https:\/\/www.instagram.com\/ralphsaxe\/\" title=\"Zum Instagram-Profil von Ralph Saxe\"><i class=\"fa fa-instagram\"><\/i><\/a>\t\t\t\t\t\t\t\t\t\t\t<a href=\"mailto:&#114;a&#108;ph.sa&#120;e&#64;&#103;rue&#110;&#101;-b&#114;&#101;m&#101;&#110;.de\" title=\"Schreibe Ralph Saxe eine E-Mail\"><i class=\"fa fa-envelope-o\"><\/i><\/a>\t\t\t\t\t\t\t\t\t\t\t\n\t\t\t\t\t\t\t\t\t\t<\/p>\n\t\t\t\t\t\t\t\t\t\t<p class=\"details\"><a href=\"https:\/\/wordpress44.gcms.verdigado.net\/alteseite\/person\/ralph-saxe\/\" title=\"Mehr Details \u00fcber Ralph Saxe\">Details \u00bb<\/a><\/p>\t\t\t\t\t\t\t\t\t\n\t\t\t\t\t\t\t\t\t<\/section>\n\t\t\t\t\t\t\t\t\n\n\t\t\t\t\t\t\t\t<\/article> \t\t\t\t\t\t\t\t\t\t\t\t <article id=\"post-10554\" class=\"clearfix post-10554 person type-person status-publish has-post-thumbnail hentry abteilung-fraktion abteilung-kandidierende-bbue-2023\" role=\"article\">\n\t\t\t\t\t\t\t\t    \t\t\t\t\t\t\t\t\t\t\t<img loading=\"lazy\" decoding=\"async\" width=\"500\" height=\"500\" src=\"https:\/\/wordpress44.gcms.verdigado.net\/alteseite\/wp-content\/uploads\/sites\/64\/2023\/02\/Bithja-500x500.jpg\" class=\"attachment-thumbnail size-thumbnail wp-post-image\" alt=\"\" srcset=\"https:\/\/wordpress44.gcms.verdigado.net\/alteseite\/wp-content\/uploads\/sites\/64\/2023\/02\/Bithja-500x500.jpg 500w, https:\/\/wordpress44.gcms.verdigado.net\/alteseite\/wp-content\/uploads\/sites\/64\/2023\/02\/Bithja-300x300.jpg 300w\" sizes=\"auto, (max-width: 500px) 100vw, 500px\" \/>\t\t\t\t\t\t\t\t\t\t\t\t\t\t\t\t\t \n\t\t\t\t\t\t\t\t \n\t\t\t\t\t\t\t\t\t\t\t\t\t\t\t\t\t \n\t\t\t\t\t\t\t\t\t <header class=\"article-header\">\t\t\t\t\t\t\t\n\t\t\t\t\t\t\t\t\t\t <h3>Bithja Menzel<\/h3>\n\t\t\t\t\t\t\t\t\t<\/header>\n\t\t\t\t\t\t\t\t\t\t\t\t\t\t\t\t\t\n\t\t\t\t\t\t\t\t\n\t\t\t\t\t\t\t\t\t<section class=\"entry-content\">\n\t\t\t\t\t\t\t\t\t\t\n\t\t\t\t\t\t\t\t\t\t<p class=\"funktion\">Bau und Stadtentwicklung, Ern\u00e4hrung, Landwirtschaft, Beir\u00e4te (gemeinsam mit Ralph Saxe), B\u00fcrgerbeteiligung, Petitionen<\/p>\t\t\t\t\t\t\t\t\t\t\t\t\t\t\t\t\t\t\t\t\n\t\t\t\t\t\t\t\t\t\t<p class=\"contact\">\n\t\t\t\t\t\t\t\t\t\t\t\t\t\t\t\t\t\t\t\t\t\t\t\t\t\t\t\t\t\t\t\t\t\t\t\t\t\t\t\t\t\t\t\t\t\t\t\t\t\t\t\t\t\t\t<a href=\"mailto:&#98;&#105;&#116;&#104;&#106;&#97;&#46;m&#101;nzel&#64;g&#114;ue&#110;&#101;&#45;&#98;r&#101;&#109;&#101;&#110;&#46;d&#101;\" title=\"Schreibe Bithja Menzel eine E-Mail\"><i class=\"fa fa-envelope-o\"><\/i><\/a>\t\t\t\t\t\t\t\t\t\t\t\n\t\t\t\t\t\t\t\t\t\t<\/p>\n\t\t\t\t\t\t\t\t\t\t\t\t\t\t\t\t\t\t\t\n\t\t\t\t\t\t\t\t\t<\/section>\n\t\t\t\t\t\t\t\t\n\n\t\t\t\t\t\t\t\t<\/article> \t\t\t\t\t\t\t\t\t\t\t\t <article id=\"post-10556\" class=\"clearfix post-10556 person type-person status-publish has-post-thumbnail hentry abteilung-fraktion abteilung-kandidierende-bbue-2023\" role=\"article\">\n\t\t\t\t\t\t\t\t    \t\t\t\t\t\t\t\t\t\t\t<img loading=\"lazy\" decoding=\"async\" width=\"500\" height=\"500\" src=\"https:\/\/wordpress44.gcms.verdigado.net\/alteseite\/wp-content\/uploads\/sites\/64\/2023\/02\/Emanuel-500x500.jpg\" class=\"attachment-thumbnail size-thumbnail wp-post-image\" alt=\"\" srcset=\"https:\/\/wordpress44.gcms.verdigado.net\/alteseite\/wp-content\/uploads\/sites\/64\/2023\/02\/Emanuel-500x500.jpg 500w, https:\/\/wordpress44.gcms.verdigado.net\/alteseite\/wp-content\/uploads\/sites\/64\/2023\/02\/Emanuel-300x300.jpg 300w\" sizes=\"auto, (max-width: 500px) 100vw, 500px\" \/>\t\t\t\t\t\t\t\t\t\t\t\t\t\t\t\t\t \n\t\t\t\t\t\t\t\t \n\t\t\t\t\t\t\t\t\t\t\t\t\t\t\t\t\t \n\t\t\t\t\t\t\t\t\t <header class=\"article-header\">\t\t\t\t\t\t\t\n\t\t\t\t\t\t\t\t\t\t <h3>Emanuel Herold<\/h3>\n\t\t\t\t\t\t\t\t\t<\/header>\n\t\t\t\t\t\t\t\t\t\t\t\t\t\t\t\t\t\n\t\t\t\t\t\t\t\t\n\t\t\t\t\t\t\t\t\t<section class=\"entry-content\">\n\t\t\t\t\t\t\t\t\t\t\n\t\t\t\t\t\t\t\t\t\t<p class=\"funktion\">Wirtschaft, H\u00e4fen\/Fischerei\/Schifffahrt, Europapolitik<\/p>\t\t\t\t\t\t\t\t\t\t\t\t\t\t\t\t\t\t\t\t\n\t\t\t\t\t\t\t\t\t\t<p class=\"contact\">\n\t\t\t\t\t\t\t\t\t\t\t\t\t\t\t\t\t\t\t\t\t\t\t\t\t\t\t\t\t\t\t\t\t\t\t\t\t\t\t\t\t\t\t\t\t\t\t\t\t\t\t\t\t\t\t<a href=\"mailto:emanue&#108;&#46;h&#101;r&#111;ld&#64;&#103;r&#117;e&#110;&#101;&#45;&#98;re&#109;e&#110;.&#100;e\" title=\"Schreibe Emanuel Herold eine E-Mail\"><i class=\"fa fa-envelope-o\"><\/i><\/a>\t\t\t\t\t\t\t\t\t\t\t\n\t\t\t\t\t\t\t\t\t\t<\/p>\n\t\t\t\t\t\t\t\t\t\t<p class=\"details\"><a href=\"https:\/\/wordpress44.gcms.verdigado.net\/alteseite\/person\/emanuel-herold-2\/\" title=\"Mehr Details \u00fcber Emanuel Herold\">Details \u00bb<\/a><\/p>\t\t\t\t\t\t\t\t\t\n\t\t\t\t\t\t\t\t\t<\/section>\n\t\t\t\t\t\t\t\t\n\n\t\t\t\t\t\t\t\t<\/article> \t\t\t\t\t\t\t\t\t\t\t\t <article id=\"post-567\" class=\"clearfix post-567 person type-person status-publish has-post-thumbnail hentry abteilung-fraktion abteilung-kandidierende-bbue-2023-bremerhaven abteilung-kandisb\" role=\"article\">\n\t\t\t\t\t\t\t\t    \t\t\t\t\t\t\t\t\t\t\t<img loading=\"lazy\" decoding=\"async\" width=\"500\" height=\"500\" src=\"https:\/\/wordpress44.gcms.verdigado.net\/alteseite\/wp-content\/uploads\/sites\/64\/2019\/04\/22091_0579-500x500.jpg\" class=\"attachment-thumbnail size-thumbnail wp-post-image\" alt=\"\" srcset=\"https:\/\/wordpress44.gcms.verdigado.net\/alteseite\/wp-content\/uploads\/sites\/64\/2019\/04\/22091_0579-500x500.jpg 500w, https:\/\/wordpress44.gcms.verdigado.net\/alteseite\/wp-content\/uploads\/sites\/64\/2019\/04\/22091_0579-300x300.jpg 300w\" sizes=\"auto, (max-width: 500px) 100vw, 500px\" \/>\t\t\t\t\t\t\t\t\t\t\t\t\t\t\t\t\t \n\t\t\t\t\t\t\t\t \n\t\t\t\t\t\t\t\t\t\t\t\t\t\t\t\t\t \n\t\t\t\t\t\t\t\t\t <header class=\"article-header\">\t\t\t\t\t\t\t\n\t\t\t\t\t\t\t\t\t\t <h3>Michael Labetzke<\/h3>\n\t\t\t\t\t\t\t\t\t<\/header>\n\t\t\t\t\t\t\t\t\t\t\t\t\t\t\t\t\t\n\t\t\t\t\t\t\t\t\n\t\t\t\t\t\t\t\t\t<section class=\"entry-content\">\n\t\t\t\t\t\t\t\t\t\t\n\t\t\t\t\t\t\t\t\t\t<p class=\"funktion\">Bremerhavenpolitik, Innenpolitik, Rechtspolitik<\/p>\t\t\t\t\t\t\t\t\t\t\t\t\t\t\t\t\t\t\t\t\n\t\t\t\t\t\t\t\t\t\t<p class=\"contact\">\n\t\t\t\t\t\t\t\t\t\t\t<a href=\"http:\/\/michaellabetzke.de\/\" title=\"Zur Website von Michael Labetzke\"><i class=\"fa fa-globe\"><\/i><\/a>\t\t\t\t\t\t\t\t\t\t\t\t\t\t\t\t\t\t\t\t\t\t\t\t\t\t\t\t\t\t\t\t\t\t\t\t\t\t\t\t\t\t\t\t<a href=\"mailto:m&#105;cha&#101;l.l&#97;be&#116;zk&#101;&#64;gr&#117;&#101;&#110;&#101;-b&#114;e&#109;e&#114;h&#97;v&#101;n.de&#32;\" title=\"Schreibe Michael Labetzke eine E-Mail\"><i class=\"fa fa-envelope-o\"><\/i><\/a>\t\t\t\t\t\t\t\t\t\t\t\n\t\t\t\t\t\t\t\t\t\t<\/p>\n\t\t\t\t\t\t\t\t\t\t<p class=\"details\"><a href=\"https:\/\/wordpress44.gcms.verdigado.net\/alteseite\/person\/michael-labetzke\/\" title=\"Mehr Details \u00fcber Michael Labetzke\">Details \u00bb<\/a><\/p>\t\t\t\t\t\t\t\t\t\n\t\t\t\t\t\t\t\t\t<\/section>\n\t\t\t\t\t\t\t\t\n\n\t\t\t\t\t\t\t\t<\/article> \t\t\t<\/section>\r\n\r\n\r\n\r\n\t<\/p>\n<\/div>\n<h2>Senat<\/h2><div>\n<p>\t\r\n\t<section class=\"personen-list mandate-list clearfix\">\r\n\t\t\t\t\t\t\t\t\t\t\t <article id=\"post-431\" class=\"clearfix post-431 person type-person status-publish has-post-thumbnail hentry abteilung-kandi abteilung-kandidierende-bbue-2023 abteilung-senat\" role=\"article\">\n\t\t\t\t\t\t\t\t    \t\t\t\t\t\t\t\t\t\t\t<img loading=\"lazy\" decoding=\"async\" width=\"500\" height=\"500\" src=\"https:\/\/wordpress44.gcms.verdigado.net\/alteseite\/wp-content\/uploads\/sites\/64\/2019\/04\/22091_0040-fuer-Homepage-500x500.jpg\" class=\"attachment-thumbnail size-thumbnail wp-post-image\" alt=\"\" srcset=\"https:\/\/wordpress44.gcms.verdigado.net\/alteseite\/wp-content\/uploads\/sites\/64\/2019\/04\/22091_0040-fuer-Homepage-500x500.jpg 500w, https:\/\/wordpress44.gcms.verdigado.net\/alteseite\/wp-content\/uploads\/sites\/64\/2019\/04\/22091_0040-fuer-Homepage-300x300.jpg 300w\" sizes=\"auto, (max-width: 500px) 100vw, 500px\" \/>\t\t\t\t\t\t\t\t\t\t\t\t\t\t\t\t\t \n\t\t\t\t\t\t\t\t \n\t\t\t\t\t\t\t\t\t\t\t\t\t\t\t\t\t \n\t\t\t\t\t\t\t\t\t <header class=\"article-header\">\t\t\t\t\t\t\t\n\t\t\t\t\t\t\t\t\t\t <h3>Bj\u00f6rn Fecker<\/h3>\n\t\t\t\t\t\t\t\t\t<\/header>\n\t\t\t\t\t\t\t\t\t\t\t\t\t\t\t\t\t\n\t\t\t\t\t\t\t\t\n\t\t\t\t\t\t\t\t\t<section class=\"entry-content\">\n\t\t\t\t\t\t\t\t\t\t\n\t\t\t\t\t\t\t\t\t\t<p class=\"funktion\">B\u00fcrgermeister, Senator f\u00fcr Finanzen<\/p>\t\t\t\t\t\t\t\t\t\t\t\t\t\t\t\t\t\t\t\t\n\t\t\t\t\t\t\t\t\t\t<p class=\"contact\">\n\t\t\t\t\t\t\t\t\t\t\t<a href=\"http:\/\/www.bjoern-fecker.de\" title=\"Zur Website von Bj\u00f6rn Fecker\"><i class=\"fa fa-globe\"><\/i><\/a>\t\t\t\t\t\t\t\t\t\t\t<a href=\"http:\/\/facebook.com\/bjoernfecker\" title=\"Zum Facebook-Profil von Bj\u00f6rn Fecker\"><i class=\"fa fa-thumbs-o-up\"><\/i><\/a>\t\t\t\t\t\t\t\t\t\t\t<a href=\"https:\/\/twitter.com\/bjoernfecker\" title=\"Zum Twitter-Acccount von Bj\u00f6rn Fecker\"><i class=\"fa fa-twitter\"><\/i><\/a>\t\t\t\t\t\t\t\t\t\t\t<a href=\"http:\/\/instagram.com\/bjoernfecker\/ \" title=\"Zum Instagram-Profil von Bj\u00f6rn Fecker\"><i class=\"fa fa-instagram\"><\/i><\/a>\t\t\t\t\t\t\t\t\t\t\t<a href=\"mailto:&#98;&#106;o&#101;r&#110;.f&#101;&#99;&#107;er&#64;&#103;&#114;ue&#110;&#101;&#45;brem&#101;n.de\" title=\"Schreibe Bj\u00f6rn Fecker eine E-Mail\"><i class=\"fa fa-envelope-o\"><\/i><\/a>\t\t\t\t\t\t\t\t\t\t\t\n\t\t\t\t\t\t\t\t\t\t<\/p>\n\t\t\t\t\t\t\t\t\t\t<p class=\"details\"><a href=\"https:\/\/wordpress44.gcms.verdigado.net\/alteseite\/person\/bjoern-fecker\/\" title=\"Mehr Details \u00fcber Bj\u00f6rn Fecker\">Details \u00bb<\/a><\/p>\t\t\t\t\t\t\t\t\t\n\t\t\t\t\t\t\t\t\t<\/section>\n\t\t\t\t\t\t\t\t\n\n\t\t\t\t\t\t\t\t<\/article> \t\t\t\t\t\t\t\t\t\t\t\t <article id=\"post-13674\" class=\"clearfix post-13674 person type-person status-publish has-post-thumbnail hentry abteilung-senat\" role=\"article\">\n\t\t\t\t\t\t\t\t    \t\t\t\t\t\t\t\t\t\t\t<img loading=\"lazy\" decoding=\"async\" width=\"500\" height=\"500\" src=\"https:\/\/wordpress44.gcms.verdigado.net\/alteseite\/wp-content\/uploads\/sites\/64\/2023\/06\/L1060633-klein-Homepage-500x500.png\" class=\"attachment-thumbnail size-thumbnail wp-post-image\" alt=\"\" srcset=\"https:\/\/wordpress44.gcms.verdigado.net\/alteseite\/wp-content\/uploads\/sites\/64\/2023\/06\/L1060633-klein-Homepage-500x500.png 500w, https:\/\/wordpress44.gcms.verdigado.net\/alteseite\/wp-content\/uploads\/sites\/64\/2023\/06\/L1060633-klein-Homepage-300x300.png 300w\" sizes=\"auto, (max-width: 500px) 100vw, 500px\" \/>\t\t\t\t\t\t\t\t\t\t\t\t\t\t\t\t\t \n\t\t\t\t\t\t\t\t \n\t\t\t\t\t\t\t\t\t\t\t\t\t\t\t\t\t \n\t\t\t\t\t\t\t\t\t <header class=\"article-header\">\t\t\t\t\t\t\t\n\t\t\t\t\t\t\t\t\t\t <h3>Kathrin Moosdorf<\/h3>\n\t\t\t\t\t\t\t\t\t<\/header>\n\t\t\t\t\t\t\t\t\t\t\t\t\t\t\t\t\t\n\t\t\t\t\t\t\t\t\n\t\t\t\t\t\t\t\t\t<section class=\"entry-content\">\n\t\t\t\t\t\t\t\t\t\t\n\t\t\t\t\t\t\t\t\t\t<p class=\"funktion\">Senatorin f\u00fcr Umwelt, Klima, Wissenschaft<\/p>\t\t\t\t\t\t\t\t\t\t\t\t\t\t\t\t\t\t\t\t\n\t\t\t\t\t\t\t\t\t\t<p class=\"contact\">\n\t\t\t\t\t\t\t\t\t\t\t\t\t\t\t\t\t\t\t\t\t\t\t\t\t\t\t\t\t\t\t\t\t\t\t\t\t\t\t\t\t\t\t\t\t\t\t\t\t\t\t\t\t\t\t\t\t\t\t\t\t\t\t\t\t\t\n\t\t\t\t\t\t\t\t\t\t<\/p>\n\t\t\t\t\t\t\t\t\t\t\t\t\t\t\t\t\t\t\t\n\t\t\t\t\t\t\t\t\t<\/section>\n\t\t\t\t\t\t\t\t\n\n\t\t\t\t\t\t\t\t<\/article> \t\t\t<\/section>\r\n\r\n\r\n\r\n\t<\/p>\n<\/div>\n<h2>Bundestag<\/h2><div>\n<p>\t\r\n\t<section class=\"personen-list mandate-list clearfix\">\r\n\t\t\t\t\t\t\t\t\t\t\t <article id=\"post-1893\" class=\"clearfix post-1893 person type-person status-publish has-post-thumbnail hentry abteilung-bund\" role=\"article\">\n\t\t\t\t\t\t\t\t    \t\t\t\t\t\t\t\t\t\t\t<img loading=\"lazy\" decoding=\"async\" width=\"500\" height=\"500\" src=\"https:\/\/wordpress44.gcms.verdigado.net\/alteseite\/wp-content\/uploads\/sites\/64\/2019\/10\/Kirsten-Kappert-Gonther-500x500.png\" class=\"attachment-thumbnail size-thumbnail wp-post-image\" alt=\"\" srcset=\"https:\/\/wordpress44.gcms.verdigado.net\/alteseite\/wp-content\/uploads\/sites\/64\/2019\/10\/Kirsten-Kappert-Gonther-500x500.png 500w, https:\/\/wordpress44.gcms.verdigado.net\/alteseite\/wp-content\/uploads\/sites\/64\/2019\/10\/Kirsten-Kappert-Gonther-400x400.png 400w, https:\/\/wordpress44.gcms.verdigado.net\/alteseite\/wp-content\/uploads\/sites\/64\/2019\/10\/Kirsten-Kappert-Gonther-768x768.png 768w, https:\/\/wordpress44.gcms.verdigado.net\/alteseite\/wp-content\/uploads\/sites\/64\/2019\/10\/Kirsten-Kappert-Gonther-900x900.png 900w, https:\/\/wordpress44.gcms.verdigado.net\/alteseite\/wp-content\/uploads\/sites\/64\/2019\/10\/Kirsten-Kappert-Gonther.png 1124w\" sizes=\"auto, (max-width: 500px) 100vw, 500px\" \/>\t\t\t\t\t\t\t\t\t\t\t\t\t\t\t\t\t \n\t\t\t\t\t\t\t\t \n\t\t\t\t\t\t\t\t\t\t\t\t\t\t\t\t\t \n\t\t\t\t\t\t\t\t\t <header class=\"article-header\">\t\t\t\t\t\t\t\n\t\t\t\t\t\t\t\t\t\t <h3>Kirsten Kappert-Gonther<\/h3>\n\t\t\t\t\t\t\t\t\t<\/header>\n\t\t\t\t\t\t\t\t\t\t\t\t\t\t\t\t\t\n\t\t\t\t\t\t\t\t\n\t\t\t\t\t\t\t\t\t<section class=\"entry-content\">\n\t\t\t\t\t\t\t\t\t\t\n\t\t\t\t\t\t\t\t\t\t<p class=\"funktion\">Bundestagsabgeordnete<\/p>\t\t\t\t\t\t\t\t\t\t<p class=\"short\">Sprecherin f\u00fcr Drogenpolitik und Gesundheitsf\u00f6rderung<\/p>\t\t\t\t\t\t\t\t\t\t\n\t\t\t\t\t\t\t\t\t\t<p class=\"contact\">\n\t\t\t\t\t\t\t\t\t\t\t<a href=\"https:\/\/kappertgonther.de\/\" title=\"Zur Website von Kirsten Kappert-Gonther\"><i class=\"fa fa-globe\"><\/i><\/a>\t\t\t\t\t\t\t\t\t\t\t<a href=\"https:\/\/www.facebook.com\/KappertGonther\/\" title=\"Zum Facebook-Profil von Kirsten Kappert-Gonther\"><i class=\"fa fa-thumbs-o-up\"><\/i><\/a>\t\t\t\t\t\t\t\t\t\t\t<a href=\"https:\/\/twitter.com\/KirstenKappert\" title=\"Zum Twitter-Acccount von Kirsten Kappert-Gonther\"><i class=\"fa fa-twitter\"><\/i><\/a>\t\t\t\t\t\t\t\t\t\t\t\t\t\t\t\t\t\t\t\t\t\t<a href=\"mailto:&#107;&#105;&#114;&#115;ten.kappe&#114;t&#45;&#103;on&#116;her&#64;bunde&#115;ta&#103;.de\" title=\"Schreibe Kirsten Kappert-Gonther eine E-Mail\"><i class=\"fa fa-envelope-o\"><\/i><\/a>\t\t\t\t\t\t\t\t\t\t\t\n\t\t\t\t\t\t\t\t\t\t<\/p>\n\t\t\t\t\t\t\t\t\t\t\t\t\t\t\t\t\t\t\t\n\t\t\t\t\t\t\t\t\t<\/section>\n\t\t\t\t\t\t\t\t\n\n\t\t\t\t\t\t\t\t<\/article> \t\t\t<\/section>\r\n\r\n\r\n\r\n\t<\/p>\n<\/div>\n<\/div><script>jQuery(document).ready(function() { RESPONSIVEUI.responsiveTabs(); }) <\/script>\n","protected":false},"excerpt":{"rendered":"","protected":false},"author":248,"featured_media":0,"parent":0,"menu_order":0,"comment_status":"closed","ping_status":"closed","template":"","meta":{"footnotes":""},"class_list":["post-13850","page","type-page","status-publish","hentry"],"_links":{"self":[{"href":"https:\/\/wordpress44.gcms.verdigado.net\/alteseite\/wp-json\/wp\/v2\/pages\/13850","targetHints":{"allow":["GET"]}}],"collection":[{"href":"https:\/\/wordpress44.gcms.verdigado.net\/alteseite\/wp-json\/wp\/v2\/pages"}],"about":[{"href":"https:\/\/wordpress44.gcms.verdigado.net\/alteseite\/wp-json\/wp\/v2\/types\/page"}],"author":[{"embeddable":true,"href":"https:\/\/wordpress44.gcms.verdigado.net\/alteseite\/wp-json\/wp\/v2\/users\/248"}],"replies":[{"embeddable":true,"href":"https:\/\/wordpress44.gcms.verdigado.net\/alteseite\/wp-json\/wp\/v2\/comments?post=13850"}],"version-history":[{"count":21,"href":"https:\/\/wordpress44.gcms.verdigado.net\/alteseite\/wp-json\/wp\/v2\/pages\/13850\/revisions"}],"predecessor-version":[{"id":13873,"href":"https:\/\/wordpress44.gcms.verdigado.net\/alteseite\/wp-json\/wp\/v2\/pages\/13850\/revisions\/13873"}],"wp:attachment":[{"href":"https:\/\/wordpress44.gcms.verdigado.net\/alteseite\/wp-json\/wp\/v2\/media?parent=13850"}],"curies":[{"name":"wp","href":"https:\/\/api.w.org\/{rel}","templated":true}]}}