{"id":130,"date":"2019-04-25T10:44:25","date_gmt":"2019-04-25T08:44:25","guid":{"rendered":"https:\/\/jkb-bremen.kunden.greenq.de\/?page_id=130"},"modified":"2019-04-25T10:44:25","modified_gmt":"2019-04-25T08:44:25","slug":"landesvorstand","status":"publish","type":"page","link":"https:\/\/wordpress44.gcms.verdigado.net\/alteseite\/partei\/landesvorstand\/","title":{"rendered":"Landesvorstand"},"content":{"rendered":"<p>&nbsp;<\/p>\n<p class=\"intro\">Der Landesvorstand vertritt die den Gr\u00fcnen Landesverband Bremen nach innen und au\u00dfen. Er handelt dabei auf Grundlage der Beschl\u00fcsse der Parteiorgane. Er besteht aus dem gesch\u00e4ftsf\u00fchrenden Landesvorstand (GLaVo) und weiteren Mitgliedern. Die beiden Sprecher*innen sind f\u00fcr die politische Au\u00dfendarstellung der Landespartei verantwortlich.<\/p>\n<p>&nbsp;<\/p>\n<h2>Unser Gesch\u00e4ftsf\u00fchrender Landesvorstand<\/h2>\n<p>&nbsp;<\/p>\n\t\r\n\t<section class=\"personen-list mandate-list clearfix\">\r\n\t\t<\/section>\r\n\r\n\r\n\r\n\t\n<p>&nbsp;<\/p>\n<h2>Unsere Mitglieder im Landesvorstand<\/h2>\n<p>&nbsp;<\/p>\n\t\r\n\t<section class=\"personen-list mandate-list clearfix\">\r\n\t\t\t\t\t\t\t\t\t\t\t <article id=\"post-15322\" class=\"clearfix post-15322 person type-person status-publish has-post-thumbnail hentry abteilung-lavo\" role=\"article\">\n\t\t\t\t\t\t\t\t    \t\t\t\t\t\t\t\t\t\t\t<img loading=\"lazy\" decoding=\"async\" width=\"500\" height=\"500\" src=\"https:\/\/wordpress44.gcms.verdigado.net\/alteseite\/wp-content\/uploads\/sites\/64\/2024\/03\/Christian-Neuhaeuser-500x500.jpg\" class=\"attachment-thumbnail size-thumbnail wp-post-image\" alt=\"\" srcset=\"https:\/\/wordpress44.gcms.verdigado.net\/alteseite\/wp-content\/uploads\/sites\/64\/2024\/03\/Christian-Neuhaeuser-500x500.jpg 500w, https:\/\/wordpress44.gcms.verdigado.net\/alteseite\/wp-content\/uploads\/sites\/64\/2024\/03\/Christian-Neuhaeuser-300x300.jpg 300w\" sizes=\"auto, (max-width: 500px) 100vw, 500px\" \/>\t\t\t\t\t\t\t\t\t\t\t\t\t\t\t\t\t \n\t\t\t\t\t\t\t\t \n\t\t\t\t\t\t\t\t\t\t\t\t\t\t\t\t\t \n\t\t\t\t\t\t\t\t\t <header class=\"article-header\">\t\t\t\t\t\t\t\n\t\t\t\t\t\t\t\t\t\t <h3>Christian Neuh\u00e4user<\/h3>\n\t\t\t\t\t\t\t\t\t<\/header>\n\t\t\t\t\t\t\t\t\t\t\t\t\t\t\t\t\t\n\t\t\t\t\t\t\t\t\n\t\t\t\t\t\t\t\t\t<section class=\"entry-content\">\n\t\t\t\t\t\t\t\t\t\t\n\t\t\t\t\t\t\t\t\t\t\n\t\t\t\t\t\t\t\t\t\t\t\t\t\t\t\t\t\t\t\t<p class=\"contact\">\n\t\t\t\t\t\t\t\t\t\t\t\t\t\t\t\t\t\t\t\t\t\t\t\t\t\t\t\t\t\t\t\t\t\t\t\t\t\t\t\t\t\t\t\t\t\t\t\t\t\t\t\t\t\t\t<a href=\"mailto:chris&#116;&#105;an.n&#101;&#117;&#104;ae&#117;se&#114;&#64;g&#114;&#117;en&#101;-bre&#109;e&#114;&#104;av&#101;n.&#100;e\" title=\"Schreibe Christian Neuh\u00e4user eine E-Mail\"><i class=\"fa fa-envelope-o\"><\/i><\/a>\t\t\t\t\t\t\t\t\t\t\t\n\t\t\t\t\t\t\t\t\t\t<\/p>\n\t\t\t\t\t\t\t\t\t\t\n\t\t\t\t\t\t\t\t\t\t\t\t\t\t\t\t\t\t\t\n\t\t\t\t\t\t\t\t\t<\/section>\n\t\t\t\t\t\t\t\t\n\n\t\t\t\t\t\t\t\t<\/article> \t\t\t\t\t\t\t\t\t\t\t\t <article id=\"post-14119\" class=\"clearfix post-14119 person type-person status-publish has-post-thumbnail hentry abteilung-lavo\" role=\"article\">\n\t\t\t\t\t\t\t\t    \t\t\t\t\t\t\t\t\t\t\t<img loading=\"lazy\" decoding=\"async\" width=\"500\" height=\"500\" src=\"https:\/\/wordpress44.gcms.verdigado.net\/alteseite\/wp-content\/uploads\/sites\/64\/2023\/10\/Franziska-Tell-Portraet-Portraet-1000x1000-1-500x500.jpg\" class=\"attachment-thumbnail size-thumbnail wp-post-image\" alt=\"\" srcset=\"https:\/\/wordpress44.gcms.verdigado.net\/alteseite\/wp-content\/uploads\/sites\/64\/2023\/10\/Franziska-Tell-Portraet-Portraet-1000x1000-1-500x500.jpg 500w, https:\/\/wordpress44.gcms.verdigado.net\/alteseite\/wp-content\/uploads\/sites\/64\/2023\/10\/Franziska-Tell-Portraet-Portraet-1000x1000-1-400x400.jpg 400w, https:\/\/wordpress44.gcms.verdigado.net\/alteseite\/wp-content\/uploads\/sites\/64\/2023\/10\/Franziska-Tell-Portraet-Portraet-1000x1000-1-768x768.jpg 768w, https:\/\/wordpress44.gcms.verdigado.net\/alteseite\/wp-content\/uploads\/sites\/64\/2023\/10\/Franziska-Tell-Portraet-Portraet-1000x1000-1-300x300.jpg 300w, https:\/\/wordpress44.gcms.verdigado.net\/alteseite\/wp-content\/uploads\/sites\/64\/2023\/10\/Franziska-Tell-Portraet-Portraet-1000x1000-1-900x900.jpg 900w, https:\/\/wordpress44.gcms.verdigado.net\/alteseite\/wp-content\/uploads\/sites\/64\/2023\/10\/Franziska-Tell-Portraet-Portraet-1000x1000-1.jpg 1000w\" sizes=\"auto, (max-width: 500px) 100vw, 500px\" \/>\t\t\t\t\t\t\t\t\t\t\t\t\t\t\t\t\t \n\t\t\t\t\t\t\t\t \n\t\t\t\t\t\t\t\t\t\t\t\t\t\t\t\t\t \n\t\t\t\t\t\t\t\t\t <header class=\"article-header\">\t\t\t\t\t\t\t\n\t\t\t\t\t\t\t\t\t\t <h3>Franziska Tell<\/h3>\n\t\t\t\t\t\t\t\t\t<\/header>\n\t\t\t\t\t\t\t\t\t\t\t\t\t\t\t\t\t\n\t\t\t\t\t\t\t\t\n\t\t\t\t\t\t\t\t\t<section class=\"entry-content\">\n\t\t\t\t\t\t\t\t\t\t\n\t\t\t\t\t\t\t\t\t\t\n\t\t\t\t\t\t\t\t\t\t<p class=\"short\">Landesvorstandssprecherin<\/p>\t\t\t\t\t\t\t\t\t\t<p class=\"contact\">\n\t\t\t\t\t\t\t\t\t\t\t\t\t\t\t\t\t\t\t\t\t\t\t\t\t\t\t\t\t\t\t\t\t\t\t\t\t\t\t\t\t\t\t\t<a href=\"https:\/\/www.instagram.com\/franziska_tell\/\" title=\"Zum Instagram-Profil von Franziska Tell\"><i class=\"fa fa-instagram\"><\/i><\/a>\t\t\t\t\t\t\t\t\t\t\t<a href=\"mailto:&#102;&#114;&#97;&#110;&#122;i&#115;ka.&#116;ell&#64;gru&#101;ne&#45;&#98;re&#109;en.de\" title=\"Schreibe Franziska Tell eine E-Mail\"><i class=\"fa fa-envelope-o\"><\/i><\/a>\t\t\t\t\t\t\t\t\t\t\t\n\t\t\t\t\t\t\t\t\t\t<\/p>\n\t\t\t\t\t\t\t\t\t\t\n\t\t\t\t\t\t\t\t\t\t\t\t\t\t\t\t\t\t\t\n\t\t\t\t\t\t\t\t\t<\/section>\n\t\t\t\t\t\t\t\t\n\n\t\t\t\t\t\t\t\t<\/article> \t\t\t\t\t\t\t\t\t\t\t\t <article id=\"post-14121\" class=\"clearfix post-14121 person type-person status-publish has-post-thumbnail hentry abteilung-lavo\" role=\"article\">\n\t\t\t\t\t\t\t\t    \t\t\t\t\t\t\t\t\t\t\t<img loading=\"lazy\" decoding=\"async\" width=\"500\" height=\"500\" src=\"https:\/\/wordpress44.gcms.verdigado.net\/alteseite\/wp-content\/uploads\/sites\/64\/2023\/10\/Marek-Helsner-Portraet-1000x1000-1-500x500.jpg\" class=\"attachment-thumbnail size-thumbnail wp-post-image\" alt=\"\" srcset=\"https:\/\/wordpress44.gcms.verdigado.net\/alteseite\/wp-content\/uploads\/sites\/64\/2023\/10\/Marek-Helsner-Portraet-1000x1000-1-500x500.jpg 500w, https:\/\/wordpress44.gcms.verdigado.net\/alteseite\/wp-content\/uploads\/sites\/64\/2023\/10\/Marek-Helsner-Portraet-1000x1000-1-400x400.jpg 400w, https:\/\/wordpress44.gcms.verdigado.net\/alteseite\/wp-content\/uploads\/sites\/64\/2023\/10\/Marek-Helsner-Portraet-1000x1000-1-768x768.jpg 768w, https:\/\/wordpress44.gcms.verdigado.net\/alteseite\/wp-content\/uploads\/sites\/64\/2023\/10\/Marek-Helsner-Portraet-1000x1000-1-300x300.jpg 300w, https:\/\/wordpress44.gcms.verdigado.net\/alteseite\/wp-content\/uploads\/sites\/64\/2023\/10\/Marek-Helsner-Portraet-1000x1000-1-900x900.jpg 900w, https:\/\/wordpress44.gcms.verdigado.net\/alteseite\/wp-content\/uploads\/sites\/64\/2023\/10\/Marek-Helsner-Portraet-1000x1000-1.jpg 1000w\" sizes=\"auto, (max-width: 500px) 100vw, 500px\" \/>\t\t\t\t\t\t\t\t\t\t\t\t\t\t\t\t\t \n\t\t\t\t\t\t\t\t \n\t\t\t\t\t\t\t\t\t\t\t\t\t\t\t\t\t \n\t\t\t\t\t\t\t\t\t <header class=\"article-header\">\t\t\t\t\t\t\t\n\t\t\t\t\t\t\t\t\t\t <h3>Marek Helsner<\/h3>\n\t\t\t\t\t\t\t\t\t<\/header>\n\t\t\t\t\t\t\t\t\t\t\t\t\t\t\t\t\t\n\t\t\t\t\t\t\t\t\n\t\t\t\t\t\t\t\t\t<section class=\"entry-content\">\n\t\t\t\t\t\t\t\t\t\t\n\t\t\t\t\t\t\t\t\t\t\n\t\t\t\t\t\t\t\t\t\t<p class=\"short\">Landesvorstandssprecher<\/p>\t\t\t\t\t\t\t\t\t\t<p class=\"contact\">\n\t\t\t\t\t\t\t\t\t\t\t\t\t\t\t\t\t\t\t\t\t\t\t\t\t\t\t\t\t\t\t\t\t\t\t\t\t\t\t\t\t\t\t\t\t\t\t\t\t\t\t\t\t\t\t<a href=\"mailto:&#109;&#97;r&#101;k&#46;&#104;e&#108;&#115;n&#101;&#114;&#64;gru&#101;ne&#45;b&#114;&#101;me&#110;&#46;&#100;e\" title=\"Schreibe Marek Helsner eine E-Mail\"><i class=\"fa fa-envelope-o\"><\/i><\/a>\t\t\t\t\t\t\t\t\t\t\t\n\t\t\t\t\t\t\t\t\t\t<\/p>\n\t\t\t\t\t\t\t\t\t\t\n\t\t\t\t\t\t\t\t\t\t\t\t\t\t\t\t\t\t\t\n\t\t\t\t\t\t\t\t\t<\/section>\n\t\t\t\t\t\t\t\t\n\n\t\t\t\t\t\t\t\t<\/article> \t\t\t\t\t\t\t\t\t\t\t\t <article id=\"post-14123\" class=\"clearfix post-14123 person type-person status-publish has-post-thumbnail hentry abteilung-lavo\" role=\"article\">\n\t\t\t\t\t\t\t\t    \t\t\t\t\t\t\t\t\t\t\t<img loading=\"lazy\" decoding=\"async\" width=\"500\" height=\"500\" src=\"https:\/\/wordpress44.gcms.verdigado.net\/alteseite\/wp-content\/uploads\/sites\/64\/2023\/10\/Marlin-Meier-Portraet-1000x1000-1-500x500.jpg\" class=\"attachment-thumbnail size-thumbnail wp-post-image\" alt=\"\" srcset=\"https:\/\/wordpress44.gcms.verdigado.net\/alteseite\/wp-content\/uploads\/sites\/64\/2023\/10\/Marlin-Meier-Portraet-1000x1000-1-500x500.jpg 500w, https:\/\/wordpress44.gcms.verdigado.net\/alteseite\/wp-content\/uploads\/sites\/64\/2023\/10\/Marlin-Meier-Portraet-1000x1000-1-400x400.jpg 400w, https:\/\/wordpress44.gcms.verdigado.net\/alteseite\/wp-content\/uploads\/sites\/64\/2023\/10\/Marlin-Meier-Portraet-1000x1000-1-768x768.jpg 768w, https:\/\/wordpress44.gcms.verdigado.net\/alteseite\/wp-content\/uploads\/sites\/64\/2023\/10\/Marlin-Meier-Portraet-1000x1000-1-300x300.jpg 300w, https:\/\/wordpress44.gcms.verdigado.net\/alteseite\/wp-content\/uploads\/sites\/64\/2023\/10\/Marlin-Meier-Portraet-1000x1000-1-900x900.jpg 900w, https:\/\/wordpress44.gcms.verdigado.net\/alteseite\/wp-content\/uploads\/sites\/64\/2023\/10\/Marlin-Meier-Portraet-1000x1000-1.jpg 1000w\" sizes=\"auto, (max-width: 500px) 100vw, 500px\" \/>\t\t\t\t\t\t\t\t\t\t\t\t\t\t\t\t\t \n\t\t\t\t\t\t\t\t \n\t\t\t\t\t\t\t\t\t\t\t\t\t\t\t\t\t \n\t\t\t\t\t\t\t\t\t <header class=\"article-header\">\t\t\t\t\t\t\t\n\t\t\t\t\t\t\t\t\t\t <h3>Marlin Meier<\/h3>\n\t\t\t\t\t\t\t\t\t<\/header>\n\t\t\t\t\t\t\t\t\t\t\t\t\t\t\t\t\t\n\t\t\t\t\t\t\t\t\n\t\t\t\t\t\t\t\t\t<section class=\"entry-content\">\n\t\t\t\t\t\t\t\t\t\t\n\t\t\t\t\t\t\t\t\t\t\n\t\t\t\t\t\t\t\t\t\t<p class=\"short\">Landesschatzmeister<\/p>\t\t\t\t\t\t\t\t\t\t<p class=\"contact\">\n\t\t\t\t\t\t\t\t\t\t\t\t\t\t\t\t\t\t\t\t\t\t\t\t\t\t\t\t\t\t\t\t\t\t\t\t\t\t\t\t\t\t\t\t\t\t\t\t\t\t\t\t\t\t\t<a href=\"mailto:m&#97;rl&#105;n.me&#105;er&#64;&#103;&#114;u&#101;&#110;e&#45;&#98;r&#101;&#109;e&#110;&#46;de\" title=\"Schreibe Marlin Meier eine E-Mail\"><i class=\"fa fa-envelope-o\"><\/i><\/a>\t\t\t\t\t\t\t\t\t\t\t\n\t\t\t\t\t\t\t\t\t\t<\/p>\n\t\t\t\t\t\t\t\t\t\t\n\t\t\t\t\t\t\t\t\t\t\t\t\t\t\t\t\t\t\t\n\t\t\t\t\t\t\t\t\t<\/section>\n\t\t\t\t\t\t\t\t\n\n\t\t\t\t\t\t\t\t<\/article> \t\t\t\t\t\t\t\t\t\t\t\t <article id=\"post-14125\" class=\"clearfix post-14125 person type-person status-publish has-post-thumbnail hentry abteilung-lavo\" role=\"article\">\n\t\t\t\t\t\t\t\t    \t\t\t\t\t\t\t\t\t\t\t<img loading=\"lazy\" decoding=\"async\" width=\"500\" height=\"500\" src=\"https:\/\/wordpress44.gcms.verdigado.net\/alteseite\/wp-content\/uploads\/sites\/64\/2023\/10\/Josephine-Assmus-Portraet-1000x1000-1-500x500.jpg\" class=\"attachment-thumbnail size-thumbnail wp-post-image\" alt=\"\" srcset=\"https:\/\/wordpress44.gcms.verdigado.net\/alteseite\/wp-content\/uploads\/sites\/64\/2023\/10\/Josephine-Assmus-Portraet-1000x1000-1-500x500.jpg 500w, https:\/\/wordpress44.gcms.verdigado.net\/alteseite\/wp-content\/uploads\/sites\/64\/2023\/10\/Josephine-Assmus-Portraet-1000x1000-1-400x400.jpg 400w, https:\/\/wordpress44.gcms.verdigado.net\/alteseite\/wp-content\/uploads\/sites\/64\/2023\/10\/Josephine-Assmus-Portraet-1000x1000-1-768x768.jpg 768w, https:\/\/wordpress44.gcms.verdigado.net\/alteseite\/wp-content\/uploads\/sites\/64\/2023\/10\/Josephine-Assmus-Portraet-1000x1000-1-300x300.jpg 300w, https:\/\/wordpress44.gcms.verdigado.net\/alteseite\/wp-content\/uploads\/sites\/64\/2023\/10\/Josephine-Assmus-Portraet-1000x1000-1-900x900.jpg 900w, https:\/\/wordpress44.gcms.verdigado.net\/alteseite\/wp-content\/uploads\/sites\/64\/2023\/10\/Josephine-Assmus-Portraet-1000x1000-1.jpg 1000w\" sizes=\"auto, (max-width: 500px) 100vw, 500px\" \/>\t\t\t\t\t\t\t\t\t\t\t\t\t\t\t\t\t \n\t\t\t\t\t\t\t\t \n\t\t\t\t\t\t\t\t\t\t\t\t\t\t\t\t\t \n\t\t\t\t\t\t\t\t\t <header class=\"article-header\">\t\t\t\t\t\t\t\n\t\t\t\t\t\t\t\t\t\t <h3>Josephine Assmus<\/h3>\n\t\t\t\t\t\t\t\t\t<\/header>\n\t\t\t\t\t\t\t\t\t\t\t\t\t\t\t\t\t\n\t\t\t\t\t\t\t\t\n\t\t\t\t\t\t\t\t\t<section class=\"entry-content\">\n\t\t\t\t\t\t\t\t\t\t\n\t\t\t\t\t\t\t\t\t\t\n\t\t\t\t\t\t\t\t\t\t\t\t\t\t\t\t\t\t\t\t<p class=\"contact\">\n\t\t\t\t\t\t\t\t\t\t\t\t\t\t\t\t\t\t\t\t\t\t\t\t\t\t\t\t\t\t\t\t\t\t\t\t\t\t\t\t\t\t\t\t\t\t\t\t\t\t\t\t\t\t\t<a href=\"mailto:jos&#101;ph&#105;&#110;e.as&#115;m&#117;&#115;&#64;&#103;ruene-b&#114;emen.&#100;e\" title=\"Schreibe Josephine Assmus eine E-Mail\"><i class=\"fa fa-envelope-o\"><\/i><\/a>\t\t\t\t\t\t\t\t\t\t\t\n\t\t\t\t\t\t\t\t\t\t<\/p>\n\t\t\t\t\t\t\t\t\t\t\n\t\t\t\t\t\t\t\t\t\t\t\t\t\t\t\t\t\t\t\n\t\t\t\t\t\t\t\t\t<\/section>\n\t\t\t\t\t\t\t\t\n\n\t\t\t\t\t\t\t\t<\/article> \t\t\t\t\t\t\t\t\t\t\t\t <article id=\"post-14127\" class=\"clearfix post-14127 person type-person status-publish has-post-thumbnail hentry abteilung-lavo\" role=\"article\">\n\t\t\t\t\t\t\t\t    \t\t\t\t\t\t\t\t\t\t\t<img loading=\"lazy\" decoding=\"async\" width=\"500\" height=\"500\" src=\"https:\/\/wordpress44.gcms.verdigado.net\/alteseite\/wp-content\/uploads\/sites\/64\/2023\/10\/Sarah-Dilbat-Portraet-Portraet-1000x1000-1-500x500.jpg\" class=\"attachment-thumbnail size-thumbnail wp-post-image\" alt=\"\" srcset=\"https:\/\/wordpress44.gcms.verdigado.net\/alteseite\/wp-content\/uploads\/sites\/64\/2023\/10\/Sarah-Dilbat-Portraet-Portraet-1000x1000-1-500x500.jpg 500w, https:\/\/wordpress44.gcms.verdigado.net\/alteseite\/wp-content\/uploads\/sites\/64\/2023\/10\/Sarah-Dilbat-Portraet-Portraet-1000x1000-1-400x400.jpg 400w, https:\/\/wordpress44.gcms.verdigado.net\/alteseite\/wp-content\/uploads\/sites\/64\/2023\/10\/Sarah-Dilbat-Portraet-Portraet-1000x1000-1-768x768.jpg 768w, https:\/\/wordpress44.gcms.verdigado.net\/alteseite\/wp-content\/uploads\/sites\/64\/2023\/10\/Sarah-Dilbat-Portraet-Portraet-1000x1000-1-300x300.jpg 300w, https:\/\/wordpress44.gcms.verdigado.net\/alteseite\/wp-content\/uploads\/sites\/64\/2023\/10\/Sarah-Dilbat-Portraet-Portraet-1000x1000-1-900x900.jpg 900w, https:\/\/wordpress44.gcms.verdigado.net\/alteseite\/wp-content\/uploads\/sites\/64\/2023\/10\/Sarah-Dilbat-Portraet-Portraet-1000x1000-1.jpg 1000w\" sizes=\"auto, (max-width: 500px) 100vw, 500px\" \/>\t\t\t\t\t\t\t\t\t\t\t\t\t\t\t\t\t \n\t\t\t\t\t\t\t\t \n\t\t\t\t\t\t\t\t\t\t\t\t\t\t\t\t\t \n\t\t\t\t\t\t\t\t\t <header class=\"article-header\">\t\t\t\t\t\t\t\n\t\t\t\t\t\t\t\t\t\t <h3>Sarah Dilbat<\/h3>\n\t\t\t\t\t\t\t\t\t<\/header>\n\t\t\t\t\t\t\t\t\t\t\t\t\t\t\t\t\t\n\t\t\t\t\t\t\t\t\n\t\t\t\t\t\t\t\t\t<section class=\"entry-content\">\n\t\t\t\t\t\t\t\t\t\t\n\t\t\t\t\t\t\t\t\t\t\n\t\t\t\t\t\t\t\t\t\t\t\t\t\t\t\t\t\t\t\t<p class=\"contact\">\n\t\t\t\t\t\t\t\t\t\t\t\t\t\t\t\t\t\t\t\t\t\t\t\t\t\t\t\t\t\t\t\t\t\t\t\t\t\t\t\t\t\t\t\t\t\t\t\t\t\t\t\t\t\t\t<a href=\"mailto:&#115;a&#114;&#97;&#104;.&#100;il&#98;a&#116;&#64;&#103;&#114;uene&#45;br&#101;men.d&#101;\" title=\"Schreibe Sarah Dilbat eine E-Mail\"><i class=\"fa fa-envelope-o\"><\/i><\/a>\t\t\t\t\t\t\t\t\t\t\t\n\t\t\t\t\t\t\t\t\t\t<\/p>\n\t\t\t\t\t\t\t\t\t\t\n\t\t\t\t\t\t\t\t\t\t\t\t\t\t\t\t\t\t\t\n\t\t\t\t\t\t\t\t\t<\/section>\n\t\t\t\t\t\t\t\t\n\n\t\t\t\t\t\t\t\t<\/article> \t\t\t\t\t\t\t\t\t\t\t\t <article id=\"post-14129\" class=\"clearfix post-14129 person type-person status-publish has-post-thumbnail hentry abteilung-lavo\" role=\"article\">\n\t\t\t\t\t\t\t\t    \t\t\t\t\t\t\t\t\t\t\t<img loading=\"lazy\" decoding=\"async\" width=\"500\" height=\"500\" src=\"https:\/\/wordpress44.gcms.verdigado.net\/alteseite\/wp-content\/uploads\/sites\/64\/2023\/10\/Lena-Kramer-Portraet-1000x1000-1-500x500.jpg\" class=\"attachment-thumbnail size-thumbnail wp-post-image\" alt=\"\" srcset=\"https:\/\/wordpress44.gcms.verdigado.net\/alteseite\/wp-content\/uploads\/sites\/64\/2023\/10\/Lena-Kramer-Portraet-1000x1000-1-500x500.jpg 500w, https:\/\/wordpress44.gcms.verdigado.net\/alteseite\/wp-content\/uploads\/sites\/64\/2023\/10\/Lena-Kramer-Portraet-1000x1000-1-400x400.jpg 400w, https:\/\/wordpress44.gcms.verdigado.net\/alteseite\/wp-content\/uploads\/sites\/64\/2023\/10\/Lena-Kramer-Portraet-1000x1000-1-768x768.jpg 768w, https:\/\/wordpress44.gcms.verdigado.net\/alteseite\/wp-content\/uploads\/sites\/64\/2023\/10\/Lena-Kramer-Portraet-1000x1000-1-300x300.jpg 300w, https:\/\/wordpress44.gcms.verdigado.net\/alteseite\/wp-content\/uploads\/sites\/64\/2023\/10\/Lena-Kramer-Portraet-1000x1000-1-900x900.jpg 900w, https:\/\/wordpress44.gcms.verdigado.net\/alteseite\/wp-content\/uploads\/sites\/64\/2023\/10\/Lena-Kramer-Portraet-1000x1000-1.jpg 1000w\" sizes=\"auto, (max-width: 500px) 100vw, 500px\" \/>\t\t\t\t\t\t\t\t\t\t\t\t\t\t\t\t\t \n\t\t\t\t\t\t\t\t \n\t\t\t\t\t\t\t\t\t\t\t\t\t\t\t\t\t \n\t\t\t\t\t\t\t\t\t <header class=\"article-header\">\t\t\t\t\t\t\t\n\t\t\t\t\t\t\t\t\t\t <h3>Lena Kramer<\/h3>\n\t\t\t\t\t\t\t\t\t<\/header>\n\t\t\t\t\t\t\t\t\t\t\t\t\t\t\t\t\t\n\t\t\t\t\t\t\t\t\n\t\t\t\t\t\t\t\t\t<section class=\"entry-content\">\n\t\t\t\t\t\t\t\t\t\t\n\t\t\t\t\t\t\t\t\t\t\n\t\t\t\t\t\t\t\t\t\t\t\t\t\t\t\t\t\t\t\t<p class=\"contact\">\n\t\t\t\t\t\t\t\t\t\t\t\t\t\t\t\t\t\t\t\t\t\t\t\t\t\t\t\t\t\t\t\t\t\t\t\t\t\t\t\t\t\t\t\t\t\t\t\t\t\t\t\t\t\t\t<a href=\"mailto:&#108;en&#97;&#46;k&#114;a&#109;&#101;r&#64;&#103;&#114;&#117;en&#101;&#45;br&#101;&#109;&#101;n&#46;&#100;e\" title=\"Schreibe Lena Kramer eine E-Mail\"><i class=\"fa fa-envelope-o\"><\/i><\/a>\t\t\t\t\t\t\t\t\t\t\t\n\t\t\t\t\t\t\t\t\t\t<\/p>\n\t\t\t\t\t\t\t\t\t\t\n\t\t\t\t\t\t\t\t\t\t\t\t\t\t\t\t\t\t\t\n\t\t\t\t\t\t\t\t\t<\/section>\n\t\t\t\t\t\t\t\t\n\n\t\t\t\t\t\t\t\t<\/article> \t\t\t\t\t\t\t\t\t\t\t\t <article id=\"post-14131\" class=\"clearfix post-14131 person type-person status-publish has-post-thumbnail hentry abteilung-lavo\" role=\"article\">\n\t\t\t\t\t\t\t\t    \t\t\t\t\t\t\t\t\t\t\t<img loading=\"lazy\" decoding=\"async\" width=\"500\" height=\"500\" src=\"https:\/\/wordpress44.gcms.verdigado.net\/alteseite\/wp-content\/uploads\/sites\/64\/2023\/10\/Joris-Immenhauser-Portraet-1000x1000-1-500x500.jpg\" class=\"attachment-thumbnail size-thumbnail wp-post-image\" alt=\"\" srcset=\"https:\/\/wordpress44.gcms.verdigado.net\/alteseite\/wp-content\/uploads\/sites\/64\/2023\/10\/Joris-Immenhauser-Portraet-1000x1000-1-500x500.jpg 500w, https:\/\/wordpress44.gcms.verdigado.net\/alteseite\/wp-content\/uploads\/sites\/64\/2023\/10\/Joris-Immenhauser-Portraet-1000x1000-1-400x400.jpg 400w, https:\/\/wordpress44.gcms.verdigado.net\/alteseite\/wp-content\/uploads\/sites\/64\/2023\/10\/Joris-Immenhauser-Portraet-1000x1000-1-768x768.jpg 768w, https:\/\/wordpress44.gcms.verdigado.net\/alteseite\/wp-content\/uploads\/sites\/64\/2023\/10\/Joris-Immenhauser-Portraet-1000x1000-1-300x300.jpg 300w, https:\/\/wordpress44.gcms.verdigado.net\/alteseite\/wp-content\/uploads\/sites\/64\/2023\/10\/Joris-Immenhauser-Portraet-1000x1000-1-900x900.jpg 900w, https:\/\/wordpress44.gcms.verdigado.net\/alteseite\/wp-content\/uploads\/sites\/64\/2023\/10\/Joris-Immenhauser-Portraet-1000x1000-1.jpg 1000w\" sizes=\"auto, (max-width: 500px) 100vw, 500px\" \/>\t\t\t\t\t\t\t\t\t\t\t\t\t\t\t\t\t \n\t\t\t\t\t\t\t\t \n\t\t\t\t\t\t\t\t\t\t\t\t\t\t\t\t\t \n\t\t\t\t\t\t\t\t\t <header class=\"article-header\">\t\t\t\t\t\t\t\n\t\t\t\t\t\t\t\t\t\t <h3>Joris Immenhauser<\/h3>\n\t\t\t\t\t\t\t\t\t<\/header>\n\t\t\t\t\t\t\t\t\t\t\t\t\t\t\t\t\t\n\t\t\t\t\t\t\t\t\n\t\t\t\t\t\t\t\t\t<section class=\"entry-content\">\n\t\t\t\t\t\t\t\t\t\t\n\t\t\t\t\t\t\t\t\t\t\n\t\t\t\t\t\t\t\t\t\t\t\t\t\t\t\t\t\t\t\t<p class=\"contact\">\n\t\t\t\t\t\t\t\t\t\t\t\t\t\t\t\t\t\t\t\t\t\t\t\t\t\t\t\t\t\t\t\t\t\t\t\t\t\t\t\t\t\t\t\t\t\t\t\t\t\t\t\t\t\t\t<a href=\"mailto:jo&#114;&#105;&#115;.imm&#101;n&#104;aus&#101;r&#64;grue&#110;e&#45;&#98;&#114;&#101;me&#110;&#46;&#100;&#101;\" title=\"Schreibe Joris Immenhauser eine E-Mail\"><i class=\"fa fa-envelope-o\"><\/i><\/a>\t\t\t\t\t\t\t\t\t\t\t\n\t\t\t\t\t\t\t\t\t\t<\/p>\n\t\t\t\t\t\t\t\t\t\t\n\t\t\t\t\t\t\t\t\t\t\t\t\t\t\t\t\t\t\t\n\t\t\t\t\t\t\t\t\t<\/section>\n\t\t\t\t\t\t\t\t\n\n\t\t\t\t\t\t\t\t<\/article> \t\t\t<\/section>\r\n\r\n\r\n\r\n\t\n","protected":false},"excerpt":{"rendered":"<p>&nbsp; Der Landesvorstand vertritt die den Gr\u00fcnen Landesverband Bremen nach innen und au\u00dfen. Er handelt dabei auf Grundlage der Beschl\u00fcsse der Parteiorgane. Er besteht aus dem gesch\u00e4ftsf\u00fchrenden Landesvorstand (GLaVo) und weiteren Mitgliedern. Die beiden Sprecher*innen sind f\u00fcr die politische Au\u00dfendarstellung der Landespartei verantwortlich. &nbsp; Unser Gesch\u00e4ftsf\u00fchrender Landesvorstand &nbsp; &nbsp; Unsere Mitglieder im Landesvorstand &nbsp;<\/p>\n","protected":false},"author":127,"featured_media":0,"parent":71,"menu_order":2,"comment_status":"closed","ping_status":"closed","template":"page-fullpage.php","meta":{"footnotes":""},"class_list":["post-130","page","type-page","status-publish","hentry"],"_links":{"self":[{"href":"https:\/\/wordpress44.gcms.verdigado.net\/alteseite\/wp-json\/wp\/v2\/pages\/130","targetHints":{"allow":["GET"]}}],"collection":[{"href":"https:\/\/wordpress44.gcms.verdigado.net\/alteseite\/wp-json\/wp\/v2\/pages"}],"about":[{"href":"https:\/\/wordpress44.gcms.verdigado.net\/alteseite\/wp-json\/wp\/v2\/types\/page"}],"author":[{"embeddable":true,"href":"https:\/\/wordpress44.gcms.verdigado.net\/alteseite\/wp-json\/wp\/v2\/users\/127"}],"replies":[{"embeddable":true,"href":"https:\/\/wordpress44.gcms.verdigado.net\/alteseite\/wp-json\/wp\/v2\/comments?post=130"}],"version-history":[{"count":0,"href":"https:\/\/wordpress44.gcms.verdigado.net\/alteseite\/wp-json\/wp\/v2\/pages\/130\/revisions"}],"up":[{"embeddable":true,"href":"https:\/\/wordpress44.gcms.verdigado.net\/alteseite\/wp-json\/wp\/v2\/pages\/71"}],"wp:attachment":[{"href":"https:\/\/wordpress44.gcms.verdigado.net\/alteseite\/wp-json\/wp\/v2\/media?parent=130"}],"curies":[{"name":"wp","href":"https:\/\/api.w.org\/{rel}","templated":true}]}}