{"id":12174,"date":"2023-06-07T11:25:12","date_gmt":"2023-06-07T09:25:12","guid":{"rendered":"https:\/\/gruene-bremen.de\/?page_id=12174"},"modified":"2024-03-04T12:56:59","modified_gmt":"2024-03-04T11:56:59","slug":"landesschiedsgericht","status":"publish","type":"page","link":"https:\/\/wordpress44.gcms.verdigado.net\/alteseite\/partei\/landesschiedsgericht\/","title":{"rendered":"Landesschiedsgericht"},"content":{"rendered":"<p>Das Landesschiedsgericht hat die Aufgabe, auf Antrag Streitigkeiten innerhalb von B\u00dcNDNIS 90\/DIE GR\u00dcNEN Bremen beizulegen. Seine Zust\u00e4ndigkeiten ergeben sich aus der <a href=\"https:\/\/wordpress01.gcms.verdigado.net\/gruene-bremen\/wp-content\/uploads\/sites\/64\/2020\/02\/Landesschiedsordnung-Stand-20191130.pdf\">Landesschiedsordnung<\/a>. Entscheidungen des Landesschiedsgericht k\u00f6nnen vor dem <a href=\"https:\/\/www.gruene.de\/parteistruktur-und-gremien\">Bundesschiedsgericht<\/a> angefochten werden.<\/p>\n<p>Die Mitglieder des Landesschiedsgerichts \u2013 ein*e Vorsitzende*r, zwei weiteren Mitglieder, ein erstes und ein zweites stellvertretendes Mitglied \u2013 werden jeweils f\u00fcr zwei Jahre von der Landesmitgliederversammlung gew\u00e4hlt.<\/p>\n<p>Gegenw\u00e4rtig besteht das Landesschiedsgericht aus<\/p>\n<ul>\n<li>Kirsten Wiese (Vorsitzende)<\/li>\n<li>Astrid Schwerdtfeger\u00a0(Mitglied)<\/li>\n<li>Dagmar Bleiker (Mitglied)<\/li>\n<li>Brunhilde Wilhelm\u00a0(Erstes stellvertretendes Mitglied)<\/li>\n<li>Henning Kempfe (Zweites stellvertretendes Mitglied)<\/li>\n<\/ul>\n<p>Antr\u00e4ge k\u00f6nnen per Email gerichtet werden an<\/p>\n<p><a href=\"mailto:landesschiedsgericht@gruene-bremen.de\">landesschiedsgericht@gruene-bremen.de<\/a><\/p>\n<p>Oder postalisch an<\/p>\n<p>B\u00dcNDNIS 90\/DIE GR\u00dcNEN Bremen<br \/>\nLandesschiedsgericht<br \/>\nAltenwall 25<br \/>\n28195 Bremen<\/p>\n","protected":false},"excerpt":{"rendered":"<p>Das Landesschiedsgericht hat die Aufgabe, auf Antrag Streitigkeiten innerhalb von B\u00dcNDNIS 90\/DIE GR\u00dcNEN Bremen beizulegen. Seine Zust\u00e4ndigkeiten ergeben sich aus der Landesschiedsordnung. Entscheidungen des Landesschiedsgericht k\u00f6nnen vor dem Bundesschiedsgericht angefochten werden. Die Mitglieder des Landesschiedsgerichts \u2013 ein*e Vorsitzende*r, zwei weiteren Mitglieder, ein erstes und ein zweites stellvertretendes Mitglied \u2013 werden jeweils f\u00fcr zwei Jahre von&#8230;<\/p>\n","protected":false},"author":139,"featured_media":0,"parent":71,"menu_order":6,"comment_status":"closed","ping_status":"closed","template":"","meta":{"footnotes":""},"class_list":["post-12174","page","type-page","status-publish","hentry"],"_links":{"self":[{"href":"https:\/\/wordpress44.gcms.verdigado.net\/alteseite\/wp-json\/wp\/v2\/pages\/12174","targetHints":{"allow":["GET"]}}],"collection":[{"href":"https:\/\/wordpress44.gcms.verdigado.net\/alteseite\/wp-json\/wp\/v2\/pages"}],"about":[{"href":"https:\/\/wordpress44.gcms.verdigado.net\/alteseite\/wp-json\/wp\/v2\/types\/page"}],"author":[{"embeddable":true,"href":"https:\/\/wordpress44.gcms.verdigado.net\/alteseite\/wp-json\/wp\/v2\/users\/139"}],"replies":[{"embeddable":true,"href":"https:\/\/wordpress44.gcms.verdigado.net\/alteseite\/wp-json\/wp\/v2\/comments?post=12174"}],"version-history":[{"count":2,"href":"https:\/\/wordpress44.gcms.verdigado.net\/alteseite\/wp-json\/wp\/v2\/pages\/12174\/revisions"}],"predecessor-version":[{"id":15319,"href":"https:\/\/wordpress44.gcms.verdigado.net\/alteseite\/wp-json\/wp\/v2\/pages\/12174\/revisions\/15319"}],"up":[{"embeddable":true,"href":"https:\/\/wordpress44.gcms.verdigado.net\/alteseite\/wp-json\/wp\/v2\/pages\/71"}],"wp:attachment":[{"href":"https:\/\/wordpress44.gcms.verdigado.net\/alteseite\/wp-json\/wp\/v2\/media?parent=12174"}],"curies":[{"name":"wp","href":"https:\/\/api.w.org\/{rel}","templated":true}]}}